{"id":115,"date":"2024-03-14T18:58:03","date_gmt":"2024-03-14T21:58:03","guid":{"rendered":"https:\/\/fixdigital.com.br\/sin2\/?page_id=115"},"modified":"2026-02-13T20:26:21","modified_gmt":"2026-02-13T23:26:21","slug":"boletim","status":"publish","type":"page","link":"https:\/\/sinaten.com.br\/index.php\/boletim\/","title":{"rendered":"Boletim"},"content":{"rendered":"\t\t<div data-elementor-type=\"wp-page\" data-elementor-id=\"115\" class=\"elementor elementor-115\">\n\t\t\t\t\t\t<section class=\"elementor-section elementor-top-section elementor-element elementor-element-74d22fb elementor-section-boxed elementor-section-height-default elementor-section-height-default\" data-id=\"74d22fb\" data-element_type=\"section\" data-e-type=\"section\">\n\t\t\t\t\t\t<div class=\"elementor-container elementor-column-gap-default\">\n\t\t\t\t\t<div class=\"elementor-column elementor-col-33 elementor-top-column elementor-element elementor-element-04f4573\" data-id=\"04f4573\" data-element_type=\"column\" data-e-type=\"column\">\n\t\t\t<div class=\"elementor-widget-wrap elementor-element-populated\">\n\t\t\t\t\t\t<div class=\"elementor-element elementor-element-18d90ac elementor-widget elementor-widget-image\" data-id=\"18d90ac\" data-element_type=\"widget\" data-e-type=\"widget\" data-widget_type=\"image.default\">\n\t\t\t\t<div class=\"elementor-widget-container\">\n\t\t\t\t\t\t\t\t\t\t\t\t\t\t\t<img decoding=\"async\" width=\"220\" height=\"50\" src=\"https:\/\/sinaten.com.br\/wp-content\/uploads\/2023\/06\/Logo-Texto-220x50-1.png\" class=\"attachment-large size-large wp-image-14\" alt=\"\" \/>\t\t\t\t\t\t\t\t\t\t\t\t\t\t\t<\/div>\n\t\t\t\t<\/div>\n\t\t\t\t<div class=\"elementor-element elementor-element-45e30db elementor-widget elementor-widget-text-editor\" data-id=\"45e30db\" data-element_type=\"widget\" data-e-type=\"widget\" data-widget_type=\"text-editor.default\">\n\t\t\t\t<div class=\"elementor-widget-container\">\n\t\t\t\t\t\t\t\t\t<p><strong>Sindicato Nacional dos Terapeutas Naturistas<\/strong><\/p>\t\t\t\t\t\t\t\t<\/div>\n\t\t\t\t<\/div>\n\t\t\t\t\t<\/div>\n\t\t<\/div>\n\t\t\t\t<div class=\"elementor-column elementor-col-33 elementor-top-column elementor-element elementor-element-4e2b872\" data-id=\"4e2b872\" data-element_type=\"column\" data-e-type=\"column\">\n\t\t\t<div class=\"elementor-widget-wrap\">\n\t\t\t\t\t\t\t<\/div>\n\t\t<\/div>\n\t\t\t\t<div class=\"elementor-column elementor-col-33 elementor-top-column elementor-element elementor-element-d2bb671\" data-id=\"d2bb671\" data-element_type=\"column\" data-e-type=\"column\">\n\t\t\t<div class=\"elementor-widget-wrap elementor-element-populated\">\n\t\t\t\t\t\t<div class=\"elementor-element elementor-element-d51bd11 elementor-widget elementor-widget-image\" data-id=\"d51bd11\" data-element_type=\"widget\" data-e-type=\"widget\" data-widget_type=\"image.default\">\n\t\t\t\t<div class=\"elementor-widget-container\">\n\t\t\t\t\t\t\t\t\t\t\t\t\t\t\t<img decoding=\"async\" src=\"https:\/\/sinaten.com.br\/wp-content\/uploads\/elementor\/thumbs\/Logo_SINATEN_Simples-qosrvionyywnrj9hl4pan6c4m0uhmvsk4rfkqqchd4.png\" title=\"Logo_SINATEN_Simples\" alt=\"Logo_SINATEN_Simples\" loading=\"lazy\" \/>\t\t\t\t\t\t\t\t\t\t\t\t\t\t\t<\/div>\n\t\t\t\t<\/div>\n\t\t\t\t\t<\/div>\n\t\t<\/div>\n\t\t\t\t\t<\/div>\n\t\t<\/section>\n\t\t\t\t<section class=\"elementor-section elementor-top-section elementor-element elementor-element-a0608c9 elementor-section-boxed elementor-section-height-default elementor-section-height-default\" data-id=\"a0608c9\" data-element_type=\"section\" data-e-type=\"section\">\n\t\t\t\t\t\t<div class=\"elementor-container elementor-column-gap-default\">\n\t\t\t\t\t<div class=\"elementor-column elementor-col-100 elementor-top-column elementor-element elementor-element-8b07944\" data-id=\"8b07944\" data-element_type=\"column\" data-e-type=\"column\">\n\t\t\t<div class=\"elementor-widget-wrap elementor-element-populated\">\n\t\t\t\t\t\t<div class=\"elementor-element elementor-element-f9a8d5e elementor-nav-menu__align-center elementor-nav-menu--dropdown-tablet elementor-nav-menu__text-align-aside elementor-nav-menu--toggle elementor-nav-menu--burger elementor-widget elementor-widget-nav-menu\" data-id=\"f9a8d5e\" data-element_type=\"widget\" data-e-type=\"widget\" data-settings=\"{&quot;layout&quot;:&quot;horizontal&quot;,&quot;submenu_icon&quot;:{&quot;value&quot;:&quot;&lt;svg class=\\&quot;e-font-icon-svg e-fas-caret-down\\&quot; viewBox=\\&quot;0 0 320 512\\&quot; xmlns=\\&quot;http:\\\/\\\/www.w3.org\\\/2000\\\/svg\\&quot;&gt;&lt;path d=\\&quot;M31.3 192h257.3c17.8 0 26.7 21.5 14.1 34.1L174.1 354.8c-7.8 7.8-20.5 7.8-28.3 0L17.2 226.1C4.6 213.5 13.5 192 31.3 192z\\&quot;&gt;&lt;\\\/path&gt;&lt;\\\/svg&gt;&quot;,&quot;library&quot;:&quot;fa-solid&quot;},&quot;toggle&quot;:&quot;burger&quot;}\" data-widget_type=\"nav-menu.default\">\n\t\t\t\t<div class=\"elementor-widget-container\">\n\t\t\t\t\t\t\t\t<nav migration_allowed=\"1\" migrated=\"0\" class=\"elementor-nav-menu--main elementor-nav-menu__container elementor-nav-menu--layout-horizontal e--pointer-background e--animation-fade\">\n\t\t\t\t<ul id=\"menu-1-f9a8d5e\" class=\"elementor-nav-menu\"><li class=\"menu-item menu-item-type-post_type menu-item-object-page menu-item-home menu-item-244\"><a href=\"https:\/\/sinaten.com.br\/\" class=\"elementor-item\">In\u00edcio<\/a><\/li>\n<li class=\"menu-item menu-item-type-post_type menu-item-object-page menu-item-245\"><a href=\"https:\/\/sinaten.com.br\/index.php\/boletim\/\" class=\"elementor-item\">Boletim<\/a><\/li>\n<li class=\"menu-item menu-item-type-post_type menu-item-object-page menu-item-246\"><a href=\"https:\/\/sinaten.com.br\/index.php\/artigos\/\" class=\"elementor-item\">Artigos<\/a><\/li>\n<li class=\"menu-item menu-item-type-post_type menu-item-object-page menu-item-257\"><a href=\"https:\/\/sinaten.com.br\/index.php\/legislacao\/\" class=\"elementor-item\">Legisla\u00e7\u00e3o<\/a><\/li>\n<li class=\"menu-item menu-item-type-post_type menu-item-object-page menu-item-256\"><a href=\"https:\/\/sinaten.com.br\/index.php\/contato\/\" class=\"elementor-item\">Contato<\/a><\/li>\n<li class=\"menu-item menu-item-type-post_type menu-item-object-page menu-item-247\"><a href=\"https:\/\/sinaten.com.br\/index.php\/filie-se\/\" class=\"elementor-item\">Filie-se<\/a><\/li>\n<\/ul>\t\t\t<\/nav>\n\t\t\t\t\t<div class=\"elementor-menu-toggle\" role=\"button\" tabindex=\"0\" aria-label=\"Menu Toggle\" aria-expanded=\"false\">\n\t\t\t<svg aria-hidden=\"true\" role=\"presentation\" class=\"elementor-menu-toggle__icon--open e-font-icon-svg e-eicon-menu-bar\" viewBox=\"0 0 1000 1000\" xmlns=\"http:\/\/www.w3.org\/2000\/svg\"><path d=\"M104 333H896C929 333 958 304 958 271S929 208 896 208H104C71 208 42 237 42 271S71 333 104 333ZM104 583H896C929 583 958 554 958 521S929 458 896 458H104C71 458 42 487 42 521S71 583 104 583ZM104 833H896C929 833 958 804 958 771S929 708 896 708H104C71 708 42 737 42 771S71 833 104 833Z\"><\/path><\/svg><svg aria-hidden=\"true\" role=\"presentation\" class=\"elementor-menu-toggle__icon--close e-font-icon-svg e-eicon-close\" viewBox=\"0 0 1000 1000\" xmlns=\"http:\/\/www.w3.org\/2000\/svg\"><path d=\"M742 167L500 408 258 167C246 154 233 150 217 150 196 150 179 158 167 167 154 179 150 196 150 212 150 229 154 242 171 254L408 500 167 742C138 771 138 800 167 829 196 858 225 858 254 829L496 587 738 829C750 842 767 846 783 846 800 846 817 842 829 829 842 817 846 804 846 783 846 767 842 750 829 737L588 500 833 258C863 229 863 200 833 171 804 137 775 137 742 167Z\"><\/path><\/svg>\t\t\t<span class=\"elementor-screen-only\">Menu<\/span>\n\t\t<\/div>\n\t\t\t<nav class=\"elementor-nav-menu--dropdown elementor-nav-menu__container\" aria-hidden=\"true\">\n\t\t\t\t<ul id=\"menu-2-f9a8d5e\" class=\"elementor-nav-menu\"><li class=\"menu-item menu-item-type-post_type menu-item-object-page menu-item-home menu-item-244\"><a href=\"https:\/\/sinaten.com.br\/\" class=\"elementor-item\" tabindex=\"-1\">In\u00edcio<\/a><\/li>\n<li class=\"menu-item menu-item-type-post_type menu-item-object-page menu-item-245\"><a href=\"https:\/\/sinaten.com.br\/index.php\/boletim\/\" class=\"elementor-item\" tabindex=\"-1\">Boletim<\/a><\/li>\n<li class=\"menu-item menu-item-type-post_type menu-item-object-page menu-item-246\"><a href=\"https:\/\/sinaten.com.br\/index.php\/artigos\/\" class=\"elementor-item\" tabindex=\"-1\">Artigos<\/a><\/li>\n<li class=\"menu-item menu-item-type-post_type menu-item-object-page menu-item-257\"><a href=\"https:\/\/sinaten.com.br\/index.php\/legislacao\/\" class=\"elementor-item\" tabindex=\"-1\">Legisla\u00e7\u00e3o<\/a><\/li>\n<li class=\"menu-item menu-item-type-post_type menu-item-object-page menu-item-256\"><a href=\"https:\/\/sinaten.com.br\/index.php\/contato\/\" class=\"elementor-item\" tabindex=\"-1\">Contato<\/a><\/li>\n<li class=\"menu-item menu-item-type-post_type menu-item-object-page menu-item-247\"><a href=\"https:\/\/sinaten.com.br\/index.php\/filie-se\/\" class=\"elementor-item\" tabindex=\"-1\">Filie-se<\/a><\/li>\n<\/ul>\t\t\t<\/nav>\n\t\t\t\t\t\t<\/div>\n\t\t\t\t<\/div>\n\t\t\t\t\t<\/div>\n\t\t<\/div>\n\t\t\t\t\t<\/div>\n\t\t<\/section>\n\t\t\t\t<section class=\"elementor-section elementor-top-section elementor-element elementor-element-45686d6 elementor-section-boxed elementor-section-height-default elementor-section-height-default\" data-id=\"45686d6\" data-element_type=\"section\" data-e-type=\"section\">\n\t\t\t\t\t\t<div class=\"elementor-container elementor-column-gap-default\">\n\t\t\t\t\t<div class=\"elementor-column elementor-col-100 elementor-top-column elementor-element elementor-element-e236b99\" data-id=\"e236b99\" data-element_type=\"column\" data-e-type=\"column\">\n\t\t\t<div class=\"elementor-widget-wrap elementor-element-populated\">\n\t\t\t\t\t\t<div class=\"elementor-element elementor-element-2276f0e elementor-tabs-view-vertical elementor-widget elementor-widget-tabs\" data-id=\"2276f0e\" data-element_type=\"widget\" data-e-type=\"widget\" data-widget_type=\"tabs.default\">\n\t\t\t\t<div class=\"elementor-widget-container\">\n\t\t\t\t\t\t\t<div class=\"elementor-tabs\">\n\t\t\t<div class=\"elementor-tabs-wrapper\" role=\"tablist\" >\n\t\t\t\t\t\t\t\t\t<div id=\"elementor-tab-title-3611\" class=\"elementor-tab-title elementor-tab-desktop-title\" aria-selected=\"true\" data-tab=\"1\" role=\"tab\" tabindex=\"0\" aria-controls=\"elementor-tab-content-3611\" aria-expanded=\"false\">Boletim 41<\/div>\n\t\t\t\t\t\t\t\t\t<div id=\"elementor-tab-title-3612\" class=\"elementor-tab-title elementor-tab-desktop-title\" aria-selected=\"false\" data-tab=\"2\" role=\"tab\" tabindex=\"-1\" aria-controls=\"elementor-tab-content-3612\" aria-expanded=\"false\">Boletim 40<\/div>\n\t\t\t\t\t\t\t\t\t<div id=\"elementor-tab-title-3613\" class=\"elementor-tab-title elementor-tab-desktop-title\" aria-selected=\"false\" data-tab=\"3\" role=\"tab\" tabindex=\"-1\" aria-controls=\"elementor-tab-content-3613\" aria-expanded=\"false\">Boletim 39<\/div>\n\t\t\t\t\t\t\t\t\t<div id=\"elementor-tab-title-3614\" class=\"elementor-tab-title elementor-tab-desktop-title\" aria-selected=\"false\" data-tab=\"4\" role=\"tab\" tabindex=\"-1\" aria-controls=\"elementor-tab-content-3614\" aria-expanded=\"false\">Boletim 37<\/div>\n\t\t\t\t\t\t\t\t\t<div id=\"elementor-tab-title-3615\" class=\"elementor-tab-title elementor-tab-desktop-title\" aria-selected=\"false\" data-tab=\"5\" role=\"tab\" tabindex=\"-1\" aria-controls=\"elementor-tab-content-3615\" aria-expanded=\"false\">Boletim 36<\/div>\n\t\t\t\t\t\t\t<\/div>\n\t\t\t<div class=\"elementor-tabs-content-wrapper\" role=\"tablist\" aria-orientation=\"vertical\">\n\t\t\t\t\t\t\t\t\t<div class=\"elementor-tab-title elementor-tab-mobile-title\" aria-selected=\"true\" data-tab=\"1\" role=\"tab\" tabindex=\"0\" aria-controls=\"elementor-tab-content-3611\" aria-expanded=\"false\">Boletim 41<\/div>\n\t\t\t\t\t<div id=\"elementor-tab-content-3611\" class=\"elementor-tab-content elementor-clearfix\" data-tab=\"1\" role=\"tabpanel\" aria-labelledby=\"elementor-tab-title-3611\" tabindex=\"0\" hidden=\"false\"><h1 style=\"text-align: center; margin: 12.0pt 7.1pt 3.0pt 7.1pt;\" align=\"center\">\u00a0<\/h1><p><strong><em>O TERAPEUTA\u00ae<\/em><\/strong><\/p><p><strong><em>BOLETIM N\u00ba 41 \/2026<\/em><\/strong><\/p><p><em>O INFORMATIVO DO SINATEN<\/em><\/p><p>SINDICATO NACIONAL DOS TERAPEUTAS NATURISTAS.<\/p><p>A FILIA\u00c7\u00c3O no SINATEN \u00e9 volunt\u00e1ria e espont\u00e2nea pode ser feita no Telefone: (11) 5575-5431 e WhatsApp: (11) 99473-0570 E-mail: sinaten@sinaten.com.br ou na sede Rua Nuporanga, 77 &#8211; Vila Mariana \/S\u00e3o Paulo \/SP CEP: 04020-020<\/p><p>1 &#8211; VOC\u00ca TER\u00c1 UM DOCUMENTO DA ATIVIDADE DE TERAPEUTA NATURISTA: *CARTEIRA DE IDENTIFICA\u00c7\u00c3O DE TERAPEUTA NATURISTA*<\/p><p>2 &#8211; VOC\u00ca TER\u00c1 OUTRO DOCUMENTO QUE AVALIA E APOIA: As Especialidades \/ T\u00e9cnicas de Terapeuta Naturista, As Quais S\u00e3o Conferidas Pela Comiss\u00e3o de \u00c9tica, E Atrav\u00e9s das Suas Normas e Padr\u00f5es.\u00a0 ** CERTIFICADO DE FILIA\u00c7\u00c3O**<\/p><p>3 &#8211; VOC\u00ca TER\u00c1 ACESSO AO: *** C\u00d3DIGO DE \u00c9TICA DO (A) TERAPEUTA NATURISTA *** Elaborado pela Comiss\u00e3o de \u00c9tica e Colaboradores do SINATEN. Totalmente adaptado \u00e0s Leis Vigentes do Brasil. \u00c9 1\u00ba C\u00f3digo de \u00c9tica\u00ae no Brasil;<\/p><p>4 &#8211; VOC\u00ca TER\u00c1 OS BENEF\u00cdCIOS: Reservar Estadias nas Col\u00f4nias de F\u00e9rias, Hot\u00e9is, Pousadas no Brasil (Aos filiados em dia no SINATEN seus familiares e amigos)<\/p><p>5 &#8211; VOC\u00ca PODER\u00c1 FAZER: Seguro de Vida e de Incapacidade Tempor\u00e1ria.<\/p><p>O SINATEN existe h\u00e1 30 anos e est\u00e1 sempre trabalhando para a Categoria.<\/p><p>1 &#8211; O SINATEN trabalhou na Libera\u00e7\u00e3o dos FLORAIS na ANVISA no ano de 1996 para voc\u00ea Terapeuta poder indicar a seus clientes;<\/p><p>2 &#8211; O SINATEN Desenvolveu e colocou o 1\u00ba Curso T\u00e9cnico de Massoterapia no Brasil;<\/p><p>3 &#8211; O SINATEN Desenvolveu e colocou o 1\u00ba C\u00f3digo de \u00c9tica\u00ae no Brasil;<\/p><p>4 &#8211; O SINATEN Segue as Leis Municipais, Estaduais, Federal e as Normas da ANVISA;<\/p><p>5 &#8211; O SINATEN Participou e Participa de todas as Audi\u00eancias P\u00fablicas das Terapias;<\/p><p>6 &#8211; O SINATEN Faz Palestras nas Institui\u00e7\u00f5es que tem Cursos na \u00e1rea.<\/p><p>\u00a0<\/p><p>Fa\u00e7a parte deste Trabalho que estamos fazendo desde o ano de 1.996 e unidos, desejamos a regulamenta\u00e7\u00e3o da nossa Profiss\u00e3o com Emprego e Trabalho seja na rede P\u00fablica ou Privada agora e para os futuros Profissionais.<\/p><p>\u00a0<\/p><p>\u00a0*O Conte\u00fado deste est\u00e1 registrado\u00ae Todos os direitos reservados*\u00a0\u00a0\u00a0 \u201cZurim\u00e9x Ev\u00e2mbe Gert\u00e9p Lep\u00f3vi\u201d\u00a0\u00a0\u00a0\u00a0\u00a0\u00a0\u00a0\u00a0\u00a0\u00a0 * P\u00e1g. (1)<\/p><p><strong>DI\u00c1RIO OFICIAL DA UNI\u00c3O Publicado em:13\/01\/2026 | Edi\u00e7\u00e3o: 8 | Se\u00e7\u00e3o:1 P\u00e1gina:1<\/strong><\/p><p>\u00d3rg\u00e3o: Atos do Poder Legislativo<\/p><p>Presid\u00eancia da Rep\u00fablica Casa Civil Secretaria Especial para Assuntos Jur\u00eddicos<\/p><p>\u00a0LEI N\u00ba 15.345, DE 12 DE JANEIRO DE 2026<\/p><p>Regulamenta o exerc\u00edcio profissional de acupuntura.<\/p><p>O PRESIDENTE DA REP\u00daBLICA Fa\u00e7o saber que o Congresso Nacional decreta e eu sanciono a seguinte Lei:<\/p><p>Art. 1\u00ba Esta Lei regulamenta o exerc\u00edcio profissional de acupuntura no territ\u00f3rio nacional.<\/p><p>Art. 2\u00ba Considera-se acupuntura o conjunto de t\u00e9cnicas e terapias que consiste na estimula\u00e7\u00e3o de pontos espec\u00edficos do corpo humano por meio do uso de agulhas apropriadas, bem como na utiliza\u00e7\u00e3o de instrumentos e procedimentos pr\u00f3prios, com a finalidade de manter ou restabelecer o equil\u00edbrio das fun\u00e7\u00f5es f\u00edsicas e mentais do corpo humano.<\/p><p>Art. 3\u00ba \u00c9 assegurado o exerc\u00edcio profissional de acupuntura:<\/p><p>I &#8211; ao portador de diploma de gradua\u00e7\u00e3o de n\u00edvel superior em acupuntura, expedido por institui\u00e7\u00e3o de ensino devidamente reconhecida;<\/p><p>II &#8211; ao portador de diploma de gradua\u00e7\u00e3o de n\u00edvel superior em curso similar ou equivalente no exterior, ap\u00f3s a devida valida\u00e7\u00e3o e registro do diploma nos \u00f3rg\u00e3os competentes;<\/p><p>III &#8211; aos profissionais de sa\u00fade de n\u00edvel superior, portadores de t\u00edtulo de especialista em acupuntura reconhecido pelos respectivos conselhos federais;<\/p><p>IV &#8211; (VETADO); e<\/p><p>V &#8211; aos que, embora n\u00e3o diplomados nos termos dos incisos I, II, III e IV do caput deste artigo, exer\u00e7am as atividades de acupuntura, comprovada e ininterruptamente, h\u00e1 pelo menos 5 (cinco) anos at\u00e9 a data da publica\u00e7\u00e3o desta Lei.<\/p><p>Par\u00e1grafo \u00fanico. (VETADO).<\/p><p>Art. 4\u00ba Compete ao profissional de acupuntura:<\/p><p>I &#8211; observar, reconhecer e avaliar os sinais, os sintomas e as s\u00edndromes energ\u00e9ticas;<\/p><p>II &#8211; consultar, avaliar e tratar os pacientes por meio da acupuntura;<\/p><p>III &#8211; organizar e dirigir os servi\u00e7os de acupuntura em empresas ou institui\u00e7\u00f5es;<\/p><p>IV &#8211; prestar servi\u00e7os de auditoria, consultoria e emiss\u00e3o de pareceres sobre a acupuntura;<\/p><p>V &#8211; participar no planejamento, na execu\u00e7\u00e3o e na avalia\u00e7\u00e3o da programa\u00e7\u00e3o de sa\u00fade;<\/p><p>VI &#8211; participar na elabora\u00e7\u00e3o, na execu\u00e7\u00e3o e na avalia\u00e7\u00e3o dos planos assistenciais de sa\u00fade;<\/p><p>VII &#8211; prevenir e controlar sistematicamente os poss\u00edveis danos \u00e0 clientela decorrentes do tratamento por acupuntura;<\/p><p>VIII &#8211; auxiliar na educa\u00e7\u00e3o, com vistas \u00e0 melhoria da sa\u00fade da popula\u00e7\u00e3o.<\/p><p>Art. 5\u00ba \u00c9 assegurado o direito de utiliza\u00e7\u00e3o de procedimentos isolados e espec\u00edficos da acupuntura no exerc\u00edcio regular das outras profiss\u00f5es da \u00e1rea de sa\u00fade, conforme previs\u00e3o legal dos respectivos conselhos profissionais.<\/p><p>Par\u00e1grafo \u00fanico. O profissional de que trata o caput deste artigo dever\u00e1 submeter-se a curso espec\u00edfico, em car\u00e1ter de extens\u00e3o, ministrado por institui\u00e7\u00e3o de ensino devidamente reconhecida.<\/p><p>Art. 6\u00ba Esta Lei entra em vigor na data de sua publica\u00e7\u00e3o. Bras\u00edlia, 12 de janeiro de 2026; 205\u00ba da Independ\u00eancia e 138\u00ba da Rep\u00fablica.\u00a0\u00a0\u00a0<\/p><p>LUIZ IN\u00c1CIO LULA DA SILVA \u2013<\/p><p>Camilo Sobreira de Santana &#8211; Geraldo Jos\u00e9 Rodrigues Alckmin Filho &#8211; Adriano Massuda\u00a0\u00a0\u00a0\u00a0 * P\u00e1g. (2)<\/p><p>MENSAGEM N\u00ba 35, DE 12 DE JANEIRO DE 2026\u00a0 Senhor Presidente do Senado Federal, Comunico a Vossa Excel\u00eancia que, nos termos previstos no \u00a7 1\u00ba do art. 66 da Constitui\u00e7\u00e3o, decidi vetar parcialmente, por contrariedade ao interesse p\u00fablico, o Projeto de Lei n\u00ba 5.983, de 2019, que \u201cRegulamenta o exerc\u00edcio profissional de acupuntura.\u201d.<\/p><p>Ouvido, o Minist\u00e9rio do Desenvolvimento, Ind\u00fastria, Com\u00e9rcio e Servi\u00e7os manifestou-se pelo veto ao seguinte dispositivo do Projeto de Lei:<\/p><p>Inciso IV do caput do art. 3\u00ba do Projeto de Lei. &#8211; \u201cIV &#8211; ao portador de diploma de curso t\u00e9cnico em acupuntura expedido por institui\u00e7\u00e3o de ensino reconhecida pelo governo;\u201d<\/p><p>Raz\u00f5es do veto = \u201cEm que pese a boa inten\u00e7\u00e3o do legislador, o dispositivo contraria o interesse p\u00fablico, ao comprometer a seguran\u00e7a e fragilizar a prote\u00e7\u00e3o \u00e0 sa\u00fade coletiva.\u201d Ouvidos, o Minist\u00e9rio da Sa\u00fade e o Minist\u00e9rio da Educa\u00e7\u00e3o manifestaram-se pelo veto ao seguinte dispositivo do Projeto de Lei:<\/p><p>Par\u00e1grafo \u00fanico do art. 3\u00ba do Projeto de Lei. &#8211; \u201cPar\u00e1grafo \u00fanico. \u00c9 assegurado aos profissionais de que tratam os incisos III e IV do caput deste artigo o direito de concluir, em prazo regulamentar, os cursos iniciados at\u00e9 a data de entrada em vigor desta Lei.\u201d<\/p><p>Raz\u00f5es do veto = \u201cEm que pese a boa inten\u00e7\u00e3o do legislador, o dispositivo contraria o interesse p\u00fablico, ao impor restri\u00e7\u00e3o excessiva ao exerc\u00edcio profissional, reduzir a disponibilidade de profissionais habilitados ao exerc\u00edcio da acupuntura, comprometer a continuidade da assist\u00eancia e fragilizar a prote\u00e7\u00e3o \u00e0 sa\u00fade coletiva.\u201d<\/p><p>Essas, Senhor Presidente, s\u00e3o as raz\u00f5es que me conduziram a vetar os dispositivos mencionados do Projeto de Lei em causa, as quais submeto \u00e0 elevada aprecia\u00e7\u00e3o dos Senhores Membros do Congresso Nacional.<\/p><p><strong>O PROFISSIONAL TERAPEUTA NATURISTA no Exerc\u00edcio da Profiss\u00e3o &#8211; Deve estar capacitado para exercer a profiss\u00e3o, ter conhecimentos da(s) T\u00e9cnica(s), de Anatomia, Fisiologia, Patologia, Cinesiologia, Metodologia Cient\u00edfica e Ecologia. E seguir as o C\u00d3DIGO DE \u00c9TICA DO PROFISSIONAL TERAPEUTA NATURISTA:<\/strong><\/p><p>1 &#8211; O Terapeuta Naturista: N\u00e3o faz diagn\u00f3stico, clientes sem diagn\u00f3stico devem ser orientados a procurarem M\u00e9dicos (as); n\u00e3o prescrever e n\u00e3o vende rem\u00e9dios; n\u00e3o comercializa qualquer tipo de produtos em locais de atendimento, n\u00e3o trata de doen\u00e7as, cuida das pessoas dentro de sua abordagem naturol\u00f3gicas tradicionais, aos complementos e tratamentos da Medicina, Psicologia, Fisioterapia, Nutri\u00e7\u00e3o e outros da \u00e1rea de sa\u00fade.<\/p><p>2 &#8211; O Terapeuta Naturista: n\u00e3o rivaliza ou concorre com qualquer profiss\u00e3o da \u00e1rea da sa\u00fade e n\u00e3o pode ser denominado \u201cdoutor ou m\u00e9dico\u201d, porque n\u00e3o existe no Brasil a profiss\u00e3o de \u201cm\u00e9dico\u201d naturista, ou naturalista, ou hol\u00edstico.<\/p><p>3 &#8211; O Terapeuta Naturista: que atende em Sala ou em Domic\u00edlio: Deve fazer a Inscri\u00e7\u00e3o na Prefeitura e na Vigil\u00e2ncia Sanit\u00e1ria do Munic\u00edpio (se exigido), declarar o Imposto de Renda; contribuir com a Previd\u00eancia Social para a aposentadoria;<\/p><p>4 &#8211; As Empresas da \u00c1rea de Terapias Naturais: Deve fazer o Contrato Social registrar na Junta Comercial, tirar o CNPJ, Inscri\u00e7\u00e3o Estadual, Prefeitura e Alvar\u00e1 da Vigil\u00e2ncia Sanit\u00e1ria do Munic\u00edpio; E recolher as taxas de CCM, PIS, INSS, IR e outras; declarar o Imposto de Renda.<\/p><\/div>\n\t\t\t\t\t\t\t\t\t<div class=\"elementor-tab-title elementor-tab-mobile-title\" aria-selected=\"false\" data-tab=\"2\" role=\"tab\" tabindex=\"-1\" aria-controls=\"elementor-tab-content-3612\" aria-expanded=\"false\">Boletim 40<\/div>\n\t\t\t\t\t<div id=\"elementor-tab-content-3612\" class=\"elementor-tab-content elementor-clearfix\" data-tab=\"2\" role=\"tabpanel\" aria-labelledby=\"elementor-tab-title-3612\" tabindex=\"0\" hidden=\"hidden\"><p>\u00a0TERAPEUTA\u00ae<\/p><p><strong><u>BOLETIM N\u00ba 40 \/ 2025<\/u><\/strong><\/p><p><strong>O INFORMATIVO DO SINATEN &#8211; <em><u>SINDICATO NACIONAL DOS TERAPEUTAS NATURISTAS<\/u><\/em>.<\/strong><\/p><p><strong><u>PORQUE \u00c9 IMPORTANTE A TUA FILIA\u00c7\u00c3O NO SINATEN<\/u><\/strong><\/p><p><u>O SINATEN<\/u> <u>existe h\u00e1 28 anos<\/u> e est\u00e1 sempre trabalhando para a Categoria.<\/p><p>1 &#8211; O<u> SINATEN<\/u> trabalhou na <strong>Libera\u00e7\u00e3o<\/strong><strong> dos <\/strong><strong><u>FLORAIS na ANVISA<\/u><\/strong> no ano de 1996 para voc\u00ea Terapeuta poder indicar a seus clientes;<\/p><p>2 &#8211; O<u> SINATEN<\/u> Desenvolveu e colocou o 1\u00ba Curso T\u00e9cnico de Massoterapia no Brasil;<\/p><p>3 &#8211; <u>O SINATEN<\/u> Desenvolveu e colocou o 1\u00ba C\u00f3digo de \u00c9tica\u00ae no Brasil;<\/p><p>4 &#8211; <u>O SINATEN<\/u> Segue as Leis Municipais, Estaduais, Federal\u00a0e as Normas da ANVISA;<\/p><p>5 &#8211;\u00a0<u>O SINATEN<\/u> Participou e Participa de todas as Audi\u00eancias P\u00fablicas das Terapias;<\/p><p>6 &#8211;\u00a0<u>O SINATEN<\/u> Faz Palestras nas Institui\u00e7\u00f5es que tem Cursos na \u00e1rea.<\/p><p>7 &#8211; <u>O SINATEN<\/u> Tem parceria com o CONBRAMASSO para emitir Declara\u00e7\u00e3o T\u00e9cnica.<\/p><p><strong><u>A FILIA\u00c7\u00c3O no <\/u><\/strong><strong><u>SINATEN<\/u><\/strong> \u00e9 volunt\u00e1ria e espont\u00e2nea pode ser feita pelo Telefone: (11) 5575-5431 e WhatsApp: (11) 99473-0570 ou E-mail: <a href=\"mailto:sinaten@sinaten.com.br\"><strong>sinaten@sinaten.com.br<\/strong><\/a><strong>\u00a0\u00a0\u00a0\u00a0 <\/strong><strong>\u201c<\/strong><strong>Fentori Alzenar Brequora Loontei<\/strong><strong>\u201d<\/strong><\/p><p>1 &#8211; VOC\u00ca TER\u00c1 UM DOCUMENTO DA ATIVIDADE DE TERAPEUTA NATURISTA: A *<strong><em><u>CARTEIRA DE IDENTIFICA\u00c7\u00c3O DE TERAPEUTA NATURISTA<\/u><\/em><\/strong>*<\/p><p>2 &#8211; VOC\u00ca TER\u00c1 OUTRO DOCUMENTO QUE AVALIA E APOIA: As Especialidades \/ T\u00e9cnicas de Terapeuta Naturista, As Quais S\u00e3o Conferidas Pela Comiss\u00e3o de \u00c9tica, E Atrav\u00e9s das Suas Normas e Padr\u00f5es.\u00a0 <em><u>O ** <strong>CERTIFICADO DE FILIA\u00c7\u00c3O<\/strong>**<\/u><\/em><\/p><p>3 &#8211; VOC\u00ca TER\u00c1 ACESSO AO: *** <strong><em><u>C\u00d3DIGO DE \u00c9TICA DO (A) TERAPEUTA NATURISTA<\/u><\/em><\/strong> *** Elaborado pela Comiss\u00e3o de \u00c9tica e Colaboradores do SINATEN. Totalmente adaptado \u00e0s Leis Vigentes do Brasil. <u>\u00c9<\/u><u> 1\u00ba C\u00f3digo de \u00c9tica\u00ae no Brasil<\/u>;<\/p><p>Fa\u00e7a parte deste Trabalho que estamos fazendo desde o ano de 1.996 e unidos, desejamos a regulamenta\u00e7\u00e3o da nossa Profiss\u00e3o com Emprego e Trabalho seja na rede P\u00fablica ou Privada agora e para os futuros Profissionais.<\/p><p><em>*O Conte\u00fado deste est\u00e1 registrado\u00ae Todos os direitos reservados* \u00a0<\/em>\u201cLuz renova minha vida 2025\u201d<\/p><p><strong><u>CBO &#8211; Classifica\u00e7\u00e3o Brasileira de Ocupa\u00e7\u00f5es<\/u><\/strong> aprovada na PORTARIA n\u00ba 397 de 09\/10\/2002 &#8211; do Minist\u00e9rio do Trabalho a vers\u00e3o 2002, modificada em 2024 <strong><u>T\u00c9CNICOS E PROFISSIONAIS EM PR\u00c1TICAS INTEGRATIVAS \/COMPLEMENTARES (PICS)<\/u><\/strong> C\u00f3digos: <strong><u>n\u00ba<\/u><\/strong><strong><u> 3227-20<\/u><\/strong> &#8211; Terapeuta Naturista, Naturopata, Homeopata (<em>n\u00e3o m\u00e9dico,<\/em> Terapeuta hol\u00edstico, alternativo; <strong><u>n\u00ba <\/u><\/strong><strong><u>3227-05<\/u><\/strong> &#8211; T\u00e9cnico em acupuntura: Acupunturista, Acupuntor T\u00e9cnico corporal em <em>medicina<\/em> tradicional chinesa; <strong><u>n\u00ba <\/u><\/strong><strong><u>3227-10<\/u><\/strong> &#8211; T\u00e9cnico em quiropraxia; <strong><u>n\u00ba<\/u><\/strong><strong><u> 3227-15<\/u><\/strong> &#8211; Massoterapeuta, Massagista, Massoprevencionista; <strong><u>n\u00ba<\/u><\/strong><strong><u> 3227-25<\/u><\/strong> &#8211; Facilitador de biodan\u00e7a: Facilitador de biodanza; <strong><u>n\u00ba <\/u><\/strong><strong><u>3227-30<\/u><\/strong> &#8211; Terapeuta reiki: Reikiano, Terapeuta reikiano; <strong><u>n\u00ba <\/u><\/strong><strong><u>3227-35<\/u><\/strong> &#8211; Instrutor de yoga: Instrutor de ioga; <strong><u>n\u00ba <\/u><\/strong><strong><u>3227-40<\/u><\/strong> &#8211; Instrutor de medita\u00e7\u00e3o; <strong><u>n\u00ba <\/u><\/strong><strong><u>3227-45<\/u><\/strong> &#8211; Facilitador de grupos de movimento (bioernerg\u00e9tica): Facilitador de classes de exerc\u00edcio (an\u00e1lise bioenerg\u00e9tica); <strong><u>n\u00ba 3221-10<\/u><\/strong> &#8211; Pod\u00f3logo, T\u00e9cnico em Podologia; <strong><u>n\u00ba 3221-30<\/u><\/strong> &#8211; Esteticista, T\u00e9cnico e Tecn\u00f3logo em Cosmetologia \/Est\u00e9tica; <strong><u>n\u00ba 3221-35<\/u><\/strong> &#8211; Doula; <strong><u>n\u00ba<\/u><\/strong><strong><u> 3221-40<\/u><\/strong> &#8211; Instrutor e Professor de pilates; <strong><u>n\u00ba 2263-05<\/u><\/strong> &#8211; Musicoterapeuta; <strong><u>n\u00ba 2263-10<\/u><\/strong> &#8211; Arteterapeuta; \u00a0<strong><u>n\u00ba 2263-20<\/u><\/strong> &#8211; Natur\u00f3logo; <strong><u>n\u00ba 2515-50<\/u><\/strong> &#8211; Psicanalista, Analista, Psican\u00e1lise <strong><u>n\u00ba 5167<\/u><\/strong><strong><u> &#8211; <\/u><\/strong><strong><u>05<\/u><\/strong> &#8211; Astr\u00f3logo, Numer\u00f3logo; <strong><u>n\u00ba 5168-05<\/u><\/strong> &#8211; Analista Kirlian, Radiestesistas; <strong><u>n\u00ba 5168-10<\/u><\/strong> &#8211; Parapsic\u00f3logo; <strong><u>n\u00ba 6320-10<\/u><\/strong> &#8211; Raizeiro, Erveiro.\u00a0 <em>Fonte: mte.gov.br<\/em><\/p><p><strong><u>CNAE &#8211; Classifica\u00e7\u00e3o Nacional de Atividade Econ\u00f4mica<\/u><\/strong> = Atividades de Aten\u00e7\u00e3o a Sa\u00fade Humana N\u00e3o Especificadas Anteriormente Classe: <strong><u>8690-9<\/u><\/strong> Subclasse Atividades de Pr\u00e1ticas Integrativas e Complementares em Sa\u00fade Humana &#8211; C\u00f3digos: <strong>n\u00ba<\/strong><strong> <u>8690-9\/03, 04<\/u><\/strong>\u00a0 <strong><u>SERVI\u00c7OS DE<\/u><\/strong>: Acupuntura, Acupunturista, Aromoterapia, Auriculoterapia , Cromoterapia, Doula, Ecoterapia, Equoterapia, Floral, Hipnoterapia, Iridologia, Do-In, Massoterapia, Musicoterapia, Parteira, Podologia, Pod\u00f3logos, Reflexologia, Reiki, Rolfing, Shiatsu, Ventosaterapia, Terapias: Indiana, Reichiana, Alternativas e N\u00e3o Tradicionais; <strong><u>n\u00ba<\/u><\/strong><strong><u> 8650-0\/99<\/u><\/strong> &#8211; Quiropraxia; <strong><u>n\u00ba 9602-5\/02<\/u><\/strong> &#8211; Est\u00e9tica Facial, Corporal; Instituto de Est\u00e9tica; <strong>n\u00ba<\/strong><strong> 8650-0\/03<\/strong> &#8211; Psican\u00e1lise; <em>Fonte: <\/em><em>cnae.ibge.gov.br<\/em><\/p><p><strong><u>HIST\u00d3RIA DOS FLORAIS NO BRASIL<\/u><\/strong><\/p><p>A <strong>Diretoria do SINATEN<\/strong> realizou incessante trabalho na ANVISA &#8211; Ag\u00eancia Nacional de Vigil\u00e2ncia Sanit\u00e1ria em Bras\u00edlia\/DF conforme o \u201c<u>Of\u00edcio<\/u>\u201d de 1998 conseguiu para a Categoria a libera\u00e7\u00e3o dos Florais indicados por Profissional devidamente qualificado. Conforme: \u201co teor da Lei n\u00ba6360\u201d o \u201c<u>Of\u00edcio<\/u>\u201d <u>N\u00c3O \u00c9 RESOLU\u00c7\u00c3O<\/u>.\u00a0 <strong>&lt;&gt; Portanto o SINATEN<\/strong> exime-se de qualquer responsabilidade pelo uso <u>n\u00e3o autorizado do n\u00famero deste \u201cOf\u00edcio<\/u>\u201d na fabrica\u00e7\u00e3o, embalagens, comercializa\u00e7\u00e3o e divulga\u00e7\u00e3o de produtos: Florais, Fitoter\u00e1picos, Ortomoleculares, Qu\u00e2nticos, Dinamizados e outros.<em> \u00a0\u00a0<\/em>\u201cGratid\u00e3o atrai mais b\u00ean\u00e7\u00e3os 2025\u201d<em> \u00a0\u00a0\u00a0\u00a0\u00a0\u00a0\u00a0\u00a0\u00a0\u00a0<\/em><\/p><p><strong><u>PROJETOS DE LEIS NO SENADO FEDERAL<\/u><\/strong> \u00a0\u00a0\u00a0\u00a0\u00a0\u00a0\u00a0\u00a0\u00a0\u00a0\u00a0\u00a0\u00a0<a href=\"https:\/\/www25.senado.leg.br\"><strong>https:\/\/www25.senado.leg.br<\/strong><\/a><\/p><p><strong><u>PLS n\u00ba 1262 de 2023<\/u><\/strong> &#8211; Disp\u00f5e sobre a Regulamenta\u00e7\u00e3o do exerc\u00edcio da profiss\u00e3o de Massoterapeuta e d\u00e1 outras provid\u00eancias. Autoria: \u00a0Senador Randolfe Rodrigues.<\/p><p><strong><u>SF n\u00ba PLC 00151 2015<\/u><\/strong> &#8211; Disp\u00f5e sobre o exerc\u00edcio da profiss\u00e3o de Pod\u00f3logo e d\u00e1 outras provid\u00eancias. Autoria: \u00a0Deputado Federal Jos\u00e9 Mentor 06\/04\/2021 CAS &#8211; Comiss\u00e3o de Assuntos Sociais.<\/p><p><strong><u>PLS n\u00ba 00174 de 2017<\/u><\/strong> &#8211; Regulamenta a profiss\u00e3o de Terapeuta Naturista. Autoria: Senador Telm\u00e1rio.<\/p><p><strong><u>PLS n\u00ba 101 de 2018<\/u><\/strong> &#8211; Regulamenta a profiss\u00e3o de Psicanalista. Autoria: \u00a0do Senador Telm\u00e1rio Mota.<\/p><p><strong><u>SUG 40 \/ 2019<\/u><\/strong><strong> -23\/05\/2019<\/strong>\u00a0= Regulamenta\u00e7\u00e3o da Psicoterapia &#8211; Ideia Legislativa n\u00ba 123431 T\u00edtulo FICHA INFORMATIVA Regulamenta\u00e7\u00e3o da &#8220;Psicoterapia&#8221; como pr\u00e1tica privativa de Psic\u00f3logos com CRP ativo.<\/p><p><strong><u>PLS n\u00b0 5983, de 2019<\/u><\/strong> &#8211; Disciplina o exerc\u00edcio profissional de Acupuntura e determina outras provid\u00eancias. Autoria: Deputado Federal Celso Russomanno na C\u00e2mara dos Deputados e <u>PL N\u00ba 1549\/2003<\/u> 03\/12\/2019 &#8211; CAS &#8211; Comiss\u00e3o de Assuntos Sociais.<\/p><p><strong><u>PLS n\u00b0 6469 de 2019<\/u><\/strong> &#8211; Regulamenta a profiss\u00e3o do Profissional Instrutor de Pilates e seu exerc\u00edcio. Autoria: Senadora Soraya Thronicke 01\/10\/2020 &#8211; CAS &#8211; Comiss\u00e3o de Assuntos Sociais.<\/p><p><strong><u>\u00a0<\/u><\/strong><strong><u>PROJETOS DE LEIS NA C\u00c2MARA FEDERAL<\/u><\/strong> \u00a0\u00a0\u00a0\u00a0\u00a0\u00a0\u00a0\u00a0\u00a0\u00a0\u00a0\u00a0\u00a0\u00a0\u00a0<a href=\"https:\/\/www.camara.leg.br\">https:\/\/www.camara.leg.br<\/a><\/p><p><strong>PL n\u00b0 5.620 \/2023<\/strong> &#8211; Disp\u00f5e sobre a regulamenta\u00e7\u00e3o da profiss\u00e3o de Natur\u00f3logo, Naturologia \/Naturopatia institui o dia nacional do Natur\u00f3logo. Autoria: Deputado Federal Reimont.<\/p><p><strong>PL n\u00b0 3804\/2012<\/strong>\u00a0&#8211;\u00a0Regulamenta a profiss\u00e3o de Natur\u00f3logo Autoria: \u00a0Deputado Federal Giovani Cherini.<\/p><p><strong>PL n\u00b0 04087\/2015<\/strong> &#8211; Regulamenta a Profiss\u00e3o de Terapeuta Naturalista Autoria: \u00a0Deputado Federal Marcelo \u00c1lvaro Ant\u00f4nio.<\/p><p><strong>PL n\u00b006959\/2010<\/strong> &#8211; Disp\u00f5e sobre a regulamenta\u00e7\u00e3o da profiss\u00e3o de Terapeuta Naturista. Autoria: \u00a0SUG 215\/2006 &#8211; CLP &#8211; Comiss\u00e3o de Participa\u00e7\u00e3o Legislativa Deputado Federal Leonardo Monteiro.<\/p><p><strong>PL n\u00b0 00114\/2015<\/strong> &#8211; Regulamenta o exerc\u00edcio da profiss\u00e3o de Quiropraxista. Autoria: Deputado Federal Alceu Moreira.<\/p><p><strong>PL n\u00b0 04282\/2016<\/strong> &#8211; Regulamenta o exerc\u00edcio da atividade de Ioga Autoria: Deputado Federal Carlos Bezerra.<\/p><p>$ O nosso Dever moral e \u00c9tico, \u00e9 de informar a Categoria, trabalhando regularizado, unidos pela causa possamos reivindicar e exigir os nossos direitos de Trabalhadores pelas Leis do Brasil $<\/p><p><em>Somos guiados por Deus e Ele est\u00e1 entre N\u00f3s e Deus nos ajudar\u00e1 em nossos objetivos \u00a0\u00a0<\/em>\u201cFortuna, paz e alegria 2025\u201d<\/p><p><em>\u00a0\u00a0\u00a0\u00a0\u00a0\u00a0\u00a0\u00a0\u00a0\u00a0\u00a0\u00a0\u00a0\u00a0\u00a0\u00a0\u00a0\u00a0\u00a0\u00a0\u00a0\u00a0\u00a0\u00a0\u00a0\u00a0\u00a0 *O Conte\u00fado deste est\u00e1 registrado\u00ae Todos os direitos reservados*\u00a0\u00a0\u00a0\u00a0 <\/em><\/p><p><strong>O PROFISSIONAL TERAPEUTA NATURISTA NO EXERC\u00cdCIO DA PROFISS\u00c3O<\/strong><\/p><ol><li>Deve estar capacitado para exercer a profiss\u00e3o, ter conhecimentos da(s) T\u00e9cnica(s), e ter conhecimentos b\u00e1sicos de Anatomia, Fisiologia, Patologia, Cinesiologia, Metodologia Cient\u00edfica, Psicologia e Ecologia. Deve orientar-se-\u00e1 nas normas do C\u00d3DIGO DE \u00c9TICA DO PROFISSIONAL TERAPEUTA NATURISTA:<\/li><\/ol><ol start=\"2\"><li><strong>O Terapeuta Naturista<\/strong>: N\u00e3o faz diagn\u00f3stico, <u>clientes sem diagn\u00f3stico devem<br \/>ser orientados a procurarem M\u00e9dicos (as)<\/u>; n\u00e3o prescrever e n\u00e3o vende rem\u00e9dios; n\u00e3o comercializa qualquer tipo de produtos em locais de atendimento, n\u00e3o trata de doen\u00e7as, mas cuida das pessoas dentro de sua abordagem naturol\u00f3gicas tradicionais, como complementos aos tratamentos da Medicina, Psicologia, Fisioterapia, Nutri\u00e7\u00e3o e outros da \u00e1rea de sa\u00fade.<\/li><\/ol><ol start=\"3\"><li><strong>O Terapeuta Naturista<\/strong> n\u00e3o rivaliza ou concorre com qualquer profiss\u00e3o da \u00e1rea da sa\u00fade e n\u00e3o pode ser denominado \u201cdoutor ou m\u00e9dico\u201d, <u>porque n\u00e3o existe no Brasil a profiss\u00e3o de<\/u> \u201cm\u00e9dico\u201d naturista, ou naturalista, ou hol\u00edstico.<\/li><\/ol><ol start=\"4\"><li>Ter a forma\u00e7\u00e3o com<strong> <u>Certificado<\/u><\/strong> <em>de Curso livre <\/em>ou <strong><u>Diploma<\/u><\/strong> de Cursos: de <em>T\u00e9cnico, de Gradua\u00e7\u00e3o<\/em><em>na \u00e1rea<\/em> (<em>no idioma Portugu\u00eas Brasil<\/em>) com a Identifica\u00e7\u00e3o completa da <strong><u>Institui\u00e7\u00e3o<\/u><\/strong> (<em>CNPJ<\/em>, <em>Endere\u00e7o, Telefone, Conte\u00fado Program\u00e1tico, Carga Hor\u00e1ria e assinaturas<\/em> do respons\u00e1vel e <strong><u>Ministrante<\/u><\/strong> <em>CPF);<\/em><\/li><\/ol><ol start=\"5\"><li><strong><u>Certificado no Idioma Estrangeiro<\/u><\/strong> deve ter a tradu\u00e7\u00e3o no Idioma Portugu\u00eas (<em>do Brasil<\/em>) conforme Lei Federal n\u00ba 10.406 de 10\/01\/2002 e n\u00ba 6.015 de 31\/12\/1973.<\/li><\/ol><ol start=\"6\"><li><strong><em><u>O (A) Terapeuta Naturista<\/u><\/em><\/strong><strong><u> que atende em Sala ou em Domic\u00edlio<\/u><\/strong>: Deve fazer a Inscri\u00e7\u00e3o na Prefeitura e na Vigil\u00e2ncia Sanit\u00e1ria do Munic\u00edpio (<u>se exigido<\/u>), declarar o Imposto de Renda; contribuir com a Previd\u00eancia Social para a aposentadoria;<\/li><\/ol><ol start=\"7\"><li><strong><em><u>O (A) <\/u><\/em><\/strong><strong><u>Profissional que atende nas Empresas<\/u><\/strong>: Deve fazer um <u>CONTRATO<\/u> entre o (a) Profissional e a Empresa: o honor\u00e1rio de: <u>40% a 50%<\/u> para o (a) Terapeuta;<\/li><\/ol><ol start=\"8\"><li><strong><em><u>O (A) <\/u><\/em><\/strong><strong><u>Profissional em regime da CLT<\/u><\/strong><u> &#8211; Consolida\u00e7\u00e3o das Leis do Trabalho<\/u>: Constar\u00e1 na Carteira de Trabalho a T\u00e9cnica com o valor da remunera\u00e7\u00e3o.<\/li><\/ol><ol start=\"9\"><li><strong><u>As Empresas da \u00c1rea de<em> Terapias Naturais<\/em><\/u><\/strong>: Deve fazer o Contrato Social registrar na Junta Comercial, tirar o CNPJ, Inscri\u00e7\u00e3o Estadual, Prefeitura e Alvar\u00e1 da Vigil\u00e2ncia Sanit\u00e1ria do Munic\u00edpio onde exerce sua Atividade; E recolher as taxas de CCM, PIS, INSS, IR e outras; declarar o Imposto de Renda.<\/li><\/ol><p><strong><u>A FILIA\u00c7\u00c3O no <\/u><\/strong><strong><u>SINATEN<\/u><\/strong> <strong>\u00e9 volunt\u00e1ria e espont\u00e2nea<\/strong> <em>\u201cRiqueza \u00e9 energia fluida 2025\u201d<\/em><\/p><p><u>SINATEN &#8211; Sindicato Nacional dos Terapeutas Naturistas<\/u><\/p><p>Rua Nuporanga, 77 &#8211; Vila Mariana \/S\u00e3o Paulo \/SP CEP 04020-020\u00a0 Telefone: (11) 5575-5431 e WhatsApp: (11) 99473-0570 Site: <a href=\"http:\/\/www.sinaten.com.br\"><strong>www.sinaten.com.br<\/strong><\/a> E-mail: <a href=\"mailto:sinaten@sinaten.com.br\"><strong>sinaten@sinaten.com.br<\/strong><\/a><\/p><p><em>*O Conte\u00fado deste est\u00e1 registrado\u00ae Todos os direitos reservados* 2024 o mestre sou eu<\/em><\/p><p>Conte\u00fado da aba<\/p><\/div>\n\t\t\t\t\t\t\t\t\t<div class=\"elementor-tab-title elementor-tab-mobile-title\" aria-selected=\"false\" data-tab=\"3\" role=\"tab\" tabindex=\"-1\" aria-controls=\"elementor-tab-content-3613\" aria-expanded=\"false\">Boletim 39<\/div>\n\t\t\t\t\t<div id=\"elementor-tab-content-3613\" class=\"elementor-tab-content elementor-clearfix\" data-tab=\"3\" role=\"tabpanel\" aria-labelledby=\"elementor-tab-title-3613\" tabindex=\"0\" hidden=\"hidden\"><h1>O TERAPEUTA\u00ae<\/h1><p><strong><u>BOLETIM N\u00ba 39 \/ 2024<\/u><\/strong><\/p><p><strong>O INFORMATIVO DO SINATEN <\/strong><strong>&#8211; <em><u>SINDICATO NACIONAL<\/u> <u>DOS TERAPEUTAS NATURISTAS<\/u><\/em>.<\/strong><\/p><p>Prezados Colegas<strong> TERAPEUTAS NATURISTAS<\/strong> foram realizadas as <strong>ELEI\u00c7\u00d5ES do SINATEN &#8211; Sindicato Nacional dos Terapeutas Naturistas nos dias <u>16 e 17 de<\/u> <u>Abril de 2024<\/u> sendo no dia <u>16 das 09h \u00e0s 17h<\/u> e no dia <u>17 das 09h \u00e0s 14h<\/u> <\/strong>conforme o<strong> <u>Edital de Convoca\u00e7\u00e3o das Elei\u00e7\u00f5es<\/u> <\/strong>afixado na sede do <strong>SINATEN<\/strong> e publicado no Di\u00e1rio Oficial da Uni\u00e3o &#8211; Se\u00e7\u00e3o 3 n\u00ba 41 p\u00e1g.189, no Jornal O Estado de S\u00e3o Paulo \/Economia &amp; Neg\u00f3cios p\u00e1g. B3 e no Boletim O Terapeuta n\u00ba 38 <strong>\/<\/strong>2024 e enviado aos Associados em dia com a anuidade e em condi\u00e7\u00f5es de votar nas <strong>C\u00cdRCULARES \/ SINATEN N.\u00ba 01, 02 <\/strong>e a<strong> 03\/2024<\/strong> com a <u>C\u00e9dula Eleitoral<\/u> para a Vota\u00e7\u00e3o envelope selado para ser retornada ao Sindicato. Foi feita a Ata de Elei\u00e7\u00e3o e Posse <strong><u>para a<\/u> <u>GEST\u00c3O<\/u> do Mandato de 04 (quatro) anos <u>In\u00edcio dia 17\/04\/2024 <\/u><\/strong><u>com <strong>T\u00e9rmino no<\/strong><\/u><strong> <u>dia 16\/04\/2028<\/u><\/strong>, conforme o <strong>Artigo 62\u00ba Caber\u00e1 a Comiss\u00e3o Eleitoral:<\/strong> <strong><em><sub>\u201c<\/sub><\/em><\/strong><strong>a)<\/strong><em> Declarar Eleita a chapa concorrente que obtiver a maioria de votos em rela\u00e7\u00e3o ao total dos associados que votaram. <\/em><strong>\u201c<\/strong><strong>b)<\/strong> <em>A posse da nova Diretoria ocorre no dia que termina o mandato da Diretoria em <\/em><\/p><p><em>exerc\u00edcio, ou ainda, ap\u00f3s a elei\u00e7\u00e3o da nova Diretoria, salvo os casos excepcionados neste Estatuto\u201d; <\/em><strong>e Artigo 63\u00ba Caber\u00e1 a Diretoria em exerc\u00edcio<\/strong><strong><em>: \u201c<\/em><\/strong><strong>a) <\/strong><em>Anexar na sede do Sindicato, o resultado do pleito eleitoral e ap\u00f3s a sua realiza\u00e7\u00e3o, dentro de 10 (dez) dias, ou Comunicar aos Associados via carta, ou publicar em Jornal. <strong>\u201c<\/strong><\/em><strong>b) <\/strong><em>Dar posse aos eleitos;<strong> \u201c<\/strong><\/em><strong>c)<\/strong><em> Fazer as comunica\u00e7\u00f5es necess\u00e1rias aos estabelecimentos Banc\u00e1rios e outros \u00d3rg\u00e3os<strong>. <\/strong><\/em><strong>Foram empossadas a Diretoria da<\/strong> <strong>CHAPA NATUREZA<em> do <\/em>SINATEN<\/strong> com a seguinte composi\u00e7\u00e3o:\u00a0 <u>DIRETORIA &#8211; EFETIVOS<\/u>. Presidente &#8211; <strong>Milton Alves dos Santos;<\/strong> Vice- Presidente &#8211;<\/p><p><strong>Ailson Gasparotti; <\/strong>Tesoureiro &#8211; <strong>Moriel Sophia;<\/strong> Secret\u00e1rio &#8211; <strong>Carlos Enrique Maggio; <\/strong>Diretor Social &#8211; <strong>R\u00f4mulo Fran\u00e7a. <\/strong><u>SUPLENTES DA DIRETORIA<\/u>.<strong>\u00a0 1\u00ba) Jean Alves Cabral.\u00a0 2\u00ba) Shirley Aparecida Ribeiro; 3\u00ba) Ant\u00f4nio Maria Cardoso Acosta; 4\u00ba) Walter Wanderlei Flor\u00eancio<\/strong>; <strong>5\u00ba) Luciana Almin\u00e2na Moreira. <\/strong><u>CONSELHO<\/u> <u>FISCAL &#8211; EFETIVOS<\/u> &#8211; <strong>1\u00ba) Divino Mariano; 3\u00ba) Cristiane Marcela Manoel; 2\u00ba) Cec\u00edlia Dolores Pereira Farias. <\/strong><u>SUPLENTES DO CONSELHO FISCAL<\/u><strong> 1\u00ba) Walter Steiner; 2\u00ba) Massakazu Nagai; 3\u00ba) Fl\u00e1via Cristiane Silva Herrera Rodriguez<\/strong><strong>. <\/strong><u>DELEGADOS<\/u> <u>REPRESENTANTES na FEDERA\u00c7\u00c3O e CONFEDERA\u00c7\u00c3O<\/u> <strong>Milton <\/strong><\/p><p><strong>Alves dos Santos; Jos\u00e9 Francisco Barbosa.\u00a0 <\/strong>Brasil &#8211; S\u00e3o Paulo,17 de abril de 2024.<\/p><table width=\"523\"><tbody><tr><td width=\"523\"><p><strong><u>SINATEN &#8211; Sindicato Nacional dos Terapeutas Naturistas<\/u><\/strong><\/p><p>Rua Nuporanga, 77 &#8211; Vila Mariana \/S\u00e3o Paulo \/SP CEP 04020-020<\/p><p>Telefone: <strong>(11) 5575-5431<\/strong> e WhatsApp: <strong>(11) 99473-0570<\/strong>\u00a0<\/p><p>Site: <a href=\"http:\/\/www.sinaten.com.br\/\"><strong>www.sinaten.com.br<\/strong><\/a> E-mail: <strong>sinaten@sinaten.com.br<\/strong> <strong>\u00a0<\/strong><\/p><p><em>*O Conte\u00fado deste est\u00e1 registrado\u00ae Todos os direitos reservados*\u00a0\u00a0\u00a0\u00a0\u00a0\u00a0 <\/em><em>Eu sou imbat\u00edvel em 2024\u00a0\u00a0\u00a0\u00a0\u00a0\u00a0\u00a0\u00a0 <\/em><em>\u00a0<\/em><strong><em>P\u00e1g. <\/em><\/strong><strong>(1)<\/strong><\/p><\/td><\/tr><\/tbody><\/table><p><strong><u>CBO &#8211; Classifica\u00e7\u00e3o Brasileira de Ocupa\u00e7\u00f5es<\/u><\/strong> aprovada na <strong>PORTARIA n\u00ba 397 de 09\/10\/2002<\/strong><strong> &#8211;<\/strong><strong> do Minist\u00e9rio do Trabalho <\/strong>no Artigo 1\u00ba a vers\u00e3o 2002, para uso em todo o Territ\u00f3rio Nacional e ou suas modifica\u00e7\u00f5es, com os <strong>C\u00f3digos<\/strong>: <strong><u>N\u00ba<\/u><\/strong> <strong><u>3221-25<\/u><\/strong> &#8211; Terapeuta Naturista, Naturopata, Homeopata (n\u00e3o m\u00e9dico), Terapeuta hol\u00edstico, alternativo; <strong><u>N\u00ba<\/u><\/strong> <strong><u>3221-05<\/u><\/strong> &#8211; T\u00e9cnico em acupuntura, Acupuntor, Acupunturista, T\u00e9cnico corporal em Terapia (medicina) tradicional chinesa; <strong><u>N<\/u><\/strong><strong><u>\u00ba <\/u><\/strong><strong><u>3221-10<\/u><\/strong> <strong>&#8211;<\/strong> Pod\u00f3logo, T\u00e9cnico em Podologia; <strong><u>N\u00ba<\/u><\/strong> <u>3<strong>221<\/strong><\/u><strong><u>&#8211;<\/u><\/strong><strong><u>15<\/u><\/strong> &#8211; T\u00e9cnico em Quiropraxia, Quiropr\u00e1ctico;<sub>\u00a0 <\/sub><strong><u>N\u00ba<\/u><\/strong> <strong><u>3221<\/u><\/strong><strong><u>&#8211;<\/u><\/strong><strong><u>20<\/u><\/strong> <sub>\u2013 <\/sub>Massagista \u00a0Massoterapeuta, Massoprevencionista; <strong><u>N\u00ba<\/u><\/strong> <strong><u>3221<\/u><\/strong><strong><u>&#8211;<\/u><\/strong><strong><u>30<\/u><\/strong> &#8211; Esteticista, T\u00e9cnico e Tecn\u00f3logo em Cosmetologia \/Est\u00e9tica; <strong><u>N\u00ba 3221<\/u><\/strong><strong>&#8211;<\/strong><strong><u>35<\/u><\/strong> <strong><sub>&#8211;<\/sub><\/strong> Doula; <strong><u>N\u00ba<\/u><\/strong> <strong><u>2263-05<\/u><\/strong> <sub>\u2013 <\/sub>Musicoterapeuta; <strong><u>N\u00ba<\/u><\/strong><\/p><p><strong><u>2263-10<\/u><\/strong> <strong>&#8211;<\/strong> Arteterapeuta; <strong>\u00a0<\/strong><strong><u>N\u00ba<\/u><\/strong> <strong><u>2263<\/u><\/strong><strong><u>&#8211;<\/u><\/strong><strong><u>20<\/u><\/strong> <strong>&#8211;<\/strong> Natur\u00f3logo; <strong><u>N\u00ba 2515-50<\/u><\/strong> <strong>&#8211;<\/strong> Psicanalista,<\/p><p>Analista, Psican\u00e1lise; <strong><u>N\u00ba 5167-05<\/u><\/strong> <strong>&#8211;<\/strong> Astr\u00f3logo, Numer\u00f3logo<sub>; <\/sub><strong><u>N\u00ba<\/u><\/strong> <strong><u>5168-05<\/u><\/strong> <strong><sub>\u2013<\/sub><\/strong> Analista Kirlian, Radiestesistas; <sub>\u00a0<\/sub><strong><u>N\u00ba<\/u><\/strong> <strong><u>5168<sub>&#8211;<\/sub>10<\/u><\/strong>\u00a0 <sub>&#8211;<\/sub> Parapsic\u00f3logo; <strong><u>N\u00ba 6320-10<\/u><\/strong> <strong>&#8211;<\/strong> Raizeiro,<\/p><p>Erveiro. <em>Fonte<\/em><em>: <\/em><em>mte.gov.br<\/em><\/p><p><strong><u>CNAE <\/u><\/strong><u>&#8211; <strong>Classifica\u00e7\u00e3o Nacional de Atividade Econ\u00f4mica<\/strong><\/u> \u00a0= Atividades de Aten\u00e7\u00e3o \u00c0 Sa\u00fade Humana N\u00e3o Especificadas Anteriormente Classe: <strong>8690-9 <\/strong>cont\u00e9m as seguintes Subclasse: <strong>Atividades de Pr\u00e1ticas Integrativas e Complementares em Sa\u00fade Humana<\/strong><strong> &#8211;<\/strong> Servi\u00e7os destas Modalidades Terap\u00eauticas com os seguintes <strong>C\u00f3digos<\/strong>: <strong><u>N\u00ba 8690-9\/01<\/u> &#8211; <\/strong>Acupuntura, Acupunturista, Aromoterapia, Cromoterapia, Do-In, Doula, Ecoterapia, Equoterapia, Hipnoterapia, Massoterapia, Musicoterapia, Parteira, Podologia, Pod\u00f3logos, Reiki, Rolfing, Shiatsu, <strong><u>Terapias<\/u><\/strong>: Floral, Indiana, Reichiana, Alternativas, Terapias N\u00e3o Tradicionais; <strong><u>N\u00ba 8650-0\/99<\/u> &#8211;<\/strong> Quiropraxia; <strong><u>N\u00ba<\/u> <u>9602-5\/02<\/u> <\/strong>&#8211; Est\u00e9tica Facial, Corporal; Instituto de Est\u00e9tica; <strong><u>N\u00ba 8650-0 \/03<\/u> <\/strong><\/p><p>&#8211; Psican\u00e1lise; <em>Fonte:<\/em> <em>cnae.ibge.gov.br<\/em><\/p><p><strong><u>Hist\u00f3ria dos FLORAIS no Brasil<\/u><\/strong> <strong>&lt;&gt; <\/strong>A Diretoria do <strong>SINATEN<\/strong> realizou incessante trabalho na <strong>ANVISA<\/strong> &#8211; Ag\u00eancia Nacional de Vigil\u00e2ncia Sanit\u00e1ria em Bras\u00edlia\/DF conforme o \u201c<u>Of\u00edcio<\/u>\u201d de 1998 conseguiu para a Categoria a <strong>libera\u00e7\u00e3o dos Florais<\/strong> indicados por Profissional devidamente qualificado. Conforme: \u201co teor da Lei n\u00ba6360\u201d o \u201c<u>Of\u00edcio<\/u>\u201d <strong><u>N\u00c3O \u00c9<\/u><\/strong><strong> <u>RESOLU\u00c7\u00c3O<\/u><\/strong>.\u00a0 &lt;&gt;&lt;&gt; Portanto o <strong>SINATEN<\/strong> <strong>exime-se<\/strong> de qualquer responsabilidade pelo uso <strong><u>n\u00e3o autorizado do n\u00famero deste \u201cOf\u00edcio<\/u><\/strong>\u201d na fabrica\u00e7\u00e3o, embalagens, comercializa\u00e7\u00e3o e divulga\u00e7\u00e3o de produtos: Florais, Fitoter\u00e1picos, Ortomoleculares, Qu\u00e2nticos, Dinamizados e outros.<\/p><p><strong>\u00a0<\/strong><\/p><p><strong>$ O nosso Dever moral e \u00c9tico, \u00e9 de informar a Categoria, trabalhando regularizado, unidos pela causa possamos reivindicar e exigir os nossos direitos de Trabalhadores pelas Leis do Brasil $ <\/strong><\/p><p><strong>\u00a0<\/strong><\/p><p><strong><u>FILIE-SE no SINATEN<\/u><\/strong> pelo Telefone: <strong>(11) 5575-5431<\/strong> e WhatsApp: <strong>(11) 99473-0570<\/strong> ou Email: <strong>sinaten@sinaten.com.br <\/strong>e fa\u00e7a parte deste Trabalho que estamos fazendo desde o ano de 1.996 e unidos, teremos a regulamenta\u00e7\u00e3o da nossa Profiss\u00e3o com Emprego e Trabalho seja na rede P\u00fablica ou na rede Privada para n\u00f3s e para as gera\u00e7\u00f5es futuras de Terapeutas Naturistas.\u00a0<\/p><p><em>\u00c9 campe\u00e3o 2024<\/em><strong><em>\u00a0\u00a0\u00a0\u00a0\u00a0\u00a0\u00a0\u00a0\u00a0\u00a0\u00a0\u00a0\u00a0\u00a0\u00a0\u00a0\u00a0\u00a0\u00a0\u00a0\u00a0\u00a0\u00a0\u00a0\u00a0\u00a0\u00a0\u00a0\u00a0\u00a0\u00a0\u00a0\u00a0\u00a0\u00a0\u00a0\u00a0\u00a0\u00a0\u00a0\u00a0\u00a0\u00a0\u00a0\u00a0\u00a0\u00a0\u00a0\u00a0\u00a0\u00a0\u00a0\u00a0\u00a0\u00a0\u00a0\u00a0\u00a0\u00a0\u00a0\u00a0\u00a0\u00a0\u00a0\u00a0\u00a0\u00a0\u00a0\u00a0\u00a0\u00a0\u00a0\u00a0\u00a0\u00a0\u00a0\u00a0\u00a0\u00a0\u00a0\u00a0\u00a0\u00a0\u00a0\u00a0\u00a0\u00a0\u00a0\u00a0\u00a0\u00a0\u00a0\u00a0\u00a0\u00a0\u00a0\u00a0\u00a0\u00a0\u00a0\u00a0\u00a0\u00a0\u00a0\u00a0\u00a0\u00a0\u00a0\u00a0\u00a0\u00a0\u00a0\u00a0\u00a0\u00a0\u00a0\u00a0\u00a0\u00a0\u00a0\u00a0\u00a0\u00a0\u00a0\u00a0\u00a0\u00a0\u00a0\u00a0\u00a0\u00a0\u00a0\u00a0\u00a0\u00a0\u00a0\u00a0\u00a0\u00a0\u00a0\u00a0\u00a0\u00a0\u00a0\u00a0\u00a0\u00a0\u00a0\u00a0\u00a0\u00a0\u00a0\u00a0\u00a0\u00a0\u00a0\u00a0\u00a0\u00a0\u00a0\u00a0\u00a0\u00a0\u00a0 <\/em><\/strong><strong><em>P\u00e1g. <\/em><\/strong><strong>(2)<\/strong><\/p><p><strong>\u00a0<\/strong><\/p><p><strong>Somos guiados por Deus e Ele est\u00e1 entre N\u00f3s E Deus nos ajudar\u00e1 em nossos objetivos <\/strong><em>Desejos concretizados 2024<\/em><\/p><p><strong><u>Porque \u00e9 importante a tua FILIA\u00c7\u00c3O no SINATEN<\/u><\/strong><\/p><ul><li><strong><u>O SINATEN<\/u><\/strong><strong> Liberou os <\/strong><strong><u>FLORAIS na ANVISA<\/u><\/strong> <strong>no ano de 1996 para voc\u00ea poder indicar a seus clientes; <\/strong><\/li><\/ul><p><strong>\u00a0<\/strong><\/p><ul><li><strong><u>O SINATEN<\/u><\/strong><strong> Desenvolveu e colocou o 1\u00ba Curso T\u00e9cnico de Massoterapia no Brasil; <\/strong><\/li><\/ul><p><strong>\u00a0<\/strong><\/p><ul><li><strong><u>O SINATEN<\/u><\/strong><strong> Desenvolveu e colocou o 1\u00ba C\u00f3digo de \u00c9tica<\/strong><strong>\u00ae<\/strong><strong> no Brasil; <\/strong><\/li><\/ul><p><strong>\u00a0<\/strong><\/p><ul><li><strong><u>O SINATEN<\/u><\/strong><strong> Segue as Leis Municipais, Estaduais, Federal e as Normas da ANVISA; <\/strong><\/li><\/ul><p><strong>\u00a0<\/strong><\/p><ul><li><strong><u>O SINATEN<\/u><\/strong><strong> Participou e Participa de todas as Audi\u00eancias P\u00fablicas das Terapias; <\/strong><\/li><\/ul><p><strong>\u00a0<\/strong><\/p><ul><li><strong><u>O SINATEN<\/u><\/strong><strong> Faz Palestras nas Institui\u00e7\u00f5es que tem Cursos na \u00e1rea. <\/strong><\/li><\/ul><p><strong>\u00a0<\/strong><\/p><ul><li><strong><u>O SINATEN<\/u><\/strong><strong> Tem parceria com o CONBRAMASSO para emitir Declara\u00e7\u00e3o T\u00e9cnica. <\/strong><\/li><\/ul><p><strong>\u00a0<\/strong><\/p><h2>&#8211;\u00a0 <u>O SINATEN<\/u> <u>existe h\u00e1 28 anos<\/u> e est\u00e1 sempre trabalhando para a Categoria. <em>ganhar \u00e9 muito bom <\/em><\/h2><ul><li><strong>&#8211; VOC\u00ca TER\u00c1 UM DOCUMENTO DA ATIVIDADE DE <\/strong><\/li><\/ul><p><strong>TERAPEUTA NATURISTA<\/strong>: A <strong>*<em><u>CARTEIRA DE IDENTIFICA\u00c7\u00c3O DE<\/u> <u>TERAPEUTA NATURISTA<\/u><\/em>*<\/strong><\/p><ul><li><strong>&#8211; VOC\u00ca TER\u00c1 OUTRO DOCUMENTO QUE AVALIA E APOIA: <\/strong><\/li><\/ul><p>As Especialidades \/ T\u00e9cnicas de Terapeuta Naturista, As Quais S\u00e3o Conferidas Pela Comiss\u00e3o de \u00c9tica, E Atrav\u00e9s das Suas Normas e Padr\u00f5es.\u00a0 <strong><em><u>O ** CERTIFICADO DE FILIA\u00c7\u00c3O**<\/u><\/em> <\/strong><\/p><ul><li><strong>&#8211; VOC\u00ca TER\u00c1 ACESSO AO: <\/strong><strong>*** <em><u>C\u00d3DIGO DE \u00c9TICA DO (A) TERAPEUTA<\/u> <u>NATURISTA<\/u><\/em> ***<\/strong> Elaborado pela Comiss\u00e3o de \u00c9tica e Colaboradores do SINATEN. Totalmente adaptado \u00e0s Leis Vigentes do Brasil.<\/li><\/ul><p>Filie-Se e Desfrute A Seguran\u00e7a e Tranquilidade de ser Amparado por Sindicato Ativo em Prol das Terapias Naturais. <em>Desejos concretizados 2024 <\/em><\/p><p><strong># <\/strong><strong>O nosso Dever moral e \u00c9tico, \u00e9 de informar a Categoria, o que as Leis exigem para que os Terapeutas Naturistas estejam regularizados nos \u00d3rg\u00e3os P\u00fablicos; pois temos que nos organizar, nos unirmos, para que possamos reivindicar e exigir os nossos direitos pelas\u00a0\u00a0\u00a0\u00a0\u00a0\u00a0\u00a0\u00a0\u00a0\u00a0\u00a0\u00a0\u00a0\u00a0 <\/strong><\/p><p><strong>\u00a0\u00a0 Leis do Brasil. # \u00a0\u00a0\u00a0\u00a0\u00a0\u00a0\u00a0\u00a0\u00a0\u00a0\u00a0\u00a0\u00a0\u00a0 \u00a0\u00a0\u00a0\u00a0\u00a0\u00a0\u00a0\u00a0\u00a0\u00a0\u00a0\u00a0\u00a0\u00a0\u00a0 \u00a0\u00a0\u00a0\u00a0\u00a0\u00a0\u00a0\u00a0\u00a0\u00a0\u00a0\u00a0\u00a0\u00a0\u00a0 \u00a0\u00a0\u00a0\u00a0\u00a0\u00a0\u00a0\u00a0\u00a0\u00a0\u00a0\u00a0\u00a0\u00a0\u00a0 \u00a0\u00a0\u00a0\u00a0\u00a0\u00a0\u00a0\u00a0\u00a0\u00a0\u00a0\u00a0\u00a0\u00a0\u00a0 \u00a0\u00a0\u00a0\u00a0\u00a0\u00a0\u00a0\u00a0\u00a0\u00a0\u00a0\u00a0\u00a0\u00a0\u00a0 \u00a0\u00a0\u00a0\u00a0\u00a0\u00a0\u00a0\u00a0\u00a0\u00a0\u00a0\u00a0\u00a0\u00a0\u00a0 \u00a0\u00a0\u00a0\u00a0\u00a0\u00a0\u00a0\u00a0\u00a0\u00a0\u00a0<em>P\u00e1g. <\/em>(3) <\/strong><\/p><p><strong>O PROFISSIONAL TERAPEUTA NATURISTA NO EXERC\u00cdCIO DA PROFISS\u00c3O<\/strong><\/p><p><strong>Deve estar capacitado para exercer a profiss\u00e3o, ter conhecimentos da(s) T\u00e9cnica(s), e ter conhecimentos b\u00e1sicos de Anatomia, Fisiologia, Patologia, Cinesiologia, Metodologia Cient\u00edfica, Psicologia e Ecologia. Deve orientar-se-\u00e1 nas normas do<\/strong><strong> C\u00d3DIGO DE \u00c9TICA DO PROFISSIONAL TERAPEUTA NATURISTA: <\/strong><\/p><ul><li><strong>O Terapeuta Naturista: <\/strong><strong>N\u00e3o<\/strong><strong> faz diagn\u00f3stico, <\/strong><u>clientes sem diagn\u00f3stico devem<\/u> <u>ser orientados a procurarem M\u00e9dicos (as)<\/u>;<strong> n\u00e3o <\/strong><strong>prescrever e<\/strong><strong> n\u00e3o<\/strong><strong> vender rem\u00e9dios; <\/strong><strong>n\u00e3o<\/strong><strong> comercializar qualquer tipo de produtos em locais de atendimento, <\/strong>n\u00e3o trata de doen\u00e7as, mas cuida das pessoas dentro de sua abordagem naturol\u00f3gicas tradicionais, como complementos aos tratamentos da Medicina, Psicologia, Fisioterapia, Nutri\u00e7\u00e3o e outros da \u00e1rea de sa\u00fade.<\/li><\/ul><ul><li><strong>O Terapeuta Naturista<\/strong> n\u00e3o rivaliza ou concorre com qualquer profiss\u00e3o da \u00e1rea da sa\u00fade e n\u00e3o pode ser denominado \u201cdoutor ou m\u00e9dico\u201d, <strong><u>porque n\u00e3o existe no Brasil<\/u> <u>a profiss\u00e3o de<\/u> \u201cm\u00e9dico\u201d naturista, ou naturalista, ou hol\u00edstico.<\/strong><\/li><\/ul><ul><li>Ter a forma\u00e7\u00e3o com <strong><u>Certificado <\/u><\/strong><u>ou <strong>Diploma<\/strong><\/u> (<em>no idioma Portugu\u00eas Brasil<\/em>) de<strong> <u>Curso<\/u> Presencial <\/strong><em>Livres, T\u00e9cnicos, de Gradua\u00e7\u00e3o e de P\u00f3s-gradua\u00e7\u00e3o da \u00e1rea<\/em> com a Identifica\u00e7\u00e3o completa da <strong><u>Institui\u00e7\u00e3o<\/u><\/strong> e do<strong> <u>Ministrante<\/u> <\/strong>(<em>CNPJ, CPF, Endere\u00e7o, Telefone, Conte\u00fado Program\u00e1tico, Carga Hor\u00e1ria e assinaturas). <\/em><\/li><\/ul><ul><li><strong><u>Certificado no <\/u><\/strong><strong><u>Idioma Estrangeiro<\/u><\/strong> deve ter a tradu\u00e7\u00e3o no Idioma Portugu\u00eas (<em>do Brasil<\/em>) conforme <strong>Lei Federal n\u00ba 10.406 de 10\/01\/2002 e n\u00ba 6.015 de 31\/12\/1973<\/strong>.<\/li><\/ul><ul><li><strong><em><u>O (A) Terapeuta Naturista<\/u><\/em><u> que atende em Sala ou a Domic\u00edlio<\/u>:<\/strong> Deve fazer a Inscri\u00e7\u00e3o na Prefeitura e na Vigil\u00e2ncia Sanit\u00e1ria do Munic\u00edpio, declarar o Imposto de Renda; contribuir com a Previd\u00eancia Social para a aposentadoria;<\/li><\/ul><p><strong>\u00a0<\/strong><\/p><ul><li><strong><em><u>O (A) <\/u><\/em><u>Profissional que atende nas Empresas<\/u>:<\/strong> Deve fazer um <strong><u>CONTRATO<\/u> <\/strong>entre o (a) Profissional e a Empresa: o <strong>honor\u00e1rio<\/strong> de: <strong><u>40% <\/u><\/strong><u>a<strong> 50%<\/strong><\/u> para o (a) <strong>Terapeuta;<\/strong><\/li><\/ul><ul><li><strong><em><u>O (A) <\/u><\/em><u>Profissional em regime da CLT &#8211; Consolida\u00e7\u00e3o das Leis do Trabalho<\/u>:<\/strong> Constar\u00e1 na Carteira de Trabalho a T\u00e9cnica com o valor da remunera\u00e7\u00e3o.<\/li><\/ul><ul><li><strong><u>As Empresas da \u00c1rea de<em> Terapias Naturais<\/em><\/u><\/strong>: Deve fazer o Contrato Social registrar na Junta Comercial, tirar o CNPJ, Inscri\u00e7\u00e3o Estadual, Prefeitura e Alvar\u00e1 da Vigil\u00e2ncia Sanit\u00e1ria do Munic\u00edpio onde exerce sua Atividade; E recolher as taxas de CCM, PIS, INSS, IR e outras; declarar o Imposto de Renda.<\/li><\/ul><p><u>A FILIA\u00c7\u00c3O no <\/u><u>SINATEN<\/u> \u00e9 volunt\u00e1ria e espont\u00e2nea <em>ganhar \u00e9 muito bom <\/em><\/p><\/div>\n\t\t\t\t\t\t\t\t\t<div class=\"elementor-tab-title elementor-tab-mobile-title\" aria-selected=\"false\" data-tab=\"4\" role=\"tab\" tabindex=\"-1\" aria-controls=\"elementor-tab-content-3614\" aria-expanded=\"false\">Boletim 37<\/div>\n\t\t\t\t\t<div id=\"elementor-tab-content-3614\" class=\"elementor-tab-content elementor-clearfix\" data-tab=\"4\" role=\"tabpanel\" aria-labelledby=\"elementor-tab-title-3614\" tabindex=\"0\" hidden=\"hidden\"><p class=\"MsoNormal\" style=\"text-align: center; margin: 0cm 0cm 0cm 8.45pt;\" align=\"center\"><span style=\"font-weight: bold;\"><u><span style=\"font-size: 36pt; line-height: 51.36px; font-family: Arial, sans-serif;\">O TERAPEUTA<\/span><\/u><\/span><span style=\"font-size: 16pt; line-height: 22.8267px; font-family: Verdana, sans-serif;\">\u00ae<\/span><\/p><p class=\"MsoNormal\" style=\"text-align: center; margin: 0cm 0cm 0cm 8.3pt;\" align=\"center\"><span style=\"font-weight: bold;\"><u><span style=\"font-size: 26pt; line-height: 37.0933px; font-family: 'Times New Roman', serif; color: #007033;\">BOLETIM n\u00ba 37<\/span><\/u><\/span><span style=\"font-weight: bold;\">\u00a0<\/span><span style=\"font-size: 26pt; line-height: 37.0933px; font-family: 'Times New Roman', serif; color: #007033;\">\u00a0<\/span><\/p><p class=\"MsoNormal\" style=\"text-align: center; margin: 0cm 0cm 0cm 8.75pt;\" align=\"center\"><i><span style=\"font-size: 10pt; line-height: 14.2667px; font-family: 'Times New Roman', serif;\">*O Conte\u00fado deste Boletim est\u00e1 registrado\u00ae Todos os direitos reservados*<\/span><\/i><span style=\"font-weight: bold;\"><i><span style=\"font-size: 4pt; line-height: 5.70667px; font-family: Arial, sans-serif;\">\u00a0\u00a0\u00a0\u00a0\u00a0\u00a0<\/span><\/i><\/span><span style=\"font-weight: bold;\"><i><span style=\"font-size: 12px; line-height: 0; position: relative; vertical-align: baseline; bottom: -0.25em;\"><span style=\"font-size: 6pt; line-height: 8.56px; font-family: Arial, sans-serif;\">\u00a0<\/span><\/span><\/i><\/span><i><span style=\"font-size: 12px; line-height: 0; position: relative; vertical-align: baseline; bottom: -0.25em;\"><span style=\"font-size: 12.5pt; line-height: 17.8333px; font-family: 'Bookman Old Style', serif;\">Com Certeza<\/span><\/span><\/i><\/p><p class=\"MsoNormal\" style=\"margin: 0cm 0cm 2.85pt 11.4pt;\"><span style=\"font-weight: bold;\"><span style=\"font-size: 8pt; line-height: 11.4133px;\">\u00a0<\/span><\/span><\/p><p class=\"MsoNormal\" style=\"text-align: center; margin: 0cm 0cm 0cm 8.05pt;\" align=\"center\"><span style=\"font-weight: bold;\"><i><span style=\"font-size: 12pt; line-height: 17.12px; font-family: 'Times New Roman', serif;\">O INFORMATIVO DO SINATEN &#8211; SINDICATO NACIONAL DOS TERAPEUTAS NATURISTAS.<\/span><\/i><\/span><i><\/i><\/p><p class=\"MsoNormal\" style=\"margin: 0cm 0cm 1.55pt 11.4pt;\"><span style=\"font-size: 10pt; line-height: 14.2667px; font-family: 'Times New Roman', serif;\">\u00a0<\/span><\/p><p class=\"MsoNormal\" style=\"text-align: center; line-height: 16.32px; margin: 0cm 0cm 0cm 2.7pt;\" align=\"center\"><span style=\"font-weight: bold;\"><span style=\"font-size: 12pt; line-height: 16.32px; font-family: 'Times New Roman', serif; color: #1f3864;\">A Profiss\u00e3o de\u00a0<\/span><\/span><span style=\"font-weight: bold;\"><span style=\"font-size: 12pt; line-height: 16.32px; color: #1f3864;\">Terapeuta Naturista<\/span><\/span><span style=\"font-weight: bold;\"><span style=\"font-size: 12pt; line-height: 16.32px; font-family: 'Times New Roman', serif; color: #1f3864;\">\u00a0\u00e9 de Interesse Social da Sa\u00fade P\u00fablica, e n\u00e3o possui reserva de mercado das outras profiss\u00f5es da \u00c1rea da Sa\u00fade.<\/span><\/span><\/p><p class=\"MsoNormal\" style=\"margin: 0cm 0cm 14.6pt 11.4pt;\"><span style=\"font-size: 12pt; line-height: 17.12px;\">\u00a0<\/span><\/p><p class=\"MsoNormal\" style=\"margin: 0cm 0cm 13.6pt 11.4pt;\"><span style=\"font-weight: bold;\"><span style=\"font-size: 14pt; line-height: 19.9733px; font-family: Arial, sans-serif; color: #7030a0;\">Ol\u00e1 Colega<\/span><\/span>\u00a0<span style=\"font-size: 14pt; line-height: 19.9733px; font-family: Arial, sans-serif; color: #7030a0;\">Sauda\u00e7\u00f5es Terap\u00eauticas<\/span><span style=\"font-size: 14pt; line-height: 19.9733px; font-family: Arial, sans-serif;\">\u00ae!<\/span><span style=\"font-size: 14pt; line-height: 19.9733px; font-family: Arial, sans-serif; color: #26282a;\">\u00a0<\/span><\/p><p class=\"MsoNormal\" style=\"line-height: 15.84px; margin: 0cm 0cm 18.85pt 11.4pt;\"><span style=\"font-weight: bold;\"><u><span style=\"font-size: 14pt; line-height: 18.48px; font-family: Verdana, sans-serif; color: #525252;\">\u00c9 importante a tua FILIA\u00c7\u00c3O\u00a0<\/span><\/u><\/span><span style=\"font-weight: bold;\"><span style=\"font-size: 14pt; line-height: 18.48px; font-family: Verdana, sans-serif;\">volunt\u00e1ria e espont\u00e2nea<\/span><\/span>\u00a0<span style=\"font-weight: bold;\"><span style=\"font-size: 14pt; line-height: 18.48px; font-family: Verdana, sans-serif; color: #525252;\">no\u00a0<\/span><\/span><span style=\"font-weight: bold;\"><u><span style=\"font-size: 14pt; line-height: 18.48px; font-family: Verdana, sans-serif; color: #00b050;\">SINATEN<\/span><\/u><\/span><span style=\"font-weight: bold;\">\u00a0<\/span><span style=\"font-size: 14pt; line-height: 18.48px; font-family: Verdana, sans-serif;\">e pode ser feita no site:\u00a0<\/span><a href=\"http:\/\/www.sinaten.com.br\/\"><span style=\"font-weight: bold;\"><span style=\"font-size: 14pt; line-height: 18.48px; font-family: Verdana, sans-serif; color: blue;\">www.sinaten.com.br<\/span><\/span><\/a><\/p><p class=\"MsoNormal\" style=\"text-indent: -21pt; line-height: 16.48px; margin: 0cm 0cm 13.35pt 31.65pt;\"><span style=\"font-size: 18pt; line-height: 24.72px; font-family: Verdana, sans-serif; color: #33cc33;\">&#8211;<span style=\"font-variant-numeric: normal; font-variant-east-asian: normal; font-variant-alternates: normal; font-kerning: auto; font-optical-sizing: auto; font-feature-settings: normal; font-variation-settings: normal; font-stretch: normal; font-size: 7pt; line-height: normal; font-family: 'Times New Roman';\">\u00a0\u00a0\u00a0\u00a0\u00a0\u00a0<\/span><\/span><span style=\"font-weight: bold;\"><u><span style=\"font-size: 18pt; line-height: 24.72px; font-family: Verdana, sans-serif; color: #33cc33;\">O SINATEN<\/span><\/u><\/span><span style=\"font-weight: bold;\"><span style=\"font-size: 18pt; line-height: 24.72px; font-family: Verdana, sans-serif; color: #33cc33;\">\u00a0Liberou Florais na ANVISA para voc\u00ea poder indicar a seus clientes;<\/span><\/span><\/p><p class=\"MsoNormal\" style=\"text-indent: -21pt; line-height: 16.48px; margin: 0cm 0cm 13.35pt 31.65pt;\"><span style=\"font-size: 18pt; line-height: 24.72px; font-family: Verdana, sans-serif; color: #33cc33;\">&#8211;<span style=\"font-variant-numeric: normal; font-variant-east-asian: normal; font-variant-alternates: normal; font-kerning: auto; font-optical-sizing: auto; font-feature-settings: normal; font-variation-settings: normal; font-stretch: normal; font-size: 7pt; line-height: normal; font-family: 'Times New Roman';\">\u00a0\u00a0\u00a0\u00a0\u00a0\u00a0<\/span><\/span><span style=\"font-weight: bold;\"><u><span style=\"font-size: 18pt; line-height: 24.72px; font-family: Verdana, sans-serif; color: #33cc33;\">O SINATEN<\/span><\/u><\/span><span style=\"font-weight: bold;\"><span style=\"font-size: 18pt; line-height: 24.72px; font-family: Verdana, sans-serif; color: #33cc33;\">\u00a0Desenvolveu e colocou o 1\u00ba Curso T\u00e9cnico de Massoterapia no Brasil;<\/span><\/span><\/p><p class=\"MsoNormal\" style=\"text-indent: -21pt; line-height: 16.48px; margin: 0cm 0cm 13.35pt 31.65pt;\"><span style=\"font-size: 18pt; line-height: 24.72px; font-family: Verdana, sans-serif; color: #33cc33;\">&#8211;<span style=\"font-variant-numeric: normal; font-variant-east-asian: normal; font-variant-alternates: normal; font-kerning: auto; font-optical-sizing: auto; font-feature-settings: normal; font-variation-settings: normal; font-stretch: normal; font-size: 7pt; line-height: normal; font-family: 'Times New Roman';\">\u00a0\u00a0\u00a0\u00a0\u00a0\u00a0<\/span><\/span><span style=\"font-weight: bold;\"><u><span style=\"font-size: 18pt; line-height: 24.72px; font-family: Verdana, sans-serif; color: #33cc33;\">O SINATEN<\/span><\/u><\/span><span style=\"font-weight: bold;\"><span style=\"font-size: 18pt; line-height: 24.72px; font-family: Verdana, sans-serif; color: #33cc33;\">\u00a0Desenvolveu e colocou o 1\u00ba C\u00f3digo de \u00c9tica<\/span><\/span><span style=\"font-size: 14pt; line-height: 19.2267px; font-family: Arial, sans-serif; color: #00b050;\">\u00ae<\/span><span style=\"font-weight: bold;\"><span style=\"font-size: 18pt; line-height: 24.72px; font-family: Verdana, sans-serif; color: #33cc33;\">\u00a0no Brasil;<\/span><\/span><\/p><p class=\"MsoNormal\" style=\"text-indent: -21pt; line-height: 16.48px; margin: 0cm 0cm 13.35pt 31.65pt;\"><span style=\"font-size: 18pt; line-height: 24.72px; font-family: Verdana, sans-serif; color: #33cc33;\">&#8211;<span style=\"font-variant-numeric: normal; font-variant-east-asian: normal; font-variant-alternates: normal; font-kerning: auto; font-optical-sizing: auto; font-feature-settings: normal; font-variation-settings: normal; font-stretch: normal; font-size: 7pt; line-height: normal; font-family: 'Times New Roman';\">\u00a0\u00a0\u00a0\u00a0\u00a0\u00a0<\/span><\/span><span style=\"font-weight: bold;\"><u><span style=\"font-size: 18pt; line-height: 24.72px; font-family: Verdana, sans-serif; color: #33cc33;\">O SINATEN<\/span><\/u><\/span><span style=\"font-weight: bold;\"><span style=\"font-size: 18pt; line-height: 24.72px; font-family: Verdana, sans-serif; color: #33cc33;\">\u00a0Segue as Leis Municipais, Estaduais, Federal e as Normas da ANVISA;<\/span><\/span><\/p><p class=\"MsoNormal\" style=\"text-indent: -21pt; line-height: 16.48px; margin: 0cm 0cm 13.35pt 31.65pt;\"><span style=\"font-size: 18pt; line-height: 24.72px; font-family: Verdana, sans-serif; color: #33cc33;\">&#8211;<span style=\"font-variant-numeric: normal; font-variant-east-asian: normal; font-variant-alternates: normal; font-kerning: auto; font-optical-sizing: auto; font-feature-settings: normal; font-variation-settings: normal; font-stretch: normal; font-size: 7pt; line-height: normal; font-family: 'Times New Roman';\">\u00a0\u00a0\u00a0\u00a0\u00a0\u00a0<\/span><\/span><span style=\"font-weight: bold;\"><u><span style=\"font-size: 18pt; line-height: 24.72px; font-family: Verdana, sans-serif; color: #33cc33;\">O SINATEN<\/span><\/u><\/span><span style=\"font-weight: bold;\"><span style=\"font-size: 18pt; line-height: 24.72px; font-family: Verdana, sans-serif; color: #33cc33;\">\u00a0Participou e Participa de todas as Audi\u00eancias P\u00fablicas das Terapias;<\/span><\/span><\/p><p class=\"MsoNormal\" style=\"text-indent: -21pt; line-height: 16.48px; margin: 0cm 0cm 13.35pt 31.65pt;\"><span style=\"font-size: 18pt; line-height: 24.72px; font-family: Verdana, sans-serif; color: #33cc33;\">&#8211;<span style=\"font-variant-numeric: normal; font-variant-east-asian: normal; font-variant-alternates: normal; font-kerning: auto; font-optical-sizing: auto; font-feature-settings: normal; font-variation-settings: normal; font-stretch: normal; font-size: 7pt; line-height: normal; font-family: 'Times New Roman';\">\u00a0\u00a0\u00a0\u00a0\u00a0\u00a0<\/span><\/span><span style=\"font-weight: bold;\"><u><span style=\"font-size: 18pt; line-height: 24.72px; font-family: Verdana, sans-serif; color: #33cc33;\">O SINATEN<\/span><\/u><\/span><span style=\"font-weight: bold;\"><span style=\"font-size: 18pt; line-height: 24.72px; font-family: Verdana, sans-serif; color: #33cc33;\">\u00a0A Diretoria faz Palestras nas Institui\u00e7\u00f5es que tem Cursos na \u00e1rea.<\/span><\/span><\/p><p class=\"MsoNormal\" style=\"text-indent: -21pt; line-height: 16.48px; margin: 0cm 0cm 8.15pt 31.65pt;\"><span style=\"font-size: 18pt; line-height: 24.72px; font-family: Verdana, sans-serif; color: #33cc33;\">&#8211;<span style=\"font-variant-numeric: normal; font-variant-east-asian: normal; font-variant-alternates: normal; font-kerning: auto; font-optical-sizing: auto; font-feature-settings: normal; font-variation-settings: normal; font-stretch: normal; font-size: 7pt; line-height: normal; font-family: 'Times New Roman';\">\u00a0\u00a0\u00a0\u00a0\u00a0\u00a0<\/span><\/span><span style=\"font-weight: bold;\"><u><span style=\"font-size: 18pt; line-height: 24.72px; font-family: Verdana, sans-serif; color: #33cc33;\">O SINATEN<\/span><\/u><\/span><span style=\"font-weight: bold;\"><span style=\"font-size: 18pt; line-height: 24.72px; font-family: Verdana, sans-serif; color: #33cc33;\">\u00a0est\u00e1 sempre trabalhando para a Categoria.<\/span><\/span><\/p><p class=\"MsoNormal\" style=\"text-indent: -85.65pt; line-height: 16px; margin: 0cm 0cm 12.8pt 133.85pt;\"><i><span style=\"font-size: 14pt; line-height: 18.6667px; font-family: Arial, sans-serif; color: #c55a11;\">As Terapias Naturais: Integrativas, Complementares\u00a0<span style=\"font-weight: bold;\">n\u00e3o substitui<\/span>\u00a0o tratamento\u00a0<span style=\"font-weight: bold;\">da<\/span>\u00a0<span style=\"font-weight: bold;\">Medicina, da Fisioterapia, da Psicologia, da Nutri\u00e7\u00e3o<\/span>\u00a0ou de outra \u00e1rea da Sa\u00fade.<\/span><\/i><i><\/i><\/p><p class=\"MsoNormal\" style=\"line-height: 19.2px; margin: 0cm 0cm 0cm 47.4pt;\"><span style=\"font-weight: bold;\"><span style=\"font-size: 12pt; line-height: 19.2px; font-family: Verdana, sans-serif; color: #222a35;\">O nosso Dever moral e \u00e9tico \u00e9 de informar Categoria conforme as normas do primeiro<\/span><\/span><span style=\"font-weight: bold;\">\u00a0<\/span><span style=\"font-weight: bold;\"><span style=\"font-size: 12pt; line-height: 19.2px; font-family: 'Clarendon BT', serif;\">1\u00ba\u00a0<\/span><\/span><span style=\"font-weight: bold;\"><span style=\"font-size: 12pt; line-height: 19.2px; font-family: 'Clarendon BT', serif; color: #222a35;\">C\u00d3DIGO DE \u00c9TICA<\/span><\/span><span style=\"font-size: 14pt; line-height: 22.4px; font-family: Arial, sans-serif;\">\u00ae<\/span><span style=\"font-weight: bold;\"><span style=\"font-size: 12pt; line-height: 19.2px; font-family: 'Clarendon BT', serif;\">\u00a0n<\/span><\/span><span style=\"font-weight: bold;\"><span style=\"font-size: 12pt; line-height: 19.2px; font-family: 'Clarendon BT', serif; color: #222a35;\">o Brasil.<\/span><\/span><\/p><p class=\"MsoNormal\" style=\"margin: 0cm 0cm 8.5pt 47.4pt;\"><i><span style=\"color: #222a35;\">\u00a0<\/span><\/i><\/p><h1 style=\"font-family: Roboto, sans-serif; color: #003d08;\">Hist\u00f3ria dos FLORAIS no Brasil<u><\/u><\/h1><p class=\"MsoNormal\" style=\"text-align: center; margin: 0cm 0cm 0cm 8.4pt;\" align=\"center\"><span style=\"font-weight: bold;\"><span style=\"font-size: 20pt; line-height: 28.5333px; color: #7f6000;\">Obs. \u00c9 importante constar na Grade Curricular dos Cursos<\/span><\/span><span style=\"font-weight: bold;\"><span style=\"font-size: 20pt; line-height: 28.5333px;\">.<\/span><\/span><\/p><p class=\"MsoNormal\" style=\"text-align: center; margin: 0cm 0cm 10.15pt 10.6pt;\" align=\"center\"><span style=\"font-weight: bold;\"><span style=\"font-size: 9.5pt; line-height: 13.5533px;\">\u00a0<\/span><\/span><\/p><p class=\"MsoNormal\" style=\"text-align: justify; line-height: normal; margin: 0cm 2.95pt 0.1pt 11.4pt;\"><span style=\"font-weight: bold;\"><span style=\"font-size: 20pt; font-family: Verdana, sans-serif; color: red;\">Os Florais no Brasil<\/span><\/span><span style=\"font-size: 20pt; font-family: Verdana, sans-serif; color: red;\">\u00a0<span style=\"font-weight: bold;\">foram liberados<\/span><\/span><span style=\"font-size: 20pt; font-family: Verdana, sans-serif;\">\u00a0pelo trabalho da Diretoria do\u00a0<\/span><span style=\"font-weight: bold;\"><span style=\"font-size: 20pt; font-family: Verdana, sans-serif; color: #385723;\">SINATEN<\/span><\/span>\u00a0<span style=\"font-size: 20pt; font-family: Verdana, sans-serif;\">na\u00a0<\/span><span style=\"font-weight: bold;\"><u><span style=\"font-size: 20pt; font-family: Verdana, sans-serif; color: red;\">ANVISA<\/span><\/u><\/span><u>\u00a0<\/u><u><span style=\"font-size: 20pt; font-family: Verdana, sans-serif;\">&#8211; Ag\u00eancia Nacional de Vigil\u00e2ncia Sanit\u00e1ria<\/span><\/u><span style=\"font-size: 20pt; font-family: Verdana, sans-serif;\">\u00a0<u>em Bras\u00edlia\/DF<\/u>\u00a0<\/span><span style=\"font-weight: bold;\"><u><span style=\"font-size: 20pt; font-family: Verdana, sans-serif; color: #385723;\">para a Categoria\u00a0<\/span><\/u><\/span><span style=\"font-size: 20pt; font-family: Verdana, sans-serif; color: #385723;\">de\u00a0<\/span><span style=\"font-weight: bold;\"><u><span style=\"font-size: 20pt; font-family: Verdana, sans-serif;\">Terapeuta Naturista<\/span><\/u><\/span><span style=\"font-weight: bold;\">\u00a0<\/span><span style=\"font-size: 20pt; font-family: Verdana, sans-serif;\">conforme o \u201c<\/span><u><span style=\"font-size: 20pt; font-family: Verdana, sans-serif; color: green;\">Of\u00edcio de 1998 recebido pelo SINATEN<\/span><\/u><span style=\"font-size: 20pt; font-family: Verdana, sans-serif;\">\u201d e o \u201cteor da Lei n\u00ba 6360\u201d.<\/span><\/p><p class=\"MsoNormal\" style=\"margin: 0cm 0cm 0cm 11.4pt;\"><span style=\"font-size: 20pt; line-height: 28.5333px; font-family: Verdana, sans-serif;\">\u00a0<\/span><\/p><p class=\"MsoNormal\" style=\"text-align: justify; line-height: normal; margin: 0cm 2.95pt 0cm 11.4pt;\"><span style=\"font-size: 20pt; font-family: Verdana, sans-serif;\">Portanto o\u00a0<\/span><span style=\"font-weight: bold;\"><span style=\"font-size: 20pt; font-family: Verdana, sans-serif; color: #385723;\">SINATEN<\/span><\/span>\u00a0<span style=\"font-size: 20pt; font-family: Verdana, sans-serif;\">trabalhou para que voc\u00ea\u00a0<u>Profissional<\/u>\u00a0<u>devidamente qualificado<\/u>\u00a0possa indicar as Ess\u00eancias Florais e,\u00a0<span style=\"font-weight: bold;\">exime-se<\/span>\u00a0de qualquer responsabilidade pelo uso\u00a0<\/span><span style=\"font-weight: bold;\"><u><span style=\"font-size: 20pt; font-family: Verdana, sans-serif; color: red;\">n\u00e3o autorizado<\/span><\/u><\/span><span style=\"font-weight: bold;\"><span style=\"font-size: 20pt; font-family: Verdana, sans-serif; color: red;\">\u00a0<u>do n\u00famero deste \u201cOf\u00edcio<\/u>\u201d<\/span><\/span><span style=\"font-size: 20pt; font-family: Verdana, sans-serif;\">\u00a0o qual\u00a0<\/span><span style=\"font-weight: bold;\"><u><span style=\"font-size: 20pt; font-family: Verdana, sans-serif; color: red;\">N\u00c3O \u00e9 Resolu\u00e7\u00e3o<\/span><\/u><\/span><span style=\"font-size: 20pt; font-family: Verdana, sans-serif;\">\u00a0e\u00a0<\/span><span style=\"font-weight: bold;\"><u><span style=\"font-size: 20pt; font-family: Verdana, sans-serif; color: red;\">N\u00c3O pode<\/span><\/u><\/span><span style=\"font-weight: bold;\"><span style=\"font-size: 20pt; font-family: Verdana, sans-serif; color: red;\">\u00a0<u>ser utilizado<\/u><\/span><\/span>\u00a0<span style=\"font-size: 20pt; font-family: Verdana, sans-serif;\">na fabrica\u00e7\u00e3o, comercializa\u00e7\u00e3o, embalagens e divulga\u00e7\u00e3o de produtos: Florais, Fitoter\u00e1picos, Ortomoleculares,<\/span><\/p><p class=\"MsoNormal\" style=\"line-height: 16.32px; margin: 0cm 0cm 0cm 11.4pt;\"><span style=\"font-size: 20pt; line-height: 27.2px; font-family: Verdana, sans-serif;\">Qu\u00e2nticos, Dinamizados e outros.\u00a0<\/span><i><span style=\"font-size: 18pt; line-height: 24.48px; font-family: Verdana, sans-serif; color: red;\">Se utilizam est\u00e3o irregulares na ANVISA.<\/span><\/i><\/p><p class=\"MsoNormal\" style=\"text-align: center; margin: 0cm 0cm 0.15pt 10.6pt;\" align=\"center\"><span style=\"font-weight: bold;\"><span style=\"font-size: 9.5pt; line-height: 13.5533px;\">\u00a0<\/span><\/span><\/p><p class=\"MsoNormal\" style=\"text-align: center; margin: 0cm 0cm 7.25pt 11.2pt;\" align=\"center\"><span style=\"font-weight: bold;\"><span style=\"font-family: 'Times New Roman', serif;\">\u00a0<\/span><\/span><\/p><p class=\"MsoNormal\" style=\"text-align: center; margin: 0cm 0cm 0cm 8.6pt;\" align=\"center\"><span style=\"font-weight: bold;\"><span style=\"font-size: 16pt; line-height: 22.8267px; border: 2.25pt solid black; padding: 0cm;\">O PROFISSIONAL TERAPEUTA NATURISTA NO EXERC\u00cdCIO DA PROFISS\u00c3O<\/span><\/span><\/p><p class=\"MsoNormal\" style=\"margin: 0cm 0cm 0cm 11.4pt;\"><span style=\"font-size: 12pt; line-height: 17.12px; font-family: Verdana, sans-serif; color: red;\">\u00a0<\/span><\/p><p class=\"MsoNormal\" style=\"text-align: justify; line-height: normal; margin: 0cm 2.8pt 0cm 11.4pt;\"><span style=\"font-weight: bold;\"><span style=\"font-size: 12pt; font-family: Verdana, sans-serif; color: #1f3864;\">Deve estar capacitado para exercer a profiss\u00e3o, ter conhecimentos da(s) T\u00e9cnica(s), e ter conhecimentos b\u00e1sicos de Anatomia, Fisiologia, Patologia, Cinesiologia, Metodologia Cient\u00edfica, Psicologia e Ecologia. Deve orientar-se-\u00e1 nas normas do C\u00d3DIGO DE \u00c9TICA DO PROFISSIONAL TERAPEUTA NATURISTA<\/span><\/span><span style=\"font-weight: bold;\"><span style=\"font-size: 12pt; font-family: 'Clarendon BT', serif; color: #385723;\">\u00ae\u00a0<\/span><\/span><span style=\"font-size: 12pt; font-family: 'Clarendon BT', serif; color: #385723;\">\u00e9 o 1\u00ba do BRASIL.\u00a0<\/span><span style=\"font-weight: bold;\"><span style=\"font-size: 12pt; font-family: Verdana, sans-serif; color: #1f3864;\">\u00a0<\/span><\/span><\/p><p class=\"MsoNormal\" style=\"margin: 0cm 0cm 4.8pt 11.4pt;\"><span style=\"font-size: 8pt; line-height: 11.4133px; font-family: Verdana, sans-serif;\">\u00a0<\/span><\/p><p class=\"MsoNormal\" style=\"text-align: justify; text-indent: -18pt; line-height: 16.48px; margin: 0cm 2.4pt 0.25pt 29.65pt;\"><span style=\"font-weight: bold;\"><span style=\"font-size: 12pt; line-height: 16.48px; font-family: Verdana, sans-serif;\">1)<span style=\"font-variant-numeric: normal; font-variant-east-asian: normal; font-variant-alternates: normal; font-kerning: auto; font-optical-sizing: auto; font-feature-settings: normal; font-variation-settings: normal; font-weight: normal; font-stretch: normal; font-size: 7pt; line-height: normal; font-family: 'Times New Roman';\">\u00a0\u00a0<\/span><\/span><\/span><span style=\"font-weight: bold;\"><span style=\"font-size: 12pt; line-height: 16.48px; font-family: Verdana, sans-serif;\">O Terapeuta Naturista:\u00a0<\/span><\/span><span style=\"font-weight: bold;\"><span style=\"font-size: 12pt; line-height: 16.48px; font-family: Verdana, sans-serif; color: red;\">N\u00e3o<\/span><\/span><span style=\"font-weight: bold;\"><span style=\"font-size: 12pt; line-height: 16.48px; font-family: Verdana, sans-serif;\">\u00a0faz diagn\u00f3stico,\u00a0<\/span><\/span><u><span style=\"font-size: 12pt; line-height: 16.48px; font-family: Verdana, sans-serif;\">clientes sem diagn\u00f3stico devem ser orientados a procurarem<\/span><\/u><span style=\"font-size: 12pt; line-height: 16.48px; font-family: Verdana, sans-serif;\">\u00a0<u>M\u00e9dicos (as)<\/u>;<\/span><span style=\"font-weight: bold;\"><span style=\"font-size: 12pt; line-height: 16.48px; font-family: Verdana, sans-serif; color: red;\">\u00a0n\u00e3o\u00a0<\/span><\/span><span style=\"font-weight: bold;\"><span style=\"font-size: 12pt; line-height: 16.48px; font-family: Verdana, sans-serif;\">prescrever e<\/span><\/span><span style=\"font-weight: bold;\"><span style=\"font-size: 12pt; line-height: 16.48px; font-family: Verdana, sans-serif; color: red;\">\u00a0n\u00e3o<\/span><\/span><span style=\"font-weight: bold;\"><span style=\"font-size: 12pt; line-height: 16.48px; font-family: Verdana, sans-serif;\">\u00a0vende rem\u00e9dios;\u00a0<\/span><\/span><span style=\"font-weight: bold;\"><span style=\"font-size: 12pt; line-height: 16.48px; font-family: Verdana, sans-serif; color: red;\">n\u00e3o<\/span><\/span><span style=\"font-weight: bold;\"><span style=\"font-size: 12pt; line-height: 16.48px; font-family: Verdana, sans-serif;\">\u00a0comercializa qualquer tipo de produtos em locais de atendimento,\u00a0<\/span><\/span><span style=\"font-weight: bold;\"><span style=\"font-size: 12pt; line-height: 16.48px; font-family: Verdana, sans-serif; color: red;\">n\u00e3o<\/span><\/span><span style=\"font-size: 12pt; line-height: 16.48px; font-family: Verdana, sans-serif;\">\u00a0trata de doen\u00e7as, mas cuida das pessoas dentro de sua abordagem naturol\u00f3gicas tradicionais, como complementos aos tratamentos da Medicina, Psicologia, Fisioterapia, Nutri\u00e7\u00e3o e outros da \u00e1rea de sa\u00fade.\u00a0<\/span><\/p><p class=\"MsoNormal\" style=\"margin: 0cm 0cm 4.75pt 11.4pt;\"><span style=\"font-size: 8pt; line-height: 11.4133px; font-family: Verdana, sans-serif;\">\u00a0<\/span><\/p><p class=\"MsoNormal\" style=\"text-align: justify; text-indent: -18pt; line-height: 16.48px; margin: 0cm 2.4pt 0.25pt 29.65pt;\"><span style=\"font-weight: bold;\"><span style=\"font-size: 12pt; line-height: 16.48px; font-family: Verdana, sans-serif;\">2)<span style=\"font-variant-numeric: normal; font-variant-east-asian: normal; font-variant-alternates: normal; font-kerning: auto; font-optical-sizing: auto; font-feature-settings: normal; font-variation-settings: normal; font-weight: normal; font-stretch: normal; font-size: 7pt; line-height: normal; font-family: 'Times New Roman';\">\u00a0\u00a0<\/span><\/span><\/span><span style=\"font-weight: bold;\"><span style=\"font-size: 12pt; line-height: 16.48px; font-family: Verdana, sans-serif;\">O Terapeuta Naturista<\/span><\/span><span style=\"font-size: 12pt; line-height: 16.48px; font-family: Verdana, sans-serif;\">\u00a0n\u00e3o rivaliza ou concorre com qualquer profiss\u00e3o da \u00e1rea da sa\u00fade e n\u00e3o pode ser denominado \u201cdoutor ou m\u00e9dico\u201d,\u00a0<span style=\"font-weight: bold;\"><u>porque n\u00e3o existe no Brasil a profiss\u00e3o de<\/u>\u00a0\u201cm\u00e9dico\u201d naturista, ou naturalista, ou hol\u00edstico.<\/span>\u00a0<\/span><\/p><p class=\"MsoNormal\" style=\"margin: 0cm 0cm 4.75pt 11.4pt;\"><span style=\"font-size: 8pt; line-height: 11.4133px; font-family: Verdana, sans-serif;\">\u00a0<\/span><\/p><p class=\"MsoNormal\" style=\"text-align: justify; text-indent: -18pt; line-height: 15.84px; margin: 0cm 2.4pt 0cm 29.65pt;\"><span style=\"font-weight: bold;\"><span style=\"font-size: 12pt; line-height: 15.84px; font-family: Verdana, sans-serif;\">3)<span style=\"font-variant-numeric: normal; font-variant-east-asian: normal; font-variant-alternates: normal; font-kerning: auto; font-optical-sizing: auto; font-feature-settings: normal; font-variation-settings: normal; font-weight: normal; font-stretch: normal; font-size: 7pt; line-height: normal; font-family: 'Times New Roman';\">\u00a0\u00a0<\/span><\/span><\/span><span style=\"font-size: 12pt; line-height: 15.84px; font-family: Verdana, sans-serif;\">Ter a forma\u00e7\u00e3o com\u00a0<span style=\"font-weight: bold;\"><u>Certificado\u00a0<\/u><\/span><u>ou\u00a0<span style=\"font-weight: bold;\">Diploma<\/span><\/u>\u00a0(<i>no idioma Portugu\u00eas Brasil<\/i>) de<span style=\"font-weight: bold;\">\u00a0<u>Curso\u00a0<\/u>Presencial\u00a0<\/span><i>Livres, T\u00e9cnicos, de Gradua\u00e7\u00e3o e de P\u00f3s Gradua\u00e7\u00e3o da \u00e1rea<\/i>\u00a0com a Identifica\u00e7\u00e3o completa da\u00a0<span style=\"font-weight: bold;\"><u>Institui\u00e7\u00e3o<\/u><\/span>\u00a0e do<span style=\"font-weight: bold;\">\u00a0<u>Ministrante<\/u>\u00a0<\/span>(<i>CNPJ, CPF, Endere\u00e7o, Telefone, Conte\u00fado Program\u00e1tico, Carga Hor\u00e1ria e assinaturas).<\/i><\/span><\/p><p class=\"MsoNormal\" style=\"margin: 0cm 0cm 4.75pt 11.4pt;\"><span style=\"font-size: 8pt; line-height: 11.4133px; font-family: Verdana, sans-serif;\">\u00a0<\/span><\/p><p class=\"MsoNormal\" style=\"text-align: justify; text-indent: -18pt; line-height: normal; margin: 0cm 2.4pt 0cm 29.65pt;\"><span style=\"font-weight: bold;\"><span style=\"font-size: 12pt; font-family: Verdana, sans-serif;\">4)<span style=\"font-variant-numeric: normal; font-variant-east-asian: normal; font-variant-alternates: normal; font-kerning: auto; font-optical-sizing: auto; font-feature-settings: normal; font-variation-settings: normal; font-weight: normal; font-stretch: normal; font-size: 7pt; line-height: normal; font-family: 'Times New Roman';\">\u00a0\u00a0<\/span><\/span><\/span><span style=\"font-weight: bold;\"><u><span style=\"font-size: 12pt; font-family: Verdana, sans-serif;\">Certificado no\u00a0<\/span><\/u><\/span><span style=\"font-weight: bold;\"><u><span style=\"font-size: 12pt; font-family: Verdana, sans-serif; color: red;\">Idioma Estrangeiro<\/span><\/u><\/span><span style=\"font-size: 12pt; font-family: Verdana, sans-serif;\">\u00a0deve ter a tradu\u00e7\u00e3o no Idioma Portugu\u00eas (<i>do Brasil<\/i>) conforme\u00a0<span style=\"font-weight: bold;\">Lei Federal n\u00ba 10.406 de 10\/01\/2002 e n\u00ba 6.015 de 31\/12\/1973<\/span>.<i><\/i><\/span><\/p><p class=\"MsoNormal\" style=\"margin: 0cm 0cm 4.8pt 11.4pt;\"><span style=\"font-size: 8pt; line-height: 11.4133px; font-family: Verdana, sans-serif;\">\u00a0<\/span><\/p><p class=\"MsoNormal\" style=\"text-align: justify; text-indent: -18pt; line-height: 16.48px; margin: 0cm 2.4pt 0.25pt 29.65pt;\"><span style=\"font-weight: bold;\"><span style=\"font-size: 12pt; line-height: 16.48px; font-family: Verdana, sans-serif;\">5)<span style=\"font-variant-numeric: normal; font-variant-east-asian: normal; font-variant-alternates: normal; font-kerning: auto; font-optical-sizing: auto; font-feature-settings: normal; font-variation-settings: normal; font-weight: normal; font-stretch: normal; font-size: 7pt; line-height: normal; font-family: 'Times New Roman';\">\u00a0\u00a0<\/span><\/span><\/span><span style=\"font-weight: bold;\"><i><u><span style=\"font-size: 12pt; line-height: 16.48px; font-family: Verdana, sans-serif;\">O (A) Terapeuta Naturista<\/span><\/u><\/i><\/span><span style=\"font-weight: bold;\"><u><span style=\"font-size: 12pt; line-height: 16.48px; font-family: Verdana, sans-serif;\">\u00a0que atende em Sala ou a Domic\u00edlio<\/span><\/u><\/span><span style=\"font-weight: bold;\"><span style=\"font-size: 12pt; line-height: 16.48px; font-family: Verdana, sans-serif;\">:<\/span><\/span><span style=\"font-size: 12pt; line-height: 16.48px; font-family: Verdana, sans-serif;\">\u00a0Deve fazer a Inscri\u00e7\u00e3o na Prefeitura e na Vigil\u00e2ncia Sanit\u00e1ria do Munic\u00edpio, declarar o Imposto de Renda; contribuir com a Previd\u00eancia Social para a aposentadoria;<\/span><\/p><p class=\"MsoNormal\" style=\"margin: 0cm 0cm 4.75pt 11.4pt;\"><span style=\"font-weight: bold;\"><span style=\"font-size: 8pt; line-height: 11.4133px; font-family: Verdana, sans-serif;\">\u00a0<\/span><\/span><\/p><p class=\"MsoNormal\" style=\"text-align: justify; text-indent: -18pt; line-height: 16.48px; margin: 0cm 2.4pt 0.25pt 29.65pt;\"><span style=\"font-weight: bold;\"><span style=\"font-size: 12pt; line-height: 16.48px; font-family: Verdana, sans-serif;\">6)<span style=\"font-variant-numeric: normal; font-variant-east-asian: normal; font-variant-alternates: normal; font-kerning: auto; font-optical-sizing: auto; font-feature-settings: normal; font-variation-settings: normal; font-weight: normal; font-stretch: normal; font-size: 7pt; line-height: normal; font-family: 'Times New Roman';\">\u00a0\u00a0<\/span><\/span><\/span><span style=\"font-weight: bold;\"><i><u><span style=\"font-size: 12pt; line-height: 16.48px; font-family: Verdana, sans-serif;\">O (A)\u00a0<\/span><\/u><\/i><\/span><span style=\"font-weight: bold;\"><u><span style=\"font-size: 12pt; line-height: 16.48px; font-family: Verdana, sans-serif;\">Profissional que atende nas Empresas<\/span><\/u><\/span><span style=\"font-weight: bold;\"><span style=\"font-size: 12pt; line-height: 16.48px; font-family: Verdana, sans-serif;\">:<\/span><\/span><span style=\"font-size: 12pt; line-height: 16.48px; font-family: Verdana, sans-serif;\">\u00a0Deve fazer um\u00a0<span style=\"font-weight: bold;\"><u>CONTRATO<\/u>\u00a0<\/span>entre o (a) Profissional e a Empresa: o\u00a0<span style=\"font-weight: bold;\">honor\u00e1rio<\/span>\u00a0<\/span><span style=\"font-size: 12pt; line-height: 16.48px; font-family: Verdana, sans-serif; color: red;\">de:\u00a0<span style=\"font-weight: bold;\"><u>50%\u00a0<\/u><\/span><u>a<span style=\"font-weight: bold;\">\u00a060%<\/span><\/u><\/span><span style=\"font-size: 12pt; line-height: 16.48px; font-family: Verdana, sans-serif;\">\u00a0para o (a)\u00a0<span style=\"font-weight: bold;\">Terapeuta;<\/span><\/span><\/p><p class=\"MsoNormal\" style=\"margin: 0cm 0cm 4.8pt 11.4pt;\"><span style=\"font-size: 8pt; line-height: 11.4133px; font-family: Verdana, sans-serif;\">\u00a0<\/span><\/p><p class=\"MsoNormal\" style=\"text-align: justify; text-indent: -18pt; line-height: 16.48px; margin: 0cm 2.4pt 0.25pt 29.65pt;\"><span style=\"font-weight: bold;\"><span style=\"font-size: 12pt; line-height: 16.48px; font-family: Verdana, sans-serif;\">7)<span style=\"font-variant-numeric: normal; font-variant-east-asian: normal; font-variant-alternates: normal; font-kerning: auto; font-optical-sizing: auto; font-feature-settings: normal; font-variation-settings: normal; font-weight: normal; font-stretch: normal; font-size: 7pt; line-height: normal; font-family: 'Times New Roman';\">\u00a0\u00a0<\/span><\/span><\/span><span style=\"font-weight: bold;\"><i><u><span style=\"font-size: 12pt; line-height: 16.48px; font-family: Verdana, sans-serif;\">O (A)\u00a0<\/span><\/u><\/i><\/span><span style=\"font-weight: bold;\"><u><span style=\"font-size: 12pt; line-height: 16.48px; font-family: Verdana, sans-serif;\">Profissional em regime da CLT &#8211; Consolida\u00e7\u00e3o das Leis do Trabalho<\/span><\/u><\/span><span style=\"font-weight: bold;\"><span style=\"font-size: 12pt; line-height: 16.48px; font-family: Verdana, sans-serif;\">:<\/span><\/span><span style=\"font-size: 12pt; line-height: 16.48px; font-family: Verdana, sans-serif;\">\u00a0Constar\u00e1 na Carteira de Trabalho a T\u00e9cnica com o valor da remunera\u00e7\u00e3o.<\/span><\/p><p class=\"MsoNormal\" style=\"margin: 0cm 0cm 0cm 11.4pt;\"><span style=\"font-size: 8pt; line-height: 11.4133px; font-family: Verdana, sans-serif;\">\u00a0<\/span><\/p><p class=\"MsoNormal\" style=\"text-align: justify; text-indent: -18pt; line-height: 16.48px; margin: 0cm 2.4pt 0.25pt 29.65pt;\"><span style=\"font-weight: bold;\"><span style=\"font-size: 12pt; line-height: 16.48px; font-family: Verdana, sans-serif;\">8)<span style=\"font-variant-numeric: normal; font-variant-east-asian: normal; font-variant-alternates: normal; font-kerning: auto; font-optical-sizing: auto; font-feature-settings: normal; font-variation-settings: normal; font-weight: normal; font-stretch: normal; font-size: 7pt; line-height: normal; font-family: 'Times New Roman';\">\u00a0\u00a0<\/span><\/span><\/span><span style=\"font-weight: bold;\"><u><span style=\"font-size: 12pt; line-height: 16.48px; font-family: Verdana, sans-serif;\">As Empresas da \u00c1rea de<i>\u00a0Terapias Naturais<\/i><\/span><\/u><\/span><span style=\"font-size: 12pt; line-height: 16.48px; font-family: Verdana, sans-serif;\">: Deve fazer o Contrato Social registrar na Junta Comercial, tirar o CNPJ, Inscri\u00e7\u00e3o Estadual, Prefeitura e Alvar\u00e1 da Vigil\u00e2ncia Sanit\u00e1ria do Munic\u00edpio onde exerce sua Atividade; E recolher as taxas de CCM, PIS, INSS, IR e outras; declarar o Imposto de Renda.\u00a0<\/span><\/p><p class=\"MsoNormal\" style=\"text-align: center; line-height: 16.32px; margin: 0cm 0cm 0cm 10.1pt;\" align=\"center\"><span style=\"font-weight: bold;\"><span style=\"font-size: 12pt; line-height: 16.32px; font-family: Verdana, sans-serif;\">OBS.:<\/span><\/span>\u00a0<span style=\"font-weight: bold;\"><u><span style=\"font-size: 13pt; line-height: 17.68px; font-family: Verdana, sans-serif; color: red;\">Esteticista s\u00f3 pode atuar com<\/span><\/u><\/span><span style=\"font-weight: bold;\">\u00a0<\/span><span style=\"font-weight: bold;\"><span style=\"font-size: 13pt; line-height: 17.68px; font-family: Verdana, sans-serif;\">Curso T\u00e9cnico de Est\u00e9tica e Curso Superior =\u00a0<\/span><\/span><span style=\"font-weight: bold;\"><u><span style=\"font-size: 13pt; line-height: 17.68px; font-family: Verdana, sans-serif; color: red;\">Lei Federal<\/span><\/u><\/span><span style=\"font-weight: bold;\"><span style=\"font-size: 13pt; line-height: 17.68px; font-family: Verdana, sans-serif; color: red;\">\u00a0<u>n\u00ba 13.643 de 03\/04\/2018<\/u><\/span><\/span><span style=\"font-weight: bold;\"><span style=\"font-size: 12pt; line-height: 16.32px; font-family: Verdana, sans-serif;\">\u00a0&#8211; Que Regulamentou\u00a0<\/span><\/span><span style=\"font-size: 12pt; line-height: 16.32px; font-family: Verdana, sans-serif;\">as profiss\u00f5es de Esteticista, que compreende o Esteticista e Cosmet\u00f3logo, e de T\u00e9cnico em Est\u00e9tica<\/span><span style=\"font-size: 12pt; line-height: 16.32px; font-family: Verdana, sans-serif; color: maroon;\">.<\/span><\/p><p class=\"MsoNormal\" style=\"text-indent: -124.25pt; line-height: 14.4px; margin: 0cm 162.9pt 1.25pt 171.65pt;\"><span style=\"font-size: 5pt; line-height: 6px;\">\u00a0<\/span><i><span style=\"font-size: 10pt; line-height: 12px; font-family: 'Times New Roman', serif;\">*O Conte\u00fado deste Boletim est\u00e1 registrado\u00ae Todos os direitos reservados*<\/span><\/i><span style=\"font-weight: bold;\"><i><span style=\"font-size: 4pt; line-height: 4.8px; font-family: Arial, sans-serif;\">\u00a0\u00a0\u00a0\u00a0\u00a0\u00a0<\/span><\/i><\/span><span style=\"font-weight: bold;\"><i><span style=\"font-size: 12px; line-height: 0; position: relative; vertical-align: baseline; bottom: -0.25em;\"><span style=\"font-size: 6pt; line-height: 7.2px; font-family: Arial, sans-serif;\">\u00a0<\/span><\/span><\/i><\/span><i><span style=\"font-size: 12px; line-height: 0; position: relative; vertical-align: baseline; bottom: -0.25em;\"><span style=\"font-size: 12.5pt; line-height: 15px; font-family: 'Bookman Old Style', serif;\">Com Certeza<\/span><\/span><\/i><\/p><p class=\"MsoNormal\" style=\"margin: 0cm 0cm 0cm 11.4pt;\"><span style=\"font-weight: bold;\"><span style=\"font-size: 12pt; line-height: 17.12px; font-family: Verdana, sans-serif; color: #336600;\">\u00a0<\/span><\/span><\/p><p class=\"MsoNormal\" style=\"text-align: justify; line-height: 16.48px; margin: 0cm 2.4pt 0.25pt 11.65pt;\"><span style=\"font-weight: bold;\"><u><span style=\"font-size: 12pt; line-height: 16.48px; font-family: Verdana, sans-serif; color: #336600;\">CBO &#8211; Classifica\u00e7\u00e3o Brasileira de Ocupa\u00e7\u00f5es<\/span><\/u><\/span><span style=\"font-weight: bold;\">\u00a0<\/span><span style=\"font-size: 12pt; line-height: 16.48px; font-family: Verdana, sans-serif;\">aprovada na\u00a0<span style=\"font-weight: bold;\">PORTARIA n\u00ba 397 de 09\/10\/2002 &#8211; do Minist\u00e9rio do Trabalho\u00a0<\/span>em seu Artigo 1\u00ba a vers\u00e3o 2002, para uso em todo o Territ\u00f3rio Nacional e ou suas modifica\u00e7\u00f5es, com os seguintes\u00a0<span style=\"font-weight: bold;\">C\u00f3digos<\/span>:\u00a0<span style=\"font-weight: bold;\"><u>N\u00ba 3221-25<\/u>\u00a0<\/span>&#8211; Terapeuta Naturista, Naturopata, Homeopata (n\u00e3o m\u00e9dico), Terapeuta hol\u00edstico, alternativo;\u00a0<span style=\"font-weight: bold;\"><u>N\u00ba 3221-05<\/u>\u00a0<\/span>&#8211; T\u00e9cnico em acupuntura, Acupuntor, Acupunturista, T\u00e9cnico corporal em Terapia (medicina) tradicional chinesa;\u00a0<span style=\"font-weight: bold;\"><u>N\u00ba 3221-10<\/u>\u00a0&#8211;<\/span>\u00a0Pod\u00f3logo, T\u00e9cnico em Podologia;\u00a0<span style=\"font-weight: bold;\"><u>N\u00ba<\/u>\u00a0<\/span><u>3<span style=\"font-weight: bold;\">221-15<\/span><\/u><span style=\"font-weight: bold;\">\u00a0<\/span>&#8211; T\u00e9cnico em Quiropraxia, Quiropr\u00e1ctico;\u00a0\u00a0<span style=\"font-weight: bold;\"><u>N\u00ba 3221-20<\/u>\u00a0<\/span>\u2013 Massagista\u00a0 Massoterapeuta, Massoprevencionista;\u00a0<span style=\"font-weight: bold;\"><u>N\u00ba 3221-30<\/u>\u00a0<\/span>&#8211; Esteticista, T\u00e9cnico e Tecn\u00f3logo em Cosmetologia e Est\u00e9tica;\u00a0<span style=\"font-weight: bold;\"><u>N\u00ba 3221-35<\/u>\u00a0&#8211;\u00a0<\/span>Doula;\u00a0<span style=\"font-weight: bold;\"><u>N\u00ba 2263-05<\/u>\u00a0<\/span>\u2013 Musicoterapeuta;\u00a0<span style=\"font-weight: bold;\"><u>N\u00ba 2263-10<\/u>\u00a0&#8211;\u00a0<\/span>Arteterapeuta;\u00a0<span style=\"font-weight: bold;\">\u00a0<u>N\u00ba 2263-20<\/u>\u00a0&#8211;\u00a0<\/span>Natur\u00f3logo;\u00a0<span style=\"font-weight: bold;\"><u>N\u00ba 251550<\/u>\u00a0&#8211;\u00a0<\/span>Psicanalista, Analista, psican\u00e1lise;\u00a0<span style=\"font-weight: bold;\"><u>N\u00ba 5167-05<\/u>\u00a0&#8211;<\/span>\u00a0Astr\u00f3logo, Numer\u00f3logo;\u00a0<span style=\"font-weight: bold;\"><u>N\u00ba 5168-05<\/u>\u00a0&#8211;\u00a0<\/span>Analista Kirlian, Radiestesistas;\u00a0<span style=\"font-weight: bold;\"><u>N\u00ba 5168-10\u00a0<\/u>\u00a0<\/span>&#8211; Parapsic\u00f3logo;\u00a0<span style=\"font-weight: bold;\"><u>N\u00ba 6320-10<\/u>\u00a0&#8211;\u00a0<\/span>Raizeiro, Erveiro.<\/span><span style=\"font-size: 9pt; line-height: 12.36px; font-family: Verdana, sans-serif;\">\u00a0<i>Fonte<\/i><\/span><i><span style=\"font-size: 9pt; line-height: 12.36px; font-family: Verdana, sans-serif; color: #003333;\">:\u00a0<\/span><\/i><a href=\"http:\/\/www.mtecbo.gov.br\/\"><i><span style=\"font-size: 9pt; line-height: 12.36px; font-family: Verdana, sans-serif; color: blue;\">http:\/\/www.mtecbo.gov.br<\/span><\/i><\/a><\/p><p class=\"MsoNormal\" style=\"margin: 0cm 0cm 0cm 11.4pt;\"><span style=\"font-size: 14pt; line-height: 19.9733px; font-family: 'Times New Roman', serif;\">\u00a0<\/span><\/p><p class=\"MsoNormal\" style=\"text-align: justify; line-height: 16.48px; margin: 0cm 2.4pt 0.25pt 11.65pt;\"><span style=\"font-weight: bold;\"><u><span style=\"font-size: 12pt; line-height: 16.48px; font-family: Verdana, sans-serif; color: #385723;\">CNAE\u00a0<\/span><\/u><\/span><u><span style=\"font-size: 12pt; line-height: 16.48px; font-family: Verdana, sans-serif; color: #385723;\">&#8211;\u00a0<span style=\"font-weight: bold;\">Classifica\u00e7\u00e3o Nacional de Atividade Econ\u00f4mica<\/span><\/span><\/u><span style=\"font-weight: bold;\">\u00a0<\/span><span style=\"font-size: 12pt; line-height: 16.48px; font-family: Verdana, sans-serif; color: #385723;\">\u00a0<\/span><span style=\"font-size: 12pt; line-height: 16.48px; font-family: Verdana, sans-serif;\">= Atividades de Aten\u00e7\u00e3o \u00c0 Sa\u00fade Humana N\u00e3o Especificadas Anteriormente Classe:\u00a0<span style=\"font-weight: bold;\">8690-9\u00a0<\/span>\u00a0e cont\u00e9m as seguintes Subclasse:\u00a0<span style=\"font-weight: bold;\">Atividades de Pr\u00e1ticas Integrativas e Complementares em Sa\u00fade Humana &#8211;<\/span>\u00a0Servi\u00e7os destas Modalidades Terap\u00eauticas com os seguintes\u00a0<span style=\"font-weight: bold;\">C\u00f3digos<\/span>:\u00a0<span style=\"font-weight: bold;\"><u>N\u00ba 8690-9\/01<\/u>\u00a0&#8211;\u00a0<\/span>Acupuntura, Acupunturista, Aromoterapia, Cromoterapia, Do-In, Doula, Ecoterapia, Equoterapia, Hipnoterapia, Massoterapia, Musicoterapia, Parteira, Podologia, Pod\u00f3logos, Reiki,<\/span><\/p><p class=\"MsoNormal\" style=\"text-align: justify; line-height: 16.48px; margin: 0cm 2.4pt 0.25pt 11.65pt;\"><span style=\"font-size: 12pt; line-height: 16.48px; font-family: Verdana, sans-serif;\">Rolfing, Shiatsu,\u00a0<span style=\"font-weight: bold;\"><u>Terapias<\/u><\/span>: Floral, Indiana, Reichiana, Alternativas, Terapias N\u00e3o Tradicionais;\u00a0<span style=\"font-weight: bold;\"><u>N\u00ba 8650-0\/99<\/u>\u00a0<\/span>\u2013 Quiropraxia;\u00a0\u00a0\u00a0\u00a0\u00a0\u00a0\u00a0\u00a0\u00a0<span style=\"font-weight: bold;\"><u>N\u00ba 9602-5\/02<\/u>\u00a0<\/span>&#8211; Est\u00e9tica Facial, Corporal; Instituto de Est\u00e9tica;\u00a0<span style=\"font-weight: bold;\"><u>N\u00ba 8650-0 \/03<\/u>\u00a0<\/span>&#8211;<\/span><\/p><p class=\"MsoNormal\" style=\"line-height: 17.76px; margin: 0cm 0cm 4.45pt 11.4pt;\"><span style=\"font-size: 12pt; line-height: 17.76px; font-family: Verdana, sans-serif;\">Psican\u00e1lise;<\/span>\u00a0<i><span style=\"font-family: Verdana, sans-serif;\">Fonte:\u00a0<\/span><\/i><a href=\"https:\/\/cnae.ibge.gov.br\/\"><i><span style=\"font-family: Verdana, sans-serif; color: blue;\">https:\/\/cnae.ibge.gov.br<\/span><\/i><\/a><i>\u00a0<\/i><i><u><span style=\"font-family: Verdana, sans-serif; color: blue;\">\u00a0\u00a0\u00a0\u00a0\u00a0\u00a0\u00a0\u00a0\u00a0\u00a0\u00a0\u00a0\u00a0\u00a0\u00a0\u00a0\u00a0\u00a0\u00a0\u00a0\u00a0\u00a0\u00a0\u00a0\u00a0\u00a0\u00a0\u00a0\u00a0<\/span><\/u>*O Conte\u00fado deste Boletim est\u00e1 registrado\u00ae Todos os direitos reservados*<\/i><span style=\"font-weight: bold;\"><i><span style=\"font-size: 4pt; line-height: 5.92px; font-family: Arial, sans-serif;\">\u00a0\u00a0\u00a0<\/span><\/i><\/span><i><span style=\"font-size: 8pt; line-height: 11.84px; font-family: 'Bookman Old Style', serif;\">Muito bom \u00e9 Pouco.<\/span><\/i><span style=\"font-weight: bold;\">\u00a0<\/span><span style=\"font-size: 12pt; line-height: 17.76px; font-family: 'Clarendon BT', serif; color: #bf9000;\">\u00a0<\/span><\/p><p class=\"MsoNormal\" style=\"margin: 0cm 0cm 1.2pt 11.4pt;\"><span style=\"font-weight: bold;\"><span style=\"font-size: 18pt; line-height: 25.68px; font-family: 'Times New Roman', serif; color: #525252;\">\u00a0<\/span><\/span><\/p><h2 style=\"font-family: Roboto, sans-serif; color: #003d08;\">PROJETOS DE LEIS NO SENADO FEDERAL\u00a0<a href=\"https:\/\/www25.senado.leg.br\/\"><span style=\"font-size: 7pt; line-height: 9.98667px; color: blue;\">https:\/\/www25.senado.leg.b<\/span><\/a><a href=\"https:\/\/www25.senado.leg.br\/\"><span style=\"font-size: 24px; line-height: 0; position: relative; vertical-align: baseline; bottom: -0.25em;\"><span style=\"font-size: 11pt; line-height: 15.6933px; color: blue;\">r<\/span><\/span><\/a><\/h2><p class=\"MsoNormal\" style=\"margin: 0cm 0cm 0.5pt 14.8pt;\"><span style=\"font-size: 12pt; line-height: 17.12px; font-family: Verdana, sans-serif;\">\u00a0<\/span><\/p><p class=\"MsoNormal\" style=\"text-align: justify; text-indent: -18pt; line-height: 16.48px; margin: 0cm 2.4pt 0.25pt 18pt;\"><span style=\"font-weight: bold;\"><span style=\"font-size: 12pt; line-height: 16.48px; font-family: Verdana, sans-serif; color: #835d00;\">1)<span style=\"font-variant-numeric: normal; font-variant-east-asian: normal; font-variant-alternates: normal; font-kerning: auto; font-optical-sizing: auto; font-feature-settings: normal; font-variation-settings: normal; font-weight: normal; font-stretch: normal; font-size: 7pt; line-height: normal; font-family: 'Times New Roman';\">\u00a0\u00a0<\/span><\/span><\/span><span style=\"font-weight: bold;\"><span style=\"font-size: 12pt; line-height: 16.48px; font-family: Verdana, sans-serif;\">SF n\u00ba PLC 00151 2015<\/span><\/span><span style=\"font-size: 12pt; line-height: 16.48px; font-family: Verdana, sans-serif;\">\u00a0&#8211; Disp\u00f5e sobre o exerc\u00edcio da profiss\u00e3o de pod\u00f3logo e d\u00e1 outras provid\u00eancias.\u00a0<span style=\"font-weight: bold;\">Autoria<\/span>\u00a0Deputado Federal\u00a0<span style=\"font-weight: bold;\">Jos\u00e9 Mentor<\/span>\u00a006\/04\/2021\u00a0<span style=\"font-weight: bold;\">CAS\u00a0<\/span>&#8211; Comiss\u00e3o de Assuntos Sociais &#8211; Relator Senador Paulo Rocha.\u00a0<\/span><\/p><p class=\"MsoNormal\" style=\"margin: 0cm 0cm 0cm 18pt;\"><span style=\"font-size: 10pt; line-height: 14.2667px; font-family: Verdana, sans-serif;\">\u00a0<\/span><\/p><p class=\"MsoNormal\" style=\"text-align: justify; text-indent: -18pt; line-height: 16.48px; margin: 0cm 2.4pt 0.25pt 18pt;\"><span style=\"font-weight: bold;\"><span style=\"font-size: 12pt; line-height: 16.48px; font-family: Verdana, sans-serif; color: #835d00;\">2)<span style=\"font-variant-numeric: normal; font-variant-east-asian: normal; font-variant-alternates: normal; font-kerning: auto; font-optical-sizing: auto; font-feature-settings: normal; font-variation-settings: normal; font-weight: normal; font-stretch: normal; font-size: 7pt; line-height: normal; font-family: 'Times New Roman';\">\u00a0\u00a0<\/span><\/span><\/span><span style=\"font-weight: bold;\"><span style=\"font-size: 12pt; line-height: 16.48px; font-family: Verdana, sans-serif;\">PLS n\u00ba 00013 2016<\/span><\/span><span style=\"font-size: 12pt; line-height: 16.48px; font-family: Verdana, sans-serif;\">\u00a0&#8211; Disp\u00f5e sobre a regulamenta\u00e7\u00e3o do exerc\u00edcio da profiss\u00e3o de Massoterapeuta e d\u00e1 outras provid\u00eancias.\u00a0<span style=\"font-weight: bold;\">Autoria:\u00a0<\/span>Senador\u00a0<span style=\"font-weight: bold;\">Randolfe Rodrigues<\/span>\u00a0Tramita\u00e7\u00e3o: 24\/04\/2020 &#8211;\u00a0<span style=\"font-weight: bold;\">CAS<\/span>\u00a0Comiss\u00e3o de Assuntos Sociais Relator: Senador\u00a0<span style=\"font-weight: bold;\">Luiz Cantu\u00e1ria Barreto (Lucas Barreto)<\/span>.<\/span><\/p><p class=\"MsoNormal\" style=\"margin: 0cm 0cm 0.5pt 18pt;\"><span style=\"font-size: 12pt; line-height: 17.12px; font-family: Verdana, sans-serif;\">\u00a0<\/span><\/p><p class=\"MsoNormal\" style=\"text-align: justify; text-indent: -18pt; line-height: 16.48px; margin: 0cm 2.4pt 0.25pt 18pt;\"><span style=\"font-weight: bold;\"><span style=\"font-size: 12pt; line-height: 16.48px; font-family: Verdana, sans-serif; color: #835d00;\">3)<span style=\"font-variant-numeric: normal; font-variant-east-asian: normal; font-variant-alternates: normal; font-kerning: auto; font-optical-sizing: auto; font-feature-settings: normal; font-variation-settings: normal; font-weight: normal; font-stretch: normal; font-size: 7pt; line-height: normal; font-family: 'Times New Roman';\">\u00a0\u00a0<\/span><\/span><\/span><span style=\"font-weight: bold;\"><span style=\"font-size: 12pt; line-height: 16.48px; font-family: Verdana, sans-serif;\">PLS n\u00ba 00174 de 2017<\/span><\/span><span style=\"font-size: 12pt; line-height: 16.48px; font-family: Verdana, sans-serif;\">\u00a0<span style=\"font-weight: bold;\">&#8211;\u00a0<\/span>Regulamenta a profiss\u00e3o de Terapeuta Naturista.<span style=\"font-weight: bold;\">\u00a0Autoria:<\/span>\u00a0Senador\u00a0<span style=\"font-weight: bold;\">Telm\u00e1rio Mota<\/span>\u00a0Tramita\u00e7\u00e3o: 15\/12\/202-<span style=\"font-weight: bold;\">CAS<\/span>\u00a0&#8211; Comiss\u00e3o de Assuntos Sociais Situa\u00e7\u00e3o: Aguardando Designa\u00e7\u00e3o do Relator.\u00a0<\/span><\/p><p class=\"MsoNormal\" style=\"margin: 0cm 0cm 0.5pt 50.8pt;\"><span style=\"font-weight: bold;\"><span style=\"font-size: 12pt; line-height: 17.12px; font-family: Verdana, sans-serif;\">\u00a0<\/span><\/span><\/p><p class=\"MsoNormal\" style=\"text-align: justify; text-indent: -18pt; line-height: 16.48px; margin: 0cm 2.4pt 0.25pt 18pt;\"><span style=\"font-weight: bold;\"><span style=\"font-size: 12pt; line-height: 16.48px; font-family: Verdana, sans-serif; color: #835d00;\">4)<span style=\"font-variant-numeric: normal; font-variant-east-asian: normal; font-variant-alternates: normal; font-kerning: auto; font-optical-sizing: auto; font-feature-settings: normal; font-variation-settings: normal; font-weight: normal; font-stretch: normal; font-size: 7pt; line-height: normal; font-family: 'Times New Roman';\">\u00a0\u00a0<\/span><\/span><\/span><span style=\"font-weight: bold;\"><span style=\"font-size: 12pt; line-height: 16.48px; font-family: Verdana, sans-serif;\">PLS n\u00ba 101 de 2018<\/span><\/span><span style=\"font-size: 12pt; line-height: 16.48px; font-family: Verdana, sans-serif;\">\u00a0&#8211; Regulamenta a profiss\u00e3o de Psicanalista. Autoria doSenador\u00a0<span style=\"font-weight: bold;\">Telm\u00e1rio Mota<\/span>\u00a0Tramita\u00e7\u00e3o:15\/12\/2020 &#8211;\u00a0<span style=\"font-weight: bold;\">CAS<\/span>\u00a0&#8211; Comiss\u00e3o de Assuntos Sociais Situa\u00e7\u00e3o: Aguardando Designa\u00e7\u00e3o do Relator.<\/span><\/p><p class=\"MsoNormal\" style=\"margin: 0cm 0cm 0cm 50.8pt;\"><span style=\"font-size: 12pt; line-height: 17.12px; font-family: Verdana, sans-serif;\">\u00a0<\/span><\/p><p class=\"MsoNormal\" style=\"margin: 0cm 0cm 0cm 18pt;\"><span style=\"font-size: 12pt; line-height: 17.12px; font-family: Verdana, sans-serif;\">\u00a0<\/span><\/p><p class=\"MsoNormal\" style=\"margin: 0cm 0cm 0.3pt 18pt;\"><span style=\"font-size: 12pt; line-height: 17.12px; font-family: Verdana, sans-serif;\">\u00a0<\/span><\/p><p class=\"MsoNormal\" style=\"text-align: justify; text-indent: -18pt; line-height: 16.64px; margin: 0cm 2.4pt 0.25pt 18pt;\"><span style=\"font-weight: bold;\"><span style=\"font-size: 12pt; line-height: 16.64px; font-family: Verdana, sans-serif; color: #835d00;\">5)<span style=\"font-variant-numeric: normal; font-variant-east-asian: normal; font-variant-alternates: normal; font-kerning: auto; font-optical-sizing: auto; font-feature-settings: normal; font-variation-settings: normal; font-weight: normal; font-stretch: normal; font-size: 7pt; line-height: normal; font-family: 'Times New Roman';\">\u00a0\u00a0<\/span><\/span><\/span><span style=\"font-weight: bold;\"><span style=\"font-size: 12pt; line-height: 16.64px; font-family: Verdana, sans-serif;\">PLS n\u00b0 5983, de 2019 &#8211;\u00a0<\/span><\/span><span style=\"font-weight: bold;\"><span style=\"font-size: 12pt; line-height: 16.64px; font-family: Verdana, sans-serif; color: #333333;\">Disciplina o exerc\u00edcio profissional de Acupuntura e determina outras provid\u00eancias.<\/span><\/span>\u00a0<span style=\"font-weight: bold;\"><span style=\"font-size: 12pt; line-height: 16.64px; font-family: Verdana, sans-serif;\">Autor:\u00a0<\/span><\/span><span style=\"font-size: 12pt; line-height: 16.64px; font-family: Verdana, sans-serif;\">Deputado Federal\u00a0<span style=\"font-weight: bold;\">Celso Russomanno<\/span>\u00a0na C\u00e2mara dos Deputados\u00a0<span style=\"font-weight: bold;\">PL N\u00ba 1549\/2003\u00a0<\/span>03\/12\/2019 &#8211;\u00a0<span style=\"font-weight: bold;\">CAS<\/span>\u00a0&#8211; Comiss\u00e3o de Assuntos Sociais &#8211; Relator Senador Eduardo Gir\u00e3o.<\/span><\/p><p class=\"MsoNormal\" style=\"margin: 0cm 0cm 0.5pt 18pt;\"><span style=\"font-size: 12pt; line-height: 17.12px; font-family: Verdana, sans-serif;\">\u00a0<\/span><\/p><p class=\"MsoNormal\" style=\"text-align: justify; text-indent: -18pt; line-height: 16.48px; margin: 0cm 2.4pt 0.25pt 18pt;\"><span style=\"font-weight: bold;\"><span style=\"font-size: 12pt; line-height: 16.48px; font-family: Verdana, sans-serif; color: #835d00;\">6)<span style=\"font-variant-numeric: normal; font-variant-east-asian: normal; font-variant-alternates: normal; font-kerning: auto; font-optical-sizing: auto; font-feature-settings: normal; font-variation-settings: normal; font-weight: normal; font-stretch: normal; font-size: 7pt; line-height: normal; font-family: 'Times New Roman';\">\u00a0\u00a0<\/span><\/span><\/span><span style=\"font-weight: bold;\"><span style=\"font-size: 12pt; line-height: 16.48px; font-family: Verdana, sans-serif;\">PLS n\u00b0 6469 de 2019<\/span><\/span><span style=\"font-size: 12pt; line-height: 16.48px; font-family: Verdana, sans-serif;\">\u00a0&#8211; Regulamenta a profiss\u00e3o do Profissional Instrutor de Pilates e seu exerc\u00edcio.\u00a0<span style=\"font-weight: bold;\">Autoria:<\/span>\u00a0Senadora\u00a0<span style=\"font-weight: bold;\">Soraya Thronicke<\/span>\u00a001\/10\/2020 &#8211;\u00a0<span style=\"font-weight: bold;\">CAS<\/span>\u00a0&#8211; Comiss\u00e3o de Assuntos Sociais = Aguardando Relator.<\/span><\/p><p class=\"MsoNormal\" style=\"margin: 0cm 0cm 0cm 14.8pt;\"><span style=\"font-weight: bold;\"><span style=\"font-size: 12pt; line-height: 17.12px;\">\u00a0<\/span><\/span><\/p><p class=\"MsoNormal\" style=\"margin: 0cm 0cm 6.6pt 11.4pt;\"><span style=\"font-weight: bold;\"><span style=\"font-size: 12pt; line-height: 17.12px; font-family: 'Times New Roman', serif;\">\u00a0<\/span><\/span><\/p><h3 style=\"font-family: Roboto, sans-serif; color: #003d08;\">PROJETOS DE LEIS NA C\u00c2MARA FEDERAL\u00a0<a href=\"https:\/\/www.camara.leg.br\/\"><span style=\"font-size: 7pt; line-height: 9.98667px; font-family: Verdana, sans-serif; color: blue;\">https:\/\/www.camara.leg.br<\/span><\/a><\/h3><p class=\"MsoNormal\" style=\"margin: 0cm 0cm 1.1pt 14.8pt;\"><span style=\"font-size: 12pt; line-height: 17.12px;\">\u00a0<\/span><\/p><p class=\"MsoNormal\" style=\"text-align: justify; text-indent: -18pt; line-height: normal; margin: 0cm 2.2pt 0cm 18pt;\"><span style=\"font-weight: bold;\"><span style=\"font-size: 12pt; font-family: Verdana, sans-serif; color: #835d00;\">1)<span style=\"font-variant-numeric: normal; font-variant-east-asian: normal; font-variant-alternates: normal; font-kerning: auto; font-optical-sizing: auto; font-feature-settings: normal; font-variation-settings: normal; font-weight: normal; font-stretch: normal; font-size: 7pt; line-height: normal; font-family: 'Times New Roman';\">\u00a0\u00a0<\/span><\/span><\/span><span style=\"font-weight: bold;\"><span style=\"font-size: 12pt; font-family: Verdana, sans-serif;\">PL n\u00b006959\/2010<\/span><\/span><span style=\"font-weight: bold;\"><span style=\"font-size: 12pt; font-family: Verdana, sans-serif; color: #333333;\">\u00a0&#8211; Disp\u00f5e sobre a regulamenta\u00e7\u00e3o da profiss\u00e3o de Terapeuta Naturista.\u00a0<\/span><\/span><span style=\"font-weight: bold;\"><span style=\"font-size: 12pt; font-family: Verdana, sans-serif;\">Autoria: SUG 215\/2006<\/span><\/span><span style=\"font-size: 12pt; font-family: Verdana, sans-serif;\">\u00a0&#8211;\u00a0<span style=\"font-weight: bold;\">CLP<\/span>\u00a0&#8211; Comiss\u00e3o de Participa\u00e7\u00e3o Legislativa Deputado Federal\u00a0<span style=\"font-weight: bold;\">Leonardo Monteiro<\/span>\u00a0Tramita\u00e7\u00e3o: 06\/04\/2021 &#8211;\u00a0<span style=\"font-weight: bold;\">CTASP &#8211; Trabalho, Administra\u00e7\u00e3o e Servi\u00e7o P\u00fablico<\/span>.<\/span><\/p><p class=\"MsoNormal\" style=\"margin: 0cm 0cm 0.5pt 14.8pt;\"><span style=\"font-size: 12pt; line-height: 17.12px; font-family: Verdana, sans-serif;\">\u00a0<\/span><\/p><p class=\"MsoNormal\" style=\"text-align: justify; text-indent: -18pt; line-height: normal; margin: 0cm 2.2pt 0cm 18pt;\"><span style=\"font-weight: bold;\"><span style=\"font-size: 12pt; font-family: Verdana, sans-serif; color: #835d00;\">2)<span style=\"font-variant-numeric: normal; font-variant-east-asian: normal; font-variant-alternates: normal; font-kerning: auto; font-optical-sizing: auto; font-feature-settings: normal; font-variation-settings: normal; font-weight: normal; font-stretch: normal; font-size: 7pt; line-height: normal; font-family: 'Times New Roman';\">\u00a0\u00a0<\/span><\/span><\/span><span style=\"font-weight: bold;\"><span style=\"font-size: 12pt; font-family: Verdana, sans-serif;\">PL n\u00b0 03804\/2012<\/span><\/span><span style=\"font-weight: bold;\"><span style=\"font-size: 12pt; font-family: Verdana, sans-serif; color: #333333;\">\u00a0&#8211; Regulamenta a profiss\u00e3o de Natur\u00f3logo.\u00a0<\/span><\/span><span style=\"font-weight: bold;\"><span style=\"font-size: 12pt; font-family: Verdana, sans-serif;\">Autoria:\u00a0<\/span><\/span><span style=\"font-size: 12pt; font-family: Verdana, sans-serif;\">Deputado Federal\u00a0<span style=\"font-weight: bold;\">Giovani Cherini<\/span>\u00a0Tramita\u00e7\u00e3o: 06\/04\/2021 &#8211;\u00a0<span style=\"font-weight: bold;\">CTASP &#8211; Trabalho, Administra\u00e7\u00e3o e Servi\u00e7o P\u00fablico<\/span>.<\/span><\/p><p class=\"MsoNormal\" style=\"margin: 0cm 0cm 0.5pt 14.8pt;\"><span style=\"font-size: 12pt; line-height: 17.12px; font-family: Verdana, sans-serif;\">\u00a0<\/span><\/p><p class=\"MsoNormal\" style=\"text-align: justify; text-indent: -18pt; line-height: 16.48px; margin: 0cm 2.2pt 0.25pt 18pt;\"><span style=\"font-weight: bold;\"><span style=\"font-size: 12pt; line-height: 16.48px; font-family: Verdana, sans-serif; color: #835d00;\">3)<span style=\"font-variant-numeric: normal; font-variant-east-asian: normal; font-variant-alternates: normal; font-kerning: auto; font-optical-sizing: auto; font-feature-settings: normal; font-variation-settings: normal; font-weight: normal; font-stretch: normal; font-size: 7pt; line-height: normal; font-family: 'Times New Roman';\">\u00a0\u00a0<\/span><\/span><\/span><span style=\"font-weight: bold;\"><span style=\"font-size: 12pt; line-height: 16.48px; font-family: Verdana, sans-serif;\">PL n\u00b0 04087\/2015<\/span><\/span><span style=\"font-weight: bold;\"><span style=\"font-size: 12pt; line-height: 16.48px; font-family: Verdana, sans-serif; color: #333333;\">\u00a0&#8211; Regulamenta a Profiss\u00e3o de Terapeuta Naturalista e outros e d\u00e1 outras provid\u00eancias.\u00a0<\/span><\/span><span style=\"font-weight: bold;\"><span style=\"font-size: 12pt; line-height: 16.48px; font-family: Verdana, sans-serif;\">Autoria:\u00a0<\/span><\/span><span style=\"font-size: 12pt; line-height: 16.48px; font-family: Verdana, sans-serif;\">Deputado Federal\u00a0<span style=\"font-weight: bold;\">Marcelo \u00c1lvaro Ant\u00f4nio<\/span>\u00a0Tramita\u00e7\u00e3o: 16\/04\/2021 &#8211;<span style=\"font-weight: bold;\">\u00a0CSSF<\/span>\u00a0&#8211; Seguridade Social e Fam\u00edlia &#8211; Relator\u00a0<span style=\"font-weight: bold;\">Deputada Federal<\/span>\u00a0Juscelino Filho.\u00a0<\/span><\/p><p class=\"MsoNormal\" style=\"margin: 0cm 0cm 0.55pt 14.8pt;\"><span style=\"font-size: 12pt; line-height: 17.12px; font-family: Verdana, sans-serif;\">\u00a0<\/span><\/p><p class=\"MsoNormal\" style=\"text-align: justify; text-indent: -18pt; line-height: 16.48px; margin: 0cm 2.2pt 0.25pt 18pt;\"><span style=\"font-weight: bold;\"><span style=\"font-size: 12pt; line-height: 16.48px; font-family: Verdana, sans-serif; color: #835d00;\">4)<span style=\"font-variant-numeric: normal; font-variant-east-asian: normal; font-variant-alternates: normal; font-kerning: auto; font-optical-sizing: auto; font-feature-settings: normal; font-variation-settings: normal; font-weight: normal; font-stretch: normal; font-size: 7pt; line-height: normal; font-family: 'Times New Roman';\">\u00a0\u00a0<\/span><\/span><\/span><span style=\"font-weight: bold;\"><span style=\"font-size: 12pt; line-height: 16.48px; font-family: Verdana, sans-serif;\">PL n\u00b0 00114\/2015<\/span><\/span><span style=\"font-weight: bold;\"><span style=\"font-size: 12pt; line-height: 16.48px; font-family: Verdana, sans-serif; color: #333333;\">\u00a0&#8211; Regulamenta o exerc\u00edcio da profiss\u00e3o de Quiropraxista.\u00a0<\/span><\/span><span style=\"font-weight: bold;\"><span style=\"font-size: 12pt; line-height: 16.48px; font-family: Verdana, sans-serif;\">Autoria:\u00a0<\/span><\/span><span style=\"font-size: 12pt; line-height: 16.48px; font-family: Verdana, sans-serif;\">Deputado Federal\u00a0<span style=\"font-weight: bold;\">Alceu Moreira<\/span>\u00a0Tramita\u00e7\u00e3o 07\/04\/2021 &#8211;\u00a0<span style=\"font-weight: bold;\">CE<\/span>\u00a0&#8211; Comiss\u00e3o de Educa\u00e7\u00e3o Aprovado requerimento n. 40\/2021 da Sra. Alice Portugal que requer o a realiza\u00e7\u00e3o de audi\u00eancia p\u00fablica destinada a discutir o Projeto de Lei.\u00a0<\/span><\/p><p class=\"MsoNormal\" style=\"margin: 0cm 0cm 0cm 14.8pt;\"><span style=\"font-size: 12pt; line-height: 17.12px; font-family: Verdana, sans-serif;\">\u00a0<\/span><\/p><p class=\"MsoNormal\" style=\"text-align: justify; text-indent: -18pt; line-height: 16.48px; margin: 0cm 2.2pt 0.25pt 18pt;\"><span style=\"font-weight: bold;\"><span style=\"font-size: 12pt; line-height: 16.48px; font-family: Verdana, sans-serif; color: #835d00;\">5)<span style=\"font-variant-numeric: normal; font-variant-east-asian: normal; font-variant-alternates: normal; font-kerning: auto; font-optical-sizing: auto; font-feature-settings: normal; font-variation-settings: normal; font-weight: normal; font-stretch: normal; font-size: 7pt; line-height: normal; font-family: 'Times New Roman';\">\u00a0\u00a0<\/span><\/span><\/span><span style=\"font-weight: bold;\"><span style=\"font-size: 12pt; line-height: 16.48px; font-family: Verdana, sans-serif;\">PL n\u00b0 04282\/2016<\/span><\/span><span style=\"font-weight: bold;\"><span style=\"font-size: 12pt; line-height: 16.48px; font-family: Verdana, sans-serif; color: #333333;\">\u00a0&#8211; Regulamenta o exerc\u00edcio da atividade de Ioga\u00a0<\/span><\/span><span style=\"font-weight: bold;\"><span style=\"font-size: 12pt; line-height: 16.48px; font-family: Verdana, sans-serif;\">Autoria:<\/span><\/span><span style=\"font-size: 12pt; line-height: 16.48px; font-family: Verdana, sans-serif;\">\u00a0Deputado Federal\u00a0<span style=\"font-weight: bold;\">Carlos Bezerra<\/span>\u00a0Tramita\u00e7\u00e3o: 22\/04\/2021 &#8211;\u00a0<span style=\"font-weight: bold;\">CTASP &#8211;\u00a0<\/span>Trabalho, Administra\u00e7\u00e3o e Servi\u00e7o P\u00fablico Aguardando Designa\u00e7\u00e3o do Relator.\u00a0<\/span><\/p><p class=\"MsoNormal\" style=\"margin: 0cm 0cm 0.5pt 14.8pt;\"><span style=\"font-size: 12pt; line-height: 17.12px; font-family: Verdana, sans-serif;\">\u00a0<\/span><\/p><p class=\"MsoNormal\" style=\"text-align: justify; text-indent: -18pt; margin: 0cm 2.2pt 0cm 18pt;\"><span style=\"font-weight: bold;\"><span style=\"font-size: 12pt; line-height: 17.12px; font-family: Verdana, sans-serif; color: #835d00;\">6)<span style=\"font-variant-numeric: normal; font-variant-east-asian: normal; font-variant-alternates: normal; font-kerning: auto; font-optical-sizing: auto; font-feature-settings: normal; font-variation-settings: normal; font-weight: normal; font-stretch: normal; font-size: 7pt; line-height: normal; font-family: 'Times New Roman';\">\u00a0\u00a0<\/span><\/span><\/span><span style=\"font-weight: bold;\"><span style=\"font-size: 12pt; line-height: 17.12px; font-family: Verdana, sans-serif;\">PL n\u00b0 06379\/2019<\/span><\/span><span style=\"font-weight: bold;\"><span style=\"font-size: 12pt; line-height: 17.12px; font-family: Verdana, sans-serif; color: #333333;\">\u00a0&#8211; Disp\u00f5e sobre a regulamenta\u00e7\u00e3o da atividade profissional de musicoterapeuta<\/span><\/span><\/p><p class=\"MsoNormal\" style=\"text-align: right; text-indent: -0.5pt; line-height: 16.64px; margin: 0cm 2.35pt 0.25pt 0.5pt;\" align=\"right\"><span style=\"font-weight: bold;\"><span style=\"font-size: 12pt; line-height: 16.64px; font-family: Verdana, sans-serif;\">Autoria Deputada Federal Mar\u00edlia Arraes<\/span><\/span><span style=\"font-size: 12pt; line-height: 16.64px; font-family: Verdana, sans-serif;\">\u00a0Tramita\u00e7\u00e3o na\u00a0<span style=\"font-weight: bold;\">CSSF &#8211;<\/span>\u00a0Seguridade Social e Fam\u00edlia<span style=\"font-weight: bold;\">,\u00a0<\/span>Aprovado<\/span><\/p><p class=\"MsoNormal\" style=\"text-align: justify; line-height: 16.48px; margin: 0cm 2.4pt 0.25pt 18pt;\"><span style=\"font-size: 12pt; line-height: 16.48px; font-family: Verdana, sans-serif;\">Parecer\u00a0\u00a0\u00a0\u00a0\u00a0<\/span><\/p><p class=\"MsoNormal\" style=\"margin: 0cm 0cm 5.75pt 50.8pt;\"><span style=\"font-size: 12pt; line-height: 17.12px; font-family: Verdana, sans-serif;\">\u00a0<\/span><\/p><p class=\"MsoNormal\" style=\"text-align: justify; text-indent: 1pt; line-height: 16.8px; margin: 0cm 21.05pt 0cm 29.4pt;\"><span style=\"font-weight: bold;\"><span style=\"font-size: 16pt; line-height: 22.4px; font-family: Arial, sans-serif;\">&lt;&gt;\u00a0<\/span><\/span><span style=\"font-weight: bold;\"><u><span style=\"font-size: 20pt; line-height: 28px; font-family: Arial, sans-serif; color: red;\">Esteticista s\u00f3 pode atuar com<\/span><\/u><\/span><span style=\"font-weight: bold;\">\u00a0<\/span><span style=\"font-weight: bold;\"><span style=\"font-size: 20pt; line-height: 28px; font-family: Arial, sans-serif;\">Curso T\u00e9cnico de Est\u00e9tica e Curso Superior =\u00a0<\/span><\/span><span style=\"font-weight: bold;\"><u><span style=\"font-size: 20pt; line-height: 28px; font-family: Arial, sans-serif; color: red;\">Lei Federal\u00a0<\/span><\/u><\/span><span style=\"font-weight: bold;\"><u><span style=\"font-size: 20pt; line-height: 28px; color: red;\">n\u00ba 13.643 de 03\/04\/2018<\/span><\/u><\/span><span style=\"font-weight: bold;\"><span style=\"font-size: 20pt; line-height: 28px;\">\u00a0\u00a0 Que Regulamentou\u00a0<\/span><\/span><span style=\"font-size: 20pt; line-height: 28px;\">as profiss\u00f5es de Esteticista, que compreende o Esteticista e Cosmet\u00f3logo, e de T\u00e9cnico em Est\u00e9tica<\/span><span style=\"font-size: 20pt; line-height: 28px; color: maroon;\">.<\/span>\u00a0<span style=\"font-weight: bold;\"><span style=\"font-size: 16pt; line-height: 22.4px; font-family: Arial, sans-serif;\">Ap\u00f3s esta Lei os \u201ccursos livres\u201d de Est\u00e9tica n\u00e3o tem validade.<\/span><\/span><\/p><p class=\"MsoNormal\" style=\"margin-bottom: 0cm; text-align: center; line-height: normal;\" align=\"center\"><span style=\"font-weight: bold;\"><span style=\"font-size: 16pt; font-family: Arial, sans-serif;\">&lt;&gt;\u00a0<\/span><\/span><span style=\"font-weight: bold;\"><span style=\"font-size: 16pt; font-family: Arial, sans-serif; color: red;\">Massoterapia, Massagem, Quiropraxia, Acupuntura\u00a0<\/span><\/span><span style=\"font-weight: bold;\"><u><span style=\"font-size: 16pt; font-family: Arial, sans-serif;\">s\u00f3 tem validade para atuar<\/span><\/u><\/span><span style=\"font-weight: bold;\"><span style=\"font-size: 16pt; font-family: Arial, sans-serif;\">\u00a0com\u00a0<\/span><\/span><span style=\"font-weight: bold;\"><span style=\"font-size: 16pt; font-family: Arial, sans-serif; color: red;\">Curso Presencial<\/span><\/span><span style=\"font-weight: bold;\"><span style=\"font-size: 16pt; font-family: Arial, sans-serif;\">.<\/span><\/span><\/p><p class=\"MsoNormal\" style=\"text-align: center; margin: 0cm 0cm 3.75pt 11.5pt;\" align=\"center\"><span style=\"font-weight: bold;\"><span style=\"font-family: Arial, sans-serif;\">\u00a0<\/span><\/span><\/p><p class=\"MsoNormal\" style=\"text-align: center; text-indent: -0.5pt; margin: 0cm 0.15pt 0cm 8.7pt;\" align=\"center\"><span style=\"font-weight: bold;\"><span style=\"font-size: 16pt; line-height: 22.8267px; font-family: Arial, sans-serif;\">&lt;&gt;\u00a0<\/span><\/span><span style=\"font-weight: bold;\"><u><span style=\"font-size: 16pt; line-height: 22.8267px; font-family: Arial, sans-serif; color: red;\">Reconhecimento de cursos<\/span><\/u><\/span><span style=\"font-weight: bold;\"><span style=\"font-size: 16pt; line-height: 22.8267px; font-family: Arial, sans-serif;\">: S\u00f3 as Secretarias de Educa\u00e7\u00e3o podem autorizar.\u00a0<\/span><\/span><span style=\"font-weight: bold;\"><span style=\"font-size: 12px; line-height: 0; position: relative; vertical-align: baseline; bottom: -0.25em;\"><span style=\"font-size: 16pt; line-height: 22.8267px; font-family: 'Times New Roman', serif;\">\u00a0<\/span><\/span><\/span><\/p><p class=\"MsoNormal\" style=\"margin: 0cm 0cm 3.85pt 11.4pt;\"><span style=\"font-weight: bold;\">\u00a0<\/span><\/p><p class=\"MsoNormal\" style=\"line-height: normal; margin: 0cm 0cm 0cm 11.4pt;\"><span style=\"font-weight: bold;\"><span style=\"font-size: 16pt; font-family: Arial, sans-serif; color: #7030a0;\">Obs<\/span><\/span><span style=\"font-weight: bold;\"><span style=\"font-size: 16pt; font-family: Arial, sans-serif;\">.\u00a0<\/span><\/span><span style=\"font-weight: bold;\"><span style=\"font-size: 16pt; font-family: 'Times New Roman', serif; color: red;\">N\u00e3o existe\u00a0<\/span><\/span><span style=\"font-weight: bold;\"><span style=\"font-size: 16pt; font-family: 'Times New Roman', serif;\">MEI<\/span><\/span><span style=\"font-weight: bold;\"><span style=\"font-size: 16pt; font-family: 'Times New Roman', serif; color: red;\">\u00a0(Micro Empreendedor Individual)\u00a0<\/span><\/span><span style=\"font-weight: bold;\"><span style=\"font-size: 16pt; font-family: 'Times New Roman', serif;\">para<\/span><\/span><span style=\"font-weight: bold;\">\u00a0<\/span><span style=\"font-weight: bold;\"><span style=\"font-size: 16pt; font-family: Arial, sans-serif;\">Terapias Naturais, Integrativas, Complementares, hol\u00edsticas, naturologia, quiropraxia, acupuntura,\u00a0<\/span><\/span><span style=\"font-weight: bold;\"><span style=\"font-size: 16pt; font-family: 'Times New Roman', serif;\">Massoterapeutas\u00a0<\/span><\/span><span style=\"font-weight: bold;\"><span style=\"font-size: 16pt; font-family: Arial, sans-serif;\">etc.<\/span><\/span><span style=\"font-size: 16pt; font-family: 'Times New Roman', serif;\">.<\/span><\/p><p class=\"MsoNormal\" style=\"margin: 0cm 0cm 8.65pt 11.4pt;\"><span style=\"font-size: 14pt; line-height: 19.9733px; font-family: 'Times New Roman', serif;\">\u00a0<\/span><\/p><p class=\"MsoNormal\" style=\"margin: 0cm 0cm 0cm 15.4pt;\"><span style=\"font-weight: bold;\"><span style=\"font-size: 22pt; line-height: 31.3867px; font-family: Arial, sans-serif;\">&lt;&gt;\u00a0<\/span><\/span><span style=\"font-weight: bold;\"><u><span style=\"font-size: 22pt; line-height: 31.3867px; font-family: Arial, sans-serif; color: red;\">N\u00c3O EXISTE \u201cConselho Federal<\/span><\/u><\/span><span style=\"font-weight: bold;\"><span style=\"font-size: 22pt; line-height: 31.3867px; font-family: Arial, sans-serif; color: red;\">\u201d\u00a0<\/span><\/span><span style=\"font-weight: bold;\"><span style=\"font-size: 22pt; line-height: 31.3867px; font-family: Arial, sans-serif;\">ou \u201c<\/span><\/span><span style=\"font-weight: bold;\"><u><span style=\"font-size: 22pt; line-height: 31.3867px; font-family: Arial, sans-serif; color: red;\">\u00f3rg\u00e3o regulamentador<\/span><\/u><\/span><span style=\"font-weight: bold;\"><span style=\"font-size: 22pt; line-height: 31.3867px; font-family: Arial, sans-serif;\">\u201d<\/span><\/span><\/p><p class=\"MsoNormal\" style=\"text-indent: -38pt; line-height: 16.16px; margin: 0cm 0cm 0cm 80.8pt;\"><span style=\"font-size: 14pt; line-height: 18.8533px; font-family: Arial, sans-serif;\">\u201c<\/span><i><span style=\"font-size: 12px; line-height: 0; position: relative; vertical-align: baseline; bottom: -0.25em;\"><span style=\"font-size: 22pt; line-height: 29.6267px; font-family: Arial, sans-serif;\">os cr&#8230;.s<\/span><\/span><\/i><span style=\"font-size: 12px; line-height: 0; position: relative; vertical-align: baseline; bottom: -0.25em;\"><span style=\"font-size: 22pt; line-height: 29.6267px; font-family: Arial, sans-serif;\">\u201d<\/span><\/span><span style=\"font-weight: bold;\"><span style=\"font-size: 22pt; line-height: 29.6267px; font-family: Arial, sans-serif;\">\u00a0de Terapias Naturais, Integrativas, Complementares, hol\u00edsticas, naturologia, quiropraxia, acupuntura etc.<\/span><\/span><\/p><p class=\"MsoNormal\" style=\"text-align: center; margin: 0cm 0cm 6.65pt 10.65pt;\" align=\"center\"><span style=\"font-weight: bold;\"><span style=\"font-size: 8pt; line-height: 11.4133px; font-family: Arial, sans-serif;\">\u00a0<\/span><\/span><\/p><p class=\"MsoNormal\" style=\"text-align: center; text-indent: -0.5pt; margin: 0cm 0cm 0cm 8.7pt;\" align=\"center\"><span style=\"font-weight: bold;\"><span style=\"font-size: 16pt; line-height: 22.8267px; font-family: Arial, sans-serif; color: #7030a0;\">Obs<\/span><\/span><span style=\"font-weight: bold;\"><span style=\"font-size: 16pt; line-height: 22.8267px; font-family: Arial, sans-serif;\">.\u00a0<\/span><\/span><span style=\"font-weight: bold;\"><u><span style=\"font-size: 16pt; line-height: 22.8267px; font-family: Arial, sans-serif; color: red;\">Conselho Federal<\/span><\/u><\/span><span style=\"font-weight: bold;\">\u00a0<\/span><span style=\"font-weight: bold;\"><span style=\"font-size: 16pt; line-height: 22.8267px; font-family: Arial, sans-serif;\">s\u00f3 pode ser criado por Lei Federal e, at\u00e9 o momento n\u00e3o tem.<\/span><\/span><\/p><p class=\"MsoNormal\" style=\"text-align: center; margin: 0cm 0cm 1.95pt 10.6pt;\" align=\"center\"><span style=\"font-weight: bold;\"><span style=\"font-size: 9.5pt; line-height: 13.5533px;\">\u00a0<\/span><\/span><\/p><p class=\"MsoNormal\" style=\"text-align: center; text-indent: -0.5pt; line-height: 16.64px; margin: 0cm 0cm 0.25pt 8.5pt;\" align=\"center\"><span style=\"font-weight: bold;\"><span style=\"font-size: 12pt; line-height: 16.64px; font-family: Verdana, sans-serif;\">$ O nosso Dever moral e \u00c9tico, \u00e9 de informar a Categoria, trabalhando regularizado, unidos pela causa possamos reivindicar e exigir os nossos direitos de Trabalhadores pelas Leis do Brasil $<\/span><\/span><\/p><p class=\"MsoNormal\" style=\"text-align: center; margin: 0cm 0cm 0cm 12.55pt;\" align=\"center\"><span style=\"font-weight: bold;\"><span style=\"font-size: 12pt; line-height: 17.12px; font-family: Verdana, sans-serif; color: #525252;\">\u00a0<\/span><\/span><\/p><p class=\"MsoNormal\" style=\"text-align: justify; line-height: 16.48px; margin: 0cm 2.4pt 0.25pt 11.65pt;\"><span style=\"font-weight: bold;\"><u><span style=\"font-size: 12pt; line-height: 16.48px; font-family: Verdana, sans-serif; color: #525252;\">A FILIA\u00c7\u00c3O no SINATEN<\/span><\/u><\/span><span style=\"font-weight: bold;\"><span style=\"font-size: 12pt; line-height: 16.48px; font-family: Verdana, sans-serif;\">\u00a0\u00e9 volunt\u00e1ria e espont\u00e2nea<\/span><\/span><span style=\"font-size: 12pt; line-height: 16.48px; font-family: Verdana, sans-serif;\">\u00a0e pode ser feita no site:\u00a0<\/span><a href=\"http:\/\/www.sinaten.com.br\/\"><span style=\"font-weight: bold;\"><span style=\"font-size: 12pt; line-height: 16.48px; font-family: Verdana, sans-serif; color: blue;\">www.sinaten.com.br<\/span><\/span><\/a>\u00a0<span style=\"font-size: 12pt; line-height: 16.48px; font-family: Verdana, sans-serif;\">\u00a0no e-<\/span><\/p><p class=\"MsoNormal\" style=\"text-align: center; margin: 0cm 0cm 0cm 8.45pt;\" align=\"center\"><span style=\"font-size: 12pt; line-height: 17.12px; font-family: Verdana, sans-serif;\">mail:\u00a0<\/span><span style=\"font-weight: bold;\"><u><span style=\"font-size: 12pt; line-height: 17.12px; font-family: Verdana, sans-serif; color: blue;\">sinaten@sinaten.com.br<\/span><\/u><\/span><\/p><p class=\"MsoNormal\" style=\"text-align: center; margin: 0cm 0cm 0cm 12.55pt;\" align=\"center\"><span style=\"font-weight: bold;\"><span style=\"font-size: 12pt; line-height: 17.12px; font-family: Verdana, sans-serif; color: blue;\">\u00a0<\/span><\/span><\/p><p class=\"MsoNormal\" style=\"text-align: center; text-indent: -0.5pt; line-height: 16.64px; margin: 0cm 7.6pt 0.25pt 8.5pt;\" align=\"center\"><span style=\"font-weight: bold;\"><span style=\"font-size: 12pt; line-height: 16.64px; font-family: Verdana, sans-serif;\">Ap\u00f3s a efetiva\u00e7\u00e3o\u00a0<\/span><\/span><i><span style=\"font-size: 10pt; line-height: 13.8667px; font-family: Verdana, sans-serif;\">*<\/span><\/i><span style=\"font-weight: bold;\"><i>\u00a0<\/i><\/span><i><span style=\"font-size: 8pt; line-height: 11.0933px; font-family: Verdana, sans-serif;\">Com Certeza<\/span><\/i><i><span style=\"font-size: 10pt; line-height: 13.8667px; font-family: Verdana, sans-serif;\">*<\/span><\/i><span style=\"font-weight: bold;\"><span style=\"font-size: 12pt; line-height: 16.64px; font-family: Verdana, sans-serif;\">\u00a0receber\u00e1:\u00a0\u00a0<\/span><\/span>\u00a0<\/p><p class=\"MsoNormal\" style=\"text-indent: 197.85pt; line-height: 16.32px; margin: 0cm 129.35pt 0cm 152.05pt;\"><span style=\"font-weight: bold;\"><span style=\"font-size: 3pt; line-height: 4.08px; font-family: 'Clarendon BT', serif;\">\u00a0<\/span><\/span><span style=\"font-weight: bold;\"><span style=\"font-size: 12pt; line-height: 16.32px; font-family: 'Clarendon BT', serif; color: #0d594f;\">1)<\/span><\/span><span style=\"font-weight: bold;\">\u00a0<\/span><span style=\"font-weight: bold;\"><span style=\"font-size: 12pt; line-height: 16.32px; font-family: 'Clarendon BT', serif; color: #385723;\">CARTEIRA DE IDENTIFICA\u00c7\u00c3O DO TERAPEUTA NATURISTA\u00ae\u00a0<\/span><\/span><\/p><p class=\"MsoNormal\" style=\"text-indent: -125.75pt; line-height: 16.32px; margin: 0cm 132.15pt 0cm 154.4pt;\"><span style=\"font-weight: bold;\"><span style=\"font-size: 3pt; line-height: 4.08px; font-family: 'Clarendon BT', serif; color: #385723;\">\u00a0<\/span><\/span><span style=\"font-weight: bold;\"><span style=\"font-size: 12pt; line-height: 16.32px; font-family: 'Clarendon BT', serif; color: #0d594f;\">2)<\/span><\/span><span style=\"font-weight: bold;\">\u00a0<\/span><span style=\"font-weight: bold;\"><span style=\"font-size: 12pt; line-height: 16.32px; font-family: 'Clarendon BT', serif; color: #385723;\">O CERTIFICADO DE FILIA\u00c7\u00c3O DO TERAPEUTA NATURISTA\u00ae\u00a0<\/span><\/span><\/p><p class=\"MsoNormal\" style=\"margin: 0cm 0cm 10.25pt 11.4pt;\"><span style=\"font-weight: bold;\"><span style=\"font-size: 3pt; line-height: 4.28px; font-family: 'Clarendon BT', serif; color: #385723;\">\u00a0<\/span><\/span><\/p><p class=\"MsoNormal\" style=\"line-height: 16.32px; margin: 0cm 0cm 0cm 64.2pt;\"><span style=\"font-size: 12pt; line-height: 16.32px; font-family: 'Clarendon BT', serif; color: #0d594f;\">3)<\/span>\u00a0<span style=\"font-weight: bold;\"><span style=\"font-size: 12pt; line-height: 16.32px; font-family: 'Clarendon BT', serif; color: #385723;\">O C\u00d3DIGO DE \u00c9TICA DO TERAPEUTA NATURISTA\u00ae\u00a0<\/span><\/span><u><span style=\"font-size: 12pt; line-height: 16.32px; font-family: 'Clarendon BT', serif; color: red;\">\u00e9 o 1\u00ba no BRASIL elaborado h\u00e1 27 anos.<\/span><\/u>\u00a0<span style=\"font-size: 12pt; line-height: 16.32px; font-family: 'Clarendon BT', serif; color: #385723;\">\u00a0<\/span><\/p><p class=\"MsoNormal\" style=\"margin: 0cm 0cm 3.05pt 11.4pt;\"><span style=\"font-size: 8pt; line-height: 11.4133px; font-family: 'Clarendon BT', serif;\">\u00a0<\/span><\/p><p class=\"MsoNormal\" style=\"text-align: center; margin: 0cm 0cm 0cm 4.65pt;\" align=\"center\"><span style=\"font-size: 12pt; line-height: 17.12px; font-family: 'Clarendon BT', serif;\">E poder\u00e1<span style=\"font-weight: bold;\">:\u00a0<\/span><\/span><span style=\"font-weight: bold;\"><span style=\"font-size: 12pt; line-height: 17.12px; font-family: 'Clarendon BT', serif; color: #7030a0;\">1)\u00a0<\/span><\/span><span style=\"font-size: 12pt; line-height: 17.12px; font-family: 'Clarendon BT', serif; color: #0070c0;\">R<\/span><span style=\"font-weight: bold;\"><span style=\"font-size: 12pt; line-height: 17.12px; font-family: 'Clarendon BT', serif; color: #bf9000;\">eservar estadias nas Col\u00f4nias de F\u00e9rias conveniadas em v\u00e1rios locais no Brasil.\u00a0<\/span><\/span><\/p><p class=\"MsoNormal\" style=\"text-align: center; margin: 0cm 0cm 9.85pt 5.45pt;\" align=\"center\"><span style=\"font-weight: bold;\"><span style=\"font-size: 2pt; line-height: 2.85333px; font-family: 'Clarendon BT', serif; color: #bf9000;\">\u00a0<\/span><\/span><\/p><p class=\"MsoNormal\" style=\"text-align: center; margin: 0cm 0cm 0cm 0.8pt;\" align=\"center\"><span style=\"font-weight: bold;\"><span style=\"font-size: 12pt; line-height: 17.12px; font-family: 'Clarendon BT', serif; color: #7030a0;\">2)\u00a0<\/span><\/span><span style=\"font-size: 12pt; line-height: 17.12px; font-family: 'Clarendon BT', serif; color: #0070c0;\">F<\/span><span style=\"font-weight: bold;\"><span style=\"font-size: 12pt; line-height: 17.12px; font-family: 'Clarendon BT', serif; color: #bf9000;\">azer\u00a0<\/span><\/span><span style=\"font-weight: bold;\"><span style=\"font-size: 12pt; line-height: 17.12px; font-family: 'Clarendon BT', serif; color: #0070c0;\">o Seguros de Vida e Di\u00e1rias de Incapacidade Tempor\u00e1ria<\/span><\/span><span style=\"font-weight: bold;\"><span style=\"font-size: 12pt; line-height: 17.12px; font-family: 'Clarendon BT', serif; color: #bf9000;\">.<\/span><\/span><span style=\"font-weight: bold;\">\u00a0<\/span><i><span style=\"font-size: 9pt; line-height: 12.84px; font-family: 'Bookman Old Style', serif;\">Muito bom \u00e9 pouco<\/span><\/i><span style=\"font-weight: bold;\"><span style=\"font-size: 12pt; line-height: 17.12px; font-family: 'Clarendon BT', serif; color: #bf9000;\">\u00a0\u00a0<\/span><\/span><span style=\"font-weight: bold;\"><span style=\"font-family: 'Clarendon BT', serif; color: #bf9000;\">\u00a0<\/span><\/span><\/p><p class=\"MsoNormal\" style=\"text-align: center; margin: 0cm 0cm 0cm 10.7pt;\" align=\"center\"><span style=\"font-size: 10pt; line-height: 14.2667px;\">\u00a0<\/span><\/p><p class=\"MsoNormal\" style=\"margin: 0cm 0cm 10.45pt 11.4pt;\"><span style=\"font-weight: bold;\"><span style=\"font-size: 6pt; line-height: 8.56px; font-family: 'Times New Roman', serif;\">\u00a0<\/span><\/span><\/p><h4 style=\"font-family: Roboto, sans-serif; color: #003d08;\"><span style=\"font-size: 14pt; line-height: 19.9733px; color: #385723;\">FILIE-SE no SINATEN<\/span><u><span style=\"font-size: 11.5pt; line-height: 16.4067px; color: #385723; text-decoration-line: none;\">\u00a0\u00a0<\/span><\/u><u><span style=\"color: #1f497d; text-decoration-line: none;\">no site:\u00a0<\/span><\/u><a href=\"http:\/\/www.sinaten.com.br\/paginas\/filiacao\/filiese.php\"><span style=\"color: blue;\">http:\/\/www.sinaten.com.br\/paginas\/filiacao\/filiese.php<\/span><\/a><u><\/u><\/h4><p class=\"MsoNormal\" style=\"text-align: center; text-indent: -0.5pt; margin: 0cm 0cm 0cm 8.65pt;\" align=\"center\"><span style=\"font-size: 14pt; line-height: 19.9733px; font-family: 'Times New Roman', serif;\">E fa\u00e7a parte deste Trabalho que estamos fazendo desde do ano de 1.996 e unidos, teremos a regulamenta\u00e7\u00e3o da nossa<\/span><\/p><p class=\"MsoNormal\" style=\"text-align: center; text-indent: -0.5pt; margin: 0cm 0.15pt 2.25pt 8.65pt;\" align=\"center\"><span style=\"font-size: 14pt; line-height: 19.9733px; font-family: 'Times New Roman', serif;\">Profiss\u00e3o com Emprego e Trabalho seja na rede P\u00fablica ou na rede Privada para n\u00f3s e para as gera\u00e7\u00f5es futuras de<\/span><\/p><p class=\"MsoNormal\" style=\"margin-bottom: 0.5pt;\"><span style=\"font-weight: bold;\"><span style=\"font-size: 12px; line-height: 0; position: relative; vertical-align: baseline; bottom: -0.25em;\"><span style=\"font-size: 6pt; line-height: 8.56px; font-family: 'Times New Roman', serif;\">\u00a0\u00a0\u00a0\u00a0\u00a0\u00a0\u00a0\u00a0\u00a0\u00a0\u00a0\u00a0\u00a0\u00a0\u00a0\u00a0\u00a0\u00a0\u00a0\u00a0\u00a0\u00a0\u00a0\u00a0\u00a0\u00a0\u00a0\u00a0\u00a0\u00a0\u00a0\u00a0\u00a0\u00a0\u00a0\u00a0\u00a0\u00a0\u00a0\u00a0\u00a0\u00a0\u00a0\u00a0\u00a0\u00a0\u00a0\u00a0\u00a0\u00a0\u00a0\u00a0\u00a0\u00a0\u00a0\u00a0\u00a0\u00a0\u00a0\u00a0\u00a0\u00a0\u00a0\u00a0\u00a0\u00a0\u00a0\u00a0\u00a0\u00a0\u00a0\u00a0\u00a0\u00a0\u00a0\u00a0\u00a0\u00a0\u00a0\u00a0\u00a0\u00a0\u00a0\u00a0\u00a0\u00a0\u00a0\u00a0\u00a0\u00a0\u00a0\u00a0\u00a0\u00a0\u00a0\u00a0\u00a0\u00a0\u00a0\u00a0\u00a0\u00a0\u00a0\u00a0\u00a0\u00a0\u00a0\u00a0\u00a0\u00a0\u00a0\u00a0\u00a0\u00a0\u00a0\u00a0\u00a0\u00a0\u00a0\u00a0\u00a0\u00a0\u00a0\u00a0\u00a0\u00a0\u00a0\u00a0\u00a0\u00a0\u00a0\u00a0\u00a0\u00a0\u00a0\u00a0\u00a0\u00a0\u00a0\u00a0\u00a0\u00a0\u00a0\u00a0\u00a0\u00a0\u00a0\u00a0\u00a0\u00a0\u00a0\u00a0\u00a0\u00a0\u00a0\u00a0\u00a0\u00a0\u00a0\u00a0\u00a0\u00a0\u00a0\u00a0\u00a0\u00a0\u00a0\u00a0\u00a0\u00a0\u00a0\u00a0\u00a0\u00a0\u00a0\u00a0\u00a0\u00a0\u00a0\u00a0\u00a0\u00a0\u00a0\u00a0\u00a0\u00a0\u00a0\u00a0\u00a0\u00a0\u00a0\u00a0\u00a0\u00a0\u00a0\u00a0\u00a0\u00a0\u00a0\u00a0\u00a0\u00a0\u00a0\u00a0\u00a0\u00a0\u00a0\u00a0\u00a0\u00a0\u00a0\u00a0\u00a0\u00a0\u00a0\u00a0\u00a0\u00a0\u00a0\u00a0\u00a0\u00a0\u00a0\u00a0\u00a0\u00a0\u00a0\u00a0\u00a0\u00a0\u00a0\u00a0\u00a0\u00a0\u00a0\u00a0\u00a0\u00a0\u00a0\u00a0\u00a0\u00a0\u00a0\u00a0\u00a0\u00a0\u00a0\u00a0\u00a0\u00a0\u00a0\u00a0\u00a0\u00a0\u00a0\u00a0\u00a0\u00a0\u00a0\u00a0\u00a0\u00a0\u00a0\u00a0\u00a0\u00a0\u00a0\u00a0\u00a0\u00a0\u00a0\u00a0\u00a0\u00a0\u00a0\u00a0\u00a0\u00a0\u00a0\u00a0\u00a0\u00a0\u00a0\u00a0\u00a0\u00a0\u00a0\u00a0\u00a0\u00a0\u00a0\u00a0\u00a0\u00a0\u00a0\u00a0\u00a0\u00a0\u00a0\u00a0\u00a0\u00a0\u00a0\u00a0\u00a0\u00a0\u00a0\u00a0\u00a0\u00a0\u00a0\u00a0\u00a0\u00a0\u00a0\u00a0\u00a0\u00a0\u00a0\u00a0\u00a0\u00a0\u00a0\u00a0\u00a0\u00a0\u00a0\u00a0\u00a0\u00a0\u00a0\u00a0\u00a0\u00a0\u00a0\u00a0\u00a0\u00a0\u00a0\u00a0\u00a0\u00a0\u00a0\u00a0\u00a0\u00a0\u00a0\u00a0\u00a0\u00a0\u00a0\u00a0\u00a0\u00a0\u00a0\u00a0\u00a0\u00a0\u00a0\u00a0\u00a0\u00a0\u00a0\u00a0\u00a0\u00a0\u00a0\u00a0\u00a0\u00a0\u00a0\u00a0\u00a0\u00a0\u00a0\u00a0\u00a0\u00a0\u00a0\u00a0\u00a0\u00a0\u00a0\u00a0\u00a0\u00a0\u00a0<\/span><\/span><\/span><span style=\"font-size: 14pt; line-height: 19.9733px; font-family: 'Times New Roman', serif;\">Terapeutas Naturistas.<\/span><\/p><p class=\"MsoNormal\" style=\"text-align: center; text-indent: -0.5pt; margin: 0cm 0cm 0cm 8.85pt;\" align=\"center\"><span style=\"font-weight: bold;\"><span style=\"font-size: 9pt; line-height: 12.84px; font-family: 'Times New Roman', serif;\">**<\/span><\/span><span style=\"font-weight: bold;\"><span style=\"font-size: 9pt; line-height: 12.84px; font-family: Verdana, sans-serif;\">Somos guiados por Deus e Ele est\u00e1 entre N\u00f3s<\/span><\/span><span style=\"font-weight: bold;\"><span style=\"font-size: 9pt; line-height: 12.84px; font-family: 'Times New Roman', serif;\">**<\/span><\/span><\/p><p class=\"MsoNormal\" style=\"text-align: center; text-indent: -0.5pt; margin: 0cm 0cm 0cm 8.85pt;\" align=\"center\"><span style=\"font-weight: bold;\"><span style=\"font-size: 9pt; line-height: 12.84px; font-family: 'Times New Roman', serif;\">**<\/span><\/span><span style=\"font-weight: bold;\"><span style=\"font-size: 9pt; line-height: 12.84px; font-family: Verdana, sans-serif;\">E Deus nos ajudar\u00e1 em nossos objetivos<\/span><\/span><span style=\"font-weight: bold;\"><span style=\"font-size: 9pt; line-height: 12.84px; font-family: 'Times New Roman', serif;\">**\u00a0\u00a0<\/span><\/span><i><span style=\"font-size: 8pt; line-height: 11.4133px; font-family: 'Bookman Old Style', serif;\">Com Certeza<\/span><\/i><\/p><p class=\"MsoNormal\" style=\"margin: 0cm 0cm 14.7pt 11.4pt;\"><span style=\"font-size: 8pt; line-height: 11.4133px; font-family: 'Times New Roman', serif;\">\u00a0<\/span><\/p><h5 style=\"font-family: Roboto, sans-serif; color: #003d08;\"><span style=\"font-size: 10pt; line-height: 14.2667px; color: #26282a;\">\u00a0<\/span><span style=\"font-size: 20pt; line-height: 28.5333px; font-family: 'Times New Roman', serif;\">COVID-19 &#8211;\u00a0<\/span>Neste momento, conforme a declara\u00e7\u00e3o da Organiza\u00e7\u00e3o Mundial da Sa\u00fade (OMS) em<\/h5><p class=\"MsoNormal\" style=\"text-align: center; text-indent: -0.5pt; line-height: 16.16px; margin: 0cm 0cm 13.7pt 11.2pt;\" align=\"center\"><span style=\"font-weight: bold;\"><span style=\"font-size: 14pt; line-height: 18.8533px; font-family: Arial, sans-serif; color: red;\">11\/03\/2020 da pandemia global do Corona v\u00edrus e, seguindo orienta\u00e7\u00f5es do Minist\u00e9rio da Sa\u00fade<\/span><\/span><span style=\"font-weight: bold;\"><span style=\"font-size: 14pt; line-height: 18.8533px; font-family: 'Times New Roman', serif; color: red;\">, das determina\u00e7\u00f5es<\/span><\/span><span style=\"font-weight: bold;\">\u00a0<\/span><span style=\"font-weight: bold;\"><span style=\"font-size: 14pt; line-height: 18.8533px; font-family: 'Times New Roman', serif; color: red;\">das Secretarias de Sa\u00fade e\u00a0\u00a0 Vigil\u00e2ncias Sanit\u00e1rias,\u00a0<\/span><\/span><span style=\"font-weight: bold;\"><span style=\"font-size: 14pt; line-height: 18.8533px; font-family: Arial, sans-serif; color: red;\">dos Estados e Munic\u00edpios no Brasil sobre o CORONAV\u00cdRUS (COVID-19).<\/span><\/span><\/p><p class=\"MsoNormal\" style=\"text-align: center; margin: 0cm 0cm 12.85pt 7.95pt;\" align=\"center\"><span style=\"font-weight: bold;\"><u><span style=\"font-size: 14pt; line-height: 19.9733px; font-family: Arial, sans-serif; color: #00b050;\">O SINATEN &#8211; Sindicato Nacional dos Terapeutas Naturistas<\/span><\/u><\/span><\/p><p class=\"MsoNormal\" style=\"text-align: center; margin: 0cm 0cm 12.45pt 7.9pt;\" align=\"center\"><span style=\"font-weight: bold;\"><span style=\"font-size: 14pt; line-height: 19.9733px; font-family: Arial, sans-serif; color: #002060;\">RECOMENDA aos (as) PROFISSIONAIS TERAPEUTAS NATURISTAS:<\/span><\/span><\/p><p class=\"MsoNormal\" style=\"text-align: center; text-indent: -0.5pt; line-height: 16.16px; margin: 0cm 3.4pt 13.7pt 11.2pt;\" align=\"center\"><span style=\"font-weight: bold;\"><span style=\"font-size: 14pt; line-height: 18.8533px; font-family: Arial, sans-serif; color: red;\">&#8211; Que os profissionais reagendem seus atendimentos para clientes com 60 anos ou mais e para aqueles que fazem parte do grupo de risco para Coronav\u00edrus (COVID-19).<\/span><\/span><\/p><p class=\"MsoNormal\" style=\"text-align: center; text-indent: -0.5pt; line-height: 16.16px; margin: 0cm 10.7pt 13.7pt 11.2pt;\" align=\"center\"><span style=\"font-weight: bold;\"><span style=\"font-size: 14pt; line-height: 18.8533px; font-family: Arial, sans-serif; color: red;\">A utiliza\u00e7\u00e3o de Equipamentos de Prote\u00e7\u00e3o Individual (EPI) previne o cont\u00e1gio, tanto do profissional quanto ao propagar o v\u00edrus.<\/span><\/span><\/p><p class=\"MsoNormal\" style=\"margin-bottom: 0cm; text-align: center; line-height: 16.16px;\" align=\"center\"><span style=\"font-weight: bold;\"><u><span style=\"font-size: 14pt; line-height: 18.8533px; font-family: 'Times New Roman', serif; color: #7030a0;\">Em rela\u00e7\u00e3o a Vacina<\/span><\/u><\/span><span style=\"font-weight: bold;\">\u00a0<\/span><span style=\"font-weight: bold;\"><span style=\"font-size: 14pt; line-height: 18.8533px; font-family: 'Times New Roman', serif; color: red;\">&lt;&gt; Os Profissionais devem seguir as determina\u00e7\u00f5es<\/span><\/span><span style=\"font-weight: bold;\">\u00a0<\/span><span style=\"font-weight: bold;\"><span style=\"font-size: 14pt; line-height: 18.8533px; font-family: 'Times New Roman', serif; color: red;\">das Secretarias de Sa\u00fade e Vigil\u00e2ncias Sanit\u00e1rias.<\/span><\/span>\u00a0<span style=\"font-weight: bold;\"><span style=\"font-size: 12pt; line-height: 16.16px; font-family: 'Times New Roman', serif;\">\u00a0<\/span><\/span><\/p><p class=\"MsoNormal\" style=\"margin: 0cm 0cm 0cm 11.4pt;\"><span style=\"font-weight: bold;\"><span style=\"font-size: 14pt; line-height: 19.9733px; font-family: Arial, sans-serif; color: #5ea226;\">SUG 40 \/ 2019 &#8211; Regulamenta\u00e7\u00e3o da Psicoterapia<\/span><\/span><\/p><p class=\"MsoNormal\" style=\"text-indent: -0.5pt; line-height: 16.48px; margin: 0cm 0cm 0.25pt 11.15pt;\"><span style=\"font-size: 12pt; line-height: 16.48px;\">SENADO FEDERAL Secretaria &#8211; Geral da Mesa Secretaria de Comiss\u00f5es<\/span><\/p><p class=\"MsoNormal\" style=\"margin: 0cm 0cm 0cm 11.4pt;\"><span style=\"font-size: 12pt; line-height: 17.12px;\">ANEXO\u00a0\u00a0\u00a0<span style=\"font-weight: bold;\">Ideia Legislativa n\u00ba 123431<\/span><\/span><\/p><p class=\"MsoNormal\" style=\"text-indent: -0.5pt; line-height: 16.48px; margin: 0cm 0cm 0.25pt 11.15pt;\"><span style=\"font-size: 12pt; line-height: 16.48px;\">T\u00edtulo FICHA INFORMATIVA Regulamenta\u00e7\u00e3o da &#8220;Psicoterapia&#8221; como pr\u00e1tica privativa de Psic\u00f3logos com CRP ativo.\u00a0<\/span><\/p><p class=\"MsoNormal\" style=\"text-indent: -0.5pt; line-height: 16.48px; margin: 0cm 0cm 0.25pt 11.15pt;\"><span style=\"font-weight: bold;\">Descri\u00e7\u00e3o<\/span><span style=\"font-size: 12pt; line-height: 16.48px;\">: Atualmente no Brasil, qualquer pessoa com qualquer ou nenhuma forma\u00e7\u00e3o pode oferecer &#8220;Psicoterapia&#8221; como um servi\u00e7o e assim, pessoas com transtornos mentais podem ser seriamente prejudicadas por outras profiss\u00f5es que n\u00e3o tem o preparo adequado para cuidar de quest\u00f5es relativas \u00e0 sa\u00fade mental. (sic)<\/span><\/p><p class=\"MsoNormal\" style=\"text-indent: -0.5pt; line-height: 16.48px; margin: 0cm 0cm 0.25pt 11.15pt;\"><span style=\"font-weight: bold;\">Mais detalhes:\u00a0<\/span><span style=\"font-size: 12pt; line-height: 16.48px;\">Em diversos pa\u00edses, a &#8220;Psicoterapia&#8221; \u00e9 regulamentada como pr\u00e1tica privativa de Psic\u00f3logos. A psicoterapia que os psic\u00f3logos estudam e aplicam \u00e9 um procedimento baseado em evid\u00eancias cient\u00edficas, e \u00e9 mundialmente reconhecido como tratamento de primeira escolha para diversos transtornos mentais. Por isso, \u00e9 fundamental a inclus\u00e3o da &#8220;Psicoterapia&#8221;\u00a0<\/span><span style=\"font-size: 12pt; line-height: 16.48px; color: red;\">como pr\u00e1tica privativa dos psic\u00f3logos na lei<\/span><\/p><p class=\"MsoNormal\" style=\"text-indent: -0.5pt; line-height: 16.48px; margin: 0cm 0cm 0.25pt 11.15pt;\"><span style=\"font-size: 12pt; line-height: 16.48px; color: red;\">4.119\/62\u00a0<\/span><span style=\"font-size: 12pt; line-height: 16.48px;\">Identifica\u00e7\u00e3o do proponente Nome: Shaiana Lick Psicologia Data da publica\u00e7\u00e3o da ideia: 23\/05\/2019\u00a0<\/span><\/p><p class=\"MsoNormal\" style=\"margin: 0cm 0cm 0cm 11.4pt;\"><span style=\"font-size: 12pt; line-height: 17.12px;\">P\u00e1gina da Ideia Legislativa\u00a0<\/span><a href=\"https:\/\/www12.senado.leg.br\/ecidadania\/visualizacaoideia?id=123431\"><span style=\"font-size: 12pt; line-height: 17.12px; font-family: Arial, sans-serif; color: blue;\">https:\/\/www12.senado.leg.br\/ecidadania\/visualizacaoideia?id=123431<\/span><\/a>\u00a0<span style=\"font-size: 12pt; line-height: 17.12px; font-family: Arial, sans-serif; color: blue;\">\u00a0<\/span><span style=\"font-weight: bold;\"><span style=\"font-size: 12pt; line-height: 17.12px; font-family: Arial, sans-serif;\">Fonte:\u00a0<\/span><\/span><span style=\"font-size: 12pt; line-height: 17.12px;\">Senado Federal<\/span><\/p><p class=\"MsoNormal\" style=\"margin: 0cm 0cm 0.4pt 11.4pt;\"><span style=\"font-size: 12pt; line-height: 17.12px;\">\u00a0<\/span><\/p><p class=\"MsoNormal\" style=\"text-align: center; margin: 0cm 0cm 0cm 17pt;\" align=\"center\"><span style=\"font-weight: bold;\"><u><span style=\"font-size: 14pt; line-height: 19.9733px; font-family: 'Times New Roman', serif;\">SINATEN &#8211; Sindicato Nacional dos Terapeutas Naturistas.<\/span><\/u><\/span><\/p><p class=\"MsoNormal\" style=\"text-align: center; line-height: 16.16px; margin: 0cm 49.35pt 3.35pt 69.9pt;\" align=\"center\"><span style=\"font-weight: bold;\"><span style=\"font-size: 14pt; line-height: 18.8533px; font-family: 'Times New Roman', serif;\">Rua Dr. Neto de Ara\u00fajo, 397 A conj. 1\u00aa -Vila Mariana &#8211; S\u00e3o Paulo \/SP CEP: 04111-001 Telefone<i>:\u00a0<u>(11) 5575-5431<\/u>\u00a0e\u00a0<\/i><\/span><\/span><i><span style=\"font-size: 12pt; line-height: 16.16px; font-family: Verdana, sans-serif;\">wats:<\/span><\/i><span style=\"font-weight: bold;\"><i><span style=\"font-size: 14pt; line-height: 18.8533px; font-family: 'Times New Roman', serif;\">\u00a0(11) 95334-7061\u00a0 CNPJ:01.267.220\/0001-49<\/span><\/i><\/span><\/p><p class=\"MsoNormal\" style=\"margin: 0cm 0cm 0cm 161.65pt;\"><span style=\"font-size: 14pt; line-height: 19.9733px; font-family: 'Times New Roman', serif;\">Site:\u00a0<\/span><a href=\"http:\/\/www.sinaten.com.br\/\"><span style=\"font-weight: bold;\"><span style=\"font-size: 10pt; line-height: 14.2667px; font-family: 'Times New Roman', serif; color: blue;\">www.sinaten.com.br<\/span><\/span><\/a><span style=\"font-weight: bold;\">\u00a0<\/span><span style=\"font-size: 14pt; line-height: 19.9733px; font-family: 'Times New Roman', serif;\">\u00a0E-mail:\u00a0<\/span><span style=\"font-weight: bold;\"><u><span style=\"font-size: 10pt; line-height: 14.2667px; font-family: 'Times New Roman', serif; color: blue;\">sinaten@sinaten.com.br<\/span><\/u><\/span><span style=\"font-weight: bold;\"><span style=\"font-size: 10.5pt; line-height: 14.98px; font-family: 'Times New Roman', serif;\">\u00a0\u00a0<\/span><\/span><i><span style=\"font-size: 8pt; line-height: 11.4133px; font-family: 'Bookman Old Style', serif;\">Giotandi Luz Giotandi Vindin<\/span><\/i><i><\/i><\/p><p class=\"MsoNormal\" style=\"margin: 0cm 0cm 0cm 108.65pt;\"><i><span style=\"font-size: 8pt; line-height: 11.4133px; font-family: 'Times New Roman', serif;\">\u00a0\u00a0\u00a0\u00a0\u00a0\u00a0\u00a0\u00a0\u00a0\u00a0\u00a0\u00a0\u00a0<\/span><\/i><i><span style=\"font-size: 12px; line-height: 0; position: relative; vertical-align: baseline; bottom: -0.25em;\"><span style=\"font-size: 12pt; line-height: 17.12px; font-family: 'Times New Roman', serif;\">\u00a0<\/span><\/span><\/i><i><span style=\"font-size: 12pt; line-height: 17.12px; font-family: 'Times New Roman', serif;\">*O Conte\u00fado deste Boletim est\u00e1 Registrado\u00ae Todos os direitos reservados*<\/span><\/i><span style=\"font-weight: bold;\"><i><span style=\"font-size: 12pt; line-height: 17.12px; font-family: Arial, sans-serif;\">\u00a0\u00a0\u00a0\u00a0\u00a0\u00a0\u00a0\u00a0\u00a0\u00a0\u00a0\u00a0\u00a0\u00a0\u00a0\u00a0\u00a0\u00a0\u00a0\u00a0\u00a0\u00a0\u00a0\u00a0\u00a0\u00a0\u00a0\u00a0\u00a0\u00a0\u00a0<\/span><\/i><\/span><i><span style=\"font-size: 12pt; line-height: 17.12px; font-family: 'Times New Roman', serif;\">\u00a0<\/span><\/i><\/p><p class=\"MsoNormal\" style=\"margin: 0cm 0cm 16.55pt 11.4pt;\"><span style=\"font-weight: bold;\"><span style=\"font-size: 13pt; line-height: 18.5467px; font-family: 'Times New Roman', serif;\">\u00a0<\/span><\/span><\/p><p class=\"MsoNormal\" style=\"margin: 0cm 0cm 11.35pt 151.45pt;\"><span style=\"font-weight: bold;\"><span style=\"font-size: 17pt; line-height: 24.2533px; font-family: 'Times New Roman', serif; color: #1f497d;\">FILIE-SE\u00a0\u00a0<\/span><\/span><a href=\"http:\/\/www.sinaten.com.br\/paginas\/filiacao\/filiese.php\"><span style=\"font-weight: bold;\"><span style=\"font-size: 17pt; line-height: 24.2533px; font-family: 'Times New Roman', serif; color: blue;\">http:\/\/www.sinaten.com.br\/paginas\/filiacao\/filiese.php<\/span><\/span><\/a><\/p><p class=\"MsoNormal\" style=\"text-align: center; line-height: 16px; margin: 0cm 0cm 12.2pt 42.2pt;\" align=\"center\"><span style=\"font-weight: bold;\"><u><span style=\"font-size: 16pt; line-height: 21.3333px; font-family: Arial, sans-serif; color: #00b050;\">Terapeuta Naturista ao participar das atividades do Sindicato ir\u00e1 fortalecer e<\/span><\/u><\/span><span style=\"font-weight: bold;\"><span style=\"font-size: 16pt; line-height: 21.3333px; font-family: Arial, sans-serif; color: #00b050;\">\u00a0<u>promover o crescimento da categoria<\/u><\/span><\/span><u><span style=\"font-size: 16pt; line-height: 21.3333px; font-family: Arial, sans-serif; color: #00b050;\">.<\/span><\/u><\/p><p class=\"MsoNormal\" style=\"text-indent: -0.5pt; line-height: 17.92px; margin: 0cm 0cm 13.05pt 11.15pt;\"><span style=\"font-size: 14pt; line-height: 20.9067px; font-family: Arial, sans-serif; color: #26282a;\">\u00a0A palavra\u00a0<span style=\"font-weight: bold;\">sindicato<\/span>\u00a0tem origem no latim e no grego.\u00a0<\/span><span style=\"font-size: 10pt; line-height: 14.9333px; font-family: Arial, sans-serif; color: #26282a;\">\u00a0<\/span><\/p><p class=\"MsoNormal\" style=\"text-indent: -0.5pt; line-height: 32.16px; margin: 0cm 26.9pt 0cm 11.15pt;\"><span style=\"font-weight: bold;\"><span style=\"font-size: 14pt; line-height: 37.52px; font-family: Arial, sans-serif; color: #26282a;\">No grego, \u201csyn-dicos<\/span><\/span><span style=\"font-size: 14pt; line-height: 37.52px; font-family: Arial, sans-serif; color: #26282a;\">\u201d \u00e9 aquele que defende a justi\u00e7a.\u00a0<\/span><span style=\"font-size: 10pt; line-height: 26.8px; font-family: Arial, sans-serif; color: #26282a;\">\u00a0<\/span><span style=\"font-weight: bold;\"><span style=\"font-size: 14pt; line-height: 37.52px; font-family: Arial, sans-serif; color: #26282a;\">No latim, \u201csindicus\u201d<\/span><\/span><span style=\"font-size: 14pt; line-height: 37.52px; font-family: Arial, sans-serif; color: #26282a;\">\u00a0denominava o \u201cprocurador escolhido para defender os direitos de uma corpora\u00e7\u00e3o\u201d.<\/span><\/p><p class=\"MsoNormal\" style=\"text-indent: -0.5pt; line-height: 17.92px; margin: 0cm 0cm 13.05pt 11.15pt;\"><span style=\"font-size: 14pt; line-height: 20.9067px; font-family: Arial, sans-serif; color: #26282a;\">Est\u00e1 sempre relacionado a no\u00e7\u00e3o de defender e ser justo com uma certa coletividade Na\u00a0<\/span><a href=\"https:\/\/pt.wikipedia.org\/wiki\/Lei_de_Le_Chapelier\"><span style=\"font-family: Arial, sans-serif; color: blue;\">Lei de Le Chapelier<\/span><\/a><a href=\"https:\/\/pt.wikipedia.org\/wiki\/Lei_de_Le_Chapelier\"><span style=\"font-size: 14pt; line-height: 20.9067px; font-family: Arial, sans-serif; color: #26282a;\">,<\/span><\/a><span style=\"font-size: 14pt; line-height: 20.9067px; font-family: Arial, sans-serif; color: #26282a;\">\u00a0de julho de\u00a0<\/span><a href=\"https:\/\/pt.wikipedia.org\/wiki\/1791\"><span style=\"font-family: Arial, sans-serif; color: blue;\">1791<\/span><\/a><a href=\"https:\/\/pt.wikipedia.org\/wiki\/1791\"><span style=\"font-size: 14pt; line-height: 20.9067px; font-family: Arial, sans-serif; color: #26282a;\">.<\/span><\/a><span style=\"font-size: 14pt; line-height: 20.9067px; font-family: Arial, sans-serif; color: #26282a;\">\u00a0Fonte:\u00a0<\/span><a href=\"https:\/\/pt.wikipedia.org\/wiki\/Sindicato\"><span style=\"font-size: 10pt; line-height: 14.9333px; font-family: Arial, sans-serif; color: blue;\">https:\/\/pt.wikipedia.org\/wiki\/Sindicato<\/span><\/a>\u00a0<span style=\"font-size: 10pt; line-height: 14.9333px; font-family: Arial, sans-serif;\">\u00a0<\/span><\/p><p class=\"MsoNormal\" style=\"text-indent: -0.5pt; line-height: 17.92px; margin: 0cm 0cm 13.05pt 11.15pt;\"><span style=\"font-weight: bold;\"><span style=\"font-size: 14pt; line-height: 20.9067px; font-family: Arial, sans-serif; color: #26282a;\">O SINDICATO<\/span><\/span><span style=\"font-size: 14pt; line-height: 20.9067px; font-family: Arial, sans-serif; color: #26282a;\">\u00a0Trabalha pela melhoria das condi\u00e7\u00f5es de trabalho, as rela\u00e7\u00f5es trabalhistas, a remunera\u00e7\u00e3o dos profissionais (<i><u>entre o profissional e empregadores, que s\u00e3o os contratantes<\/u><\/i>) na defesa da classe<\/span>\u00a0<span style=\"font-size: 14pt; line-height: 20.9067px; font-family: Arial, sans-serif; color: #26282a;\">nas esferas judiciais e extrajudiciais, bem como perante as autoridades e poderes p\u00fablicos.\u00a0<\/span><span style=\"font-size: 12px; line-height: 0; position: relative; vertical-align: baseline; bottom: -0.25em;\"><span style=\"font-size: 14pt; line-height: 20.9067px; font-family: 'Times New Roman', serif; color: #1f497d;\">\u00a0<\/span><\/span><span style=\"font-size: 10pt; line-height: 14.9333px; font-family: Arial, sans-serif; color: #26282a;\">\u00a0<\/span><\/p><p class=\"MsoNormal\" style=\"text-indent: -0.5pt; line-height: 17.92px; margin: 0cm 0cm 18.55pt 11.15pt;\"><span style=\"font-size: 14pt; line-height: 20.9067px; font-family: Arial, sans-serif; color: #26282a;\">E garantindo os direitos trabalhistas previstos em lei e o cumprimento da CLT.\u00a0\u00a0<\/span><span style=\"font-weight: bold;\"><span style=\"font-size: 10pt; line-height: 14.9333px; font-family: Arial, sans-serif; color: #26282a;\">Ver:<\/span><\/span><span style=\"font-size: 10pt; line-height: 14.9333px; font-family: Arial, sans-serif; color: #26282a;\">\u00a0(art. 8\u00ba, incisos I \u00e0 VIII, e art. 150, VI, \u201cc\u201d).\u00a0<\/span><a href=\"http:\/\/www.planalto.gov.br\/\"><span style=\"font-size: 10pt; line-height: 14.9333px; font-family: Arial, sans-serif; color: blue;\">www.planalto.gov.br<\/span><\/a><\/p><p class=\"MsoNormal\" style=\"margin: 0cm 0cm 6.95pt 11.4pt;\"><span style=\"font-size: 10pt; line-height: 14.2667px; font-family: Arial, sans-serif; color: #26282a;\">\u00a0\u00a0<\/span><span style=\"font-weight: bold;\"><span style=\"font-size: 16pt; line-height: 22.8267px; font-family: Arial, sans-serif; color: #7030a0;\">Abra\u00e7os Terap\u00eauticos<\/span><\/span><span style=\"font-weight: bold;\"><span style=\"font-size: 12px; line-height: 0; position: relative; vertical-align: baseline; bottom: -0.25em;\"><span style=\"font-size: 16pt; line-height: 22.8267px; font-family: Arial, sans-serif;\">\u00ae<\/span><\/span><\/span><span style=\"font-weight: bold;\"><span style=\"font-size: 16pt; line-height: 22.8267px; font-family: Arial, sans-serif; color: #7030a0;\">, Diretoria ::\u00a0<\/span><\/span><span style=\"font-weight: bold;\"><span style=\"font-size: 16pt; line-height: 22.8267px; font-family: Arial, sans-serif; color: #1f497d;\">\u00a0<\/span><\/span><span style=\"font-weight: bold;\"><span style=\"font-size: 16pt; line-height: 22.8267px; font-family: Arial, sans-serif; color: #7030a0;\">Tel.: (11) 5575-5431.\u00a0<\/span><\/span><span style=\"font-size: 12px; line-height: 0; position: relative; vertical-align: baseline; bottom: -0.25em;\"><span style=\"font-size: 16pt; line-height: 22.8267px; font-family: Arial, sans-serif; color: #26282a;\">\u00a0<\/span><\/span><\/p><p class=\"MsoNormal\" style=\"line-height: 15.84px; margin: 0cm 0cm 14.15pt 11.4pt;\"><span style=\"font-size: 10pt; line-height: 13.2px; font-family: Arial, sans-serif; color: #26282a;\">\u00a0<\/span><span style=\"font-size: 10pt; line-height: 13.2px; font-family: Arial, sans-serif; color: #1f497d;\">\u00a0<\/span><span style=\"font-size: 10pt; line-height: 13.2px; font-family: Arial, sans-serif;\">&#8220;Esta mensagem, incluindo seus anexos, \u00e9 confidencial e seu conte\u00fado \u00e9 restrito ao destinat\u00e1rio da mensagem. Caso voc\u00ea a tenha recebido por engano, queira, por favor,<span style=\"font-weight: bold;\">\u00a0<\/span><\/span><span style=\"font-weight: bold;\"><span style=\"font-size: 10pt; line-height: 13.2px; font-family: Arial, sans-serif; color: red;\">retorn\u00e1-la ao destinat\u00e1rio\u00a0<u>informando o motivo<\/u>\u00a0<\/span><\/span><span style=\"font-weight: bold;\"><span style=\"font-size: 10pt; line-height: 13.2px; font-family: Arial, sans-serif;\">e apag\u00e1-la de seus arquivos<\/span><\/span><span style=\"font-size: 10pt; line-height: 13.2px; font-family: Arial, sans-serif;\">. \u00c9 expressamente proibido o uso n\u00e3o autorizado, replica\u00e7\u00e3o ou dissemina\u00e7\u00e3o da mesma. As opini\u00f5es contidas nesta mensagem e seus anexos n\u00e3o necessariamente refletem a opini\u00e3o do \u00f3rg\u00e3o emissor. Grato pela colabora\u00e7\u00e3o&#8221;.<\/span><\/p><p class=\"MsoNormal\" style=\"line-height: normal; margin: 0cm 0.1pt 15.15pt 11.4pt;\"><span style=\"font-size: 2pt; font-family: Arial, sans-serif;\">\u00a0<\/span><i><span style=\"font-size: 10pt; font-family: Arial, sans-serif;\">Y mensaje y sus associate tienen to car\u00e1cter confidential y is direcionada solamente al addressee. En case de haber recibido y mensaje por erro, por favor reenvielo al remittent y tenga\u00a0 amabilidad de eliminarlo de su (s) system (s). Cualquier utilizaci\u00f3n in sem authorizacion, replicaci\u00f3n I rediseminacion y mensaje por parte \u00e9l expresamente is prohibida. A company non se responsible por el contenido veracidad de y informaci\u00f3n.<\/span><\/i><\/p><p class=\"MsoNormal\" style=\"text-align: right; text-indent: -0.5pt; margin: 0cm -0.6pt 13.35pt 0.5pt;\" align=\"right\"><span style=\"font-size: 10.5pt; line-height: 14.98px; font-family: 'MS Mincho';\">\u3053\u306e\u4ef2\u9593\u306f\u6a5f\u5bc6<\/span><i><span style=\"font-size: 10pt; line-height: 14.2667px; font-family: Arial, sans-serif;\">y<\/span><\/i><span style=\"font-size: 10.5pt; line-height: 14.98px; font-family: 'MS Mincho';\">\u306b\u3088\u3063\u3066\u304c\u6307\u793a\u3055\u308c\u305f\u306e\u53d7\u4fe1\u4eba\u3067\u3042\u308b\u306b\u3002\u9593\u9055\u3044\u3001\u30b9\u30c6\u30e0<\/span><i><span style=\"font-size: 10pt; line-height: 14.2667px; font-family: Arial, sans-serif;\">(s)<\/span><\/i><span style=\"font-size: 10.5pt; line-height: 14.98px; font-family: 'MS Mincho';\">\u305d\u3053\u305f\u3081\u306e\u7bb1\u3053\u3002<\/span><i>\u00a0<\/i><span style=\"font-size: 10pt; line-height: 14.2667px; font-family: Arial, sans-serif; color: #26282a;\">\u00a0<\/span><\/p><p class=\"MsoNormal\" style=\"text-align: right; text-indent: -0.5pt; margin: 0cm -0.6pt 12.1pt 0.5pt;\" align=\"right\"><span style=\"font-size: 10.5pt; line-height: 14.98px; font-family: 'MS Mincho';\">\u627f\u8a8d\u3055\u308c\u305f\u3082\u305d\u308c\u3078\u306e\u3053\u306e\u306f\u306e\u4e00\u90e8\u5206\u3067\u3042\u308b\u3002\u306b\u4f1a\u793e\u3053\u306b\u8cac\u4efb\u304c\u3042\u308b\u4f5c\u308a\u306a\u3089\u3002<\/span><\/p><p class=\"MsoNormal\" style=\"text-align: right; line-height: 16px; margin: 0cm 3.05pt 17.55pt 16.2pt;\" align=\"right\"><i><span style=\"font-size: 10pt; line-height: 13.3333px; font-family: Arial, sans-serif;\">This message and the information transmitted are confidential, being intended only for the person or entity to which they are addressed. If you have received this message in error, please return it to the sender, and kindly delete this message from any computer. Any unauthorized use, replication or retransmission of this message or any part of it is expressly prohibited. The company is not responsible for the contents or truthfulness of this information.<\/span><\/i>\u00a0<span style=\"font-size: 10pt; line-height: 13.3333px; font-family: Arial, sans-serif; color: #26282a;\">\u00a0<\/span><\/p><p class=\"MsoNormal\" style=\"text-align: right; text-indent: -0.5pt; margin: 0cm -0.6pt 13.35pt 0.5pt;\" align=\"right\"><span style=\"font-size: 10.5pt; line-height: 14.98px; font-family: 'Microsoft JhengHei UI', sans-serif;\">\u8fd9\u4e2a<\/span><span style=\"font-size: 10.5pt; line-height: 14.98px; font-family: 'MS Mincho';\">\u540c\u4e8b\u00a0<\/span><span style=\"font-size: 10.5pt; line-height: 14.98px; font-family: 'Microsoft JhengHei UI', sans-serif;\">\u5bf9\u673a\u8981<\/span><i><span style=\"font-size: 10pt; line-height: 14.2667px; font-family: Arial, sans-serif;\">y<\/span><\/i><span style=\"font-size: 10.5pt; line-height: 14.98px; font-family: 'MS Mincho';\">\u662f\u88ab\u6307<\/span><span style=\"font-size: 10.5pt; line-height: 14.98px; font-family: 'Microsoft JhengHei UI', sans-serif;\">\u6325\u7684<\/span><span style=\"font-size: 10.5pt; line-height: 14.98px; font-family: 'MS Mincho';\">\u6536\u4fe1\u4eba\u7684\u3002<\/span><i>\u00a0<\/i><span style=\"font-size: 10.5pt; line-height: 14.98px; font-family: 'MS Mincho';\">\u76d2<\/span><span style=\"font-size: 10.5pt; line-height: 14.98px; font-family: 'Microsoft JhengHei UI', sans-serif;\">\u8fd9<\/span><i>\u00a0<\/i><span style=\"font-size: 10.5pt; line-height: 14.98px; font-family: 'Microsoft JhengHei UI', sans-serif;\">\u4e3a\u9519\u8bef\uff0c\u8bf7<\/span><i>\u00a0<\/i><span style=\"font-size: 10.5pt; line-height: 14.98px; font-family: 'MS Mincho';\">\u7cfb<\/span><span style=\"font-size: 10.5pt; line-height: 14.98px; font-family: 'Microsoft JhengHei UI', sans-serif;\">\u7edf<\/span><i>\u00a0<\/i><span style=\"font-size: 10.5pt; line-height: 14.98px; font-family: 'MS Mincho';\">\u90a3\u91cc<\/span><i><span style=\"font-size: 10pt; line-height: 14.2667px; font-family: Arial, sans-serif;\">Al<\/span><\/i><span style=\"font-size: 10.5pt; line-height: 14.98px; font-family: 'MS Mincho';\">\u5f1b<\/span><span style=\"font-size: 10.5pt; line-height: 14.98px; font-family: 'Microsoft JhengHei UI', sans-serif;\">\u5f20\u6027<\/span><i><span style=\"font-size: 10pt; line-height: 14.2667px; font-family: Arial, sans-serif;\">y\u00a0<\/span><\/i><span style=\"font-size: 10.5pt; line-height: 14.98px; font-family: 'MS Mincho';\">\u3002<\/span><i>\u00a0<\/i><span style=\"font-size: 10pt; line-height: 14.2667px; font-family: Arial, sans-serif; color: #26282a;\">\u00a0<\/span><\/p><p class=\"MsoNormal\" style=\"text-align: right; text-indent: -0.5pt; margin: 0cm -0.6pt 13.35pt 0.5pt;\" align=\"right\"><span style=\"font-size: 10.5pt; line-height: 14.98px; font-family: 'MS Mincho';\">\u5728\u6388<\/span><span style=\"font-size: 10.5pt; line-height: 14.98px; font-family: 'Microsoft JhengHei UI', sans-serif;\">\u6743\u4e00\u4e2a\uff0c\u8fd9\u5bf9\u5b83<\/span><i>\u00a0<\/i><span style=\"font-size: 10.5pt; line-height: 14.98px; font-family: 'MS Mincho';\">\u7684\u90e8\u5206\u662f\u3002\u90a3\u91cc\u516c\u53f8\uff0c\u5982\u679c\u724c\u5b50<\/span><span style=\"font-size: 10.5pt; line-height: 14.98px; font-family: 'Microsoft JhengHei UI', sans-serif;\">\u8d1f\u8d23\u4efb\u5bf9<\/span><\/p><p class=\"MsoNormal\" style=\"text-align: center; margin: 0cm 0cm 9.25pt 8.75pt;\" align=\"center\"><i><span style=\"font-size: 14pt; line-height: 19.9733px; font-family: Arial, sans-serif;\">*<\/span><\/i><span style=\"font-size: 14pt; line-height: 19.9733px; font-family: Arial, sans-serif;\">\u00a0<i>Os textos aqui publicados neste Boletim est\u00e1<\/i><span style=\"font-weight: bold;\">\u00a0<\/span><\/span><span style=\"font-weight: bold;\"><i><span style=\"font-size: 14pt; line-height: 19.9733px; font-family: Arial, sans-serif; color: #00b050;\">Registrado<\/span><\/i><\/span><span style=\"font-weight: bold;\"><i>\u00a0<\/i><\/span><span style=\"font-weight: bold;\"><span style=\"font-size: 14pt; line-height: 19.9733px; font-family: Arial, sans-serif; color: #00b050;\">\u00ae\u00a0<i>para o<\/i><\/span><\/span><span style=\"font-weight: bold;\"><i>\u00a0<\/i><\/span><span style=\"font-weight: bold;\"><i><span style=\"font-size: 14pt; line-height: 19.9733px; font-family: Arial, sans-serif; color: #00b050;\">SINATEN<\/span><\/i><\/span><span style=\"font-weight: bold;\">\u00a0<\/span><span style=\"font-weight: bold;\"><span style=\"font-size: 14pt; line-height: 19.9733px; font-family: Arial, sans-serif; color: #00b050;\">\u00ae<\/span><\/span><span style=\"font-weight: bold;\">\u00a0<\/span><span style=\"font-weight: bold;\"><span style=\"font-size: 10pt; line-height: 14.2667px; font-family: Arial, sans-serif;\">*<i>Todos os direitos reservados<\/i>*<\/span><\/span><\/p><p class=\"MsoNormal\" style=\"margin: 0cm 0cm 15.7pt 11.4pt;\"><span style=\"font-size: 1pt; line-height: 1.42667px; font-family: Arial, sans-serif; color: #26282a;\">\u00a0<\/span><span style=\"font-weight: bold;\"><span style=\"font-size: 10pt; line-height: 14.2667px; font-family: Arial, sans-serif; color: red;\">*Se quiser reproduzi-lo ou copiar \u00e9 preciso mencionar a fonte:<\/span><\/span><span style=\"font-weight: bold;\"><i>\u00a0<\/i><\/span><span style=\"font-weight: bold;\"><i><span style=\"font-size: 10pt; line-height: 14.2667px; font-family: Arial, sans-serif; color: #00b050;\">SINATEN<\/span><\/i><\/span><span style=\"font-weight: bold;\"><span style=\"font-size: 10pt; line-height: 14.2667px; font-family: Arial, sans-serif;\">\u00a0\u00ae<\/span><\/span><span style=\"font-weight: bold;\"><span style=\"font-size: 10pt; line-height: 14.2667px; font-family: Arial, sans-serif; color: red;\">*<\/span><\/span><span style=\"font-weight: bold;\">\u00a0<\/span><span style=\"font-size: 10pt; line-height: 14.2667px; font-family: Arial, sans-serif;\">conforme a Lei Federal n\u00ba 9.610 de 19\/02\/1998<span style=\"font-weight: bold;\">.\u00a0<\/span><\/span><span style=\"font-size: 10pt; line-height: 14.2667px; font-family: Arial, sans-serif; color: #26282a;\">\u00a0<\/span><\/p><p class=\"MsoNormal\" style=\"margin: 0cm 0cm 1.65pt 11.4pt;\"><span style=\"font-family: Arial, sans-serif; color: #26282a;\">*<\/span>Nossas publica\u00e7\u00f5es e divulga\u00e7\u00f5es atendem \u00e0s exig\u00eancias da Lei Geral de Prote\u00e7\u00e3o de Dados (Lei Federal n\u00ba 13.709\/2018) e Lei do Marco Civil da<\/p><p class=\"MsoNormal\" style=\"margin: 0cm 0cm 0cm 11.4pt;\">Internet (Lei Federal n\u00ba 12.965\/2014).\u00a0<i><span style=\"font-size: 12pt; line-height: 17.12px;\">Boletim est\u00e1 Registrado\u00ae Todos os direitos reservados*<\/span><\/i><span style=\"font-weight: bold;\"><i><span style=\"font-size: 12pt; line-height: 17.12px; font-family: Arial, sans-serif;\">\u00a0\u00a0\u00a0\u00a0\u00a0\u00a0\u00a0\u00a0\u00a0\u00a0\u00a0\u00a0\u00a0\u00a0\u00a0\u00a0\u00a0\u00a0\u00a0\u00a0\u00a0\u00a0\u00a0\u00a0\u00a0\u00a0\u00a0\u00a0\u00a0\u00a0\u00a0<\/span><\/i><\/span><i><span style=\"font-size: 12pt; line-height: 17.12px;\">\u00a0<\/span><\/i><\/p><\/div>\n\t\t\t\t\t\t\t\t\t<div class=\"elementor-tab-title elementor-tab-mobile-title\" aria-selected=\"false\" data-tab=\"5\" role=\"tab\" tabindex=\"-1\" aria-controls=\"elementor-tab-content-3615\" aria-expanded=\"false\">Boletim 36<\/div>\n\t\t\t\t\t<div id=\"elementor-tab-content-3615\" class=\"elementor-tab-content elementor-clearfix\" data-tab=\"5\" role=\"tabpanel\" aria-labelledby=\"elementor-tab-title-3615\" tabindex=\"0\" hidden=\"hidden\"><h1 id=\"titulopagina\">O TERAPEUTA\u00ae n\u00ba 36<\/h1><p align=\"center\"><strong>BOLETIM n\u00ba 36 \/ 2020<\/strong><\/p><p><strong>\u00a0<\/strong><em><strong>O INFORMATIVO do SINATEN &#8211; SINDICATO NACIONAL DOS TERAPEUTAS NATURISTAS.<\/strong><\/em><\/p><p align=\"center\"><strong>EDITAL DE CONVOCA\u00c7\u00c2O ELEI\u00c7\u00d5ES SINDICAIS<\/strong><\/p><div><p>O Presidente do Sindicato Nacional dos Terapeutas Naturistas &#8211; SINATEN CNPJ: 01.267.220\/0001-49 no uso das atribui\u00e7\u00f5es legais e no Estatuto Social em vigor convoca a Categoria dos Trabalhadores os Profissionais Terapeutas Naturistas e os Associados deste Sindicato, a participarem das ELEI\u00c7\u00d5ES nos dias 15 e 16 de Abril de 2020 das 09h \u00e0s 17h na Rua Dr. Neto de Ara\u00fajo, 397A,conj.1A, Vila Mariana &#8211; S\u00e3o Paulo &#8211; SP; Para a composi\u00e7\u00e3o: da Diretoria, do Conselho Fiscal, dos respectivos Suplentes e dos Delegados representantes na Federa\u00e7\u00e3o e Confedera\u00e7\u00e3o, para o mandato de 04 (quatro) anos de 17\/04\/2020 a 16\/04\/2024; O prazo para registro de Chapas \u00e9 de 10 (dez) dias da publica\u00e7\u00e3o deste Edital; O prazo para Impugna\u00e7\u00e3o de Candidatos \u00e9 de 05 (cinco) dias da publica\u00e7\u00e3o da rela\u00e7\u00e3o das Chapas; A Secretaria funcionar\u00e1 de 2\u00aa a 6\u00aa feiras das 09h \u00e0s 17h; N\u00e3o atingindo o Qu\u00f3rum na 1\u00aa vota\u00e7\u00e3o ser\u00e1 realizada a 2\u00aa vota\u00e7\u00e3o no dia 16 de Maio de 2020 na sede das 09h \u00e0s 17h, que ser\u00e1 v\u00e1lida com qualquer n\u00famero de eleitores presente. Este Edital de convoca\u00e7\u00e3o das Elei\u00e7\u00f5es Publicado no Jornal: Di\u00e1rio Oficial da Uni\u00e3o, no Jornal Estado de S\u00e3o Paulo no Boletim O Terapeuta n\u00ba 36 e afixado na sede do Sindicato Nacional dos Terapeutas Naturistas &#8211; SINATEN. S\u00e3o Paulo &#8211; Brasil, 2 de Mar\u00e7o de 2020\u00a0 Milton Alves dos Santos<\/p><\/div><p><strong>Publicado\u00a0<\/strong><strong>no\u00a0<\/strong><strong>Di\u00e1rio Oficial da Uni\u00e3o &#8211; Edi\u00e7\u00e3o:42, Se\u00e7\u00e3o:3, P\u00e1g. 169 e no Jornal Estado de S\u00e3o Paulo,\u00a0<\/strong><strong>B8\u00a0<\/strong><strong>Economia\u00a0<\/strong><strong>dia\u00a0<\/strong><strong>03\/03\/2020.<\/strong><\/p><p><strong>Conforme Consta No Estatuto Social em vigor<\/strong><strong>:<\/strong><\/p><p>No\u00a0<strong>Artigo<\/strong>\u00a0<strong>6\u00ba S\u00e3o Direitos dos Associados<\/strong><strong>:\u00a0<\/strong>Participar das Assembleias Gerais, podendo fazer uso da palavra, votar e ser votado para os cargos eletivos do Sindicato bem como das representa\u00e7\u00f5es da categoria profissional;<\/p><p>No\u00a0<strong>Artigo<\/strong>\u00a0<strong>7\u00ba S\u00e3o Deveres dos Associados<\/strong><strong>:<\/strong>\u00a0<strong>Itens: a)\u00a0<\/strong>Respeitar as normas deste Estatuto Social, o C\u00f3digo de \u00c9tica e o Regimento Eleitoral e acatar as decis\u00f5es da Diretoria e das Assembleias Gerais; comparecer \u00e0s Assembleias Gerais e \u00e0s Reuni\u00f5es para a qual for convocado.\u00a0<strong>d)\u00a0<\/strong>Votar nas elei\u00e7\u00f5es Sindicais e ser votado, desde que cumpridas os demais deveres de s\u00f3cio.\u00a0<strong>e)\u00a0<\/strong>E n\u00e3o Votar nas Elei\u00e7\u00f5es poder\u00e1 ter multa de at\u00e9 20% do valor da anuidade.\u00a0<\/p><p>No\u00a0<strong>Artigo<\/strong>\u00a0<strong>41\u00ba<\/strong>Qualquer pessoa integrante da Categoria representada pelo Sindicato,\u00a0<strong>que esteja quite com suas contribui\u00e7\u00f5es sociais do Sindicato, e cumpra os requisitos exigidos por estas normas<\/strong>, poder\u00e1 formar e registrar chapa pr\u00f3pria para concorrer ao pleito eleitoral<strong>.<\/strong><\/p><p><strong>a)<\/strong>\u00a0<strong>&#8211;<\/strong>\u00a0Cada Chapa\u00a0dever\u00e1 conter o total de candidatos e mencionando os cargos que poder\u00e3o ocupar para: Diretoria, Conselho Fiscal, Delegados e Suplentes;<\/p><p><strong>b) &#8211;<\/strong>\u00a0O Registro da Chapa\u00a0ser\u00e1 requerido ao Presidente do Sindicato, por qualquer candidato integrante da Chapa e ser\u00e1 instru\u00eddo com os seguintes documentos:\u00a0<strong>1<\/strong>&#8211;\u00a0Ficha de Qualifica\u00e7\u00e3o, modelo aprovado pela Diretoria do Sinaten;\u00a0<strong>2\u00a0<\/strong>&#8211;\u00a0Prova do Associado\u00a0contar com mais de 1 (um) ano de exerc\u00edcios da profiss\u00e3o, mais de 06 (seis) meses como Associado do Sindicato e ser maior de 18 (dezoito) anos;\u00a0<strong>3<\/strong>\u00a0<strong>&#8211;<\/strong>\u00a0Estar o Candidato quite com os cofres do Sindicato\u00a0e no gozo dos Direitos Pol\u00edticos e Sociais, bem como n\u00e3o estar sendo condenado na Justi\u00e7a Criminal;<\/p><p><strong>c)<\/strong>\u00a0<strong>&#8211;<\/strong>\u00a0N\u00e3o ser\u00e1 aceita\u00a0ficha de qualifica\u00e7\u00e3o que n\u00e3o esteja preenchida com todos os dados especificados, excluindo-se da chapa o requerido candidato.<\/p><p><strong>d) &#8211;\u00a0<\/strong>ORequerimento de registro de chapa\u00a0ser\u00e1 indeferido, se n\u00e3o vier acompanhado dos respectivos documentos especificados neste artigo.<\/p><p><strong>e) &#8211;\u00a0<\/strong>O requerente, juntar\u00e1 ao requerimento duas c\u00f3pias desta documenta\u00e7\u00e3o que o acompanha.<\/p><p><strong>f)<\/strong>. O Presidente do Sindicato entregar\u00e1 ao requerente, o recibo comprovando a entrega dos requerimentos e documentos.<\/p><p>No\u00a0<strong>Artigo 42\u00ba<\/strong>\u00a0O\u00a0registro das Chapas\u00a0ser\u00e1 feito na Secret\u00e1ria do Sindicato, em expediente normal, de 8 (oito) horas nos dias \u00fateis, e no prazo previsto no Edital de Convoca\u00e7\u00e3o.<\/p><p><strong>a)<\/strong>\u00a0<strong>Ser\u00e1 Negado o Registro da Chapa que:<\/strong>\u00a0<strong>1<\/strong>&#8211; N\u00e3o cumprir o disposto nos par\u00e1grafos do Artigo anterior; e n\u00e3o estiver acompanhada da documenta\u00e7\u00e3o necess\u00e1ria.\u00a0<strong>2-<\/strong>\u00a0For apresentada fora do prazo previsto no Edital de Convoca\u00e7\u00f5es das Elei\u00e7\u00f5es.<\/p><p>\u00a0<strong>Contamos com a colabora\u00e7\u00e3o do (a) estimado (a) Colega, a tua participa\u00e7\u00e3o nesta Elei\u00e7\u00e3o \u00e9 importante para podermos continuar trabalhando para a Profiss\u00e3o de Terapeuta Naturista<\/strong>.<\/p><p>Dia 03 de mar\u00e7o de 2020 &#8211; Atenciosamente,\u00a0 Milton Alves dos Santos &#8211; Presidente.<\/p><p><strong>\u00a0<\/strong><\/p><p align=\"center\"><strong>Atividades da Diretoria do SINATEN<\/strong><\/p><p><strong>\u00a0<\/strong><\/p><p>Estamos acompanhando com dedica\u00e7\u00e3o para a regulamenta\u00e7\u00e3o da Profiss\u00e3o de Terapeuta Naturista, na\u00a0<strong>C\u00e2mara dos Deputados<\/strong>\u00a0e no\u00a0<strong>Senado Federal\u00a0<\/strong>em Bras\u00edlia \/DF os andamentos destes Projetos de Lei:<\/p><p><strong>PROJETOS DE LEIS NO SENADO FEDERAL\u00a0<\/strong>&gt;\u00a0<strong>PLS n\u00ba 101 de 2018<\/strong>\u00a0&#8211; Regulamenta a profiss\u00e3o de Psicanalista. Autor: Senador Telm\u00e1rio Mota;<\/p><p><strong>PLS n\u00ba 00174 de 2017<\/strong>\u00a0<strong>&#8211;\u00a0<\/strong>Regulamenta o exerc\u00edcio da profiss\u00e3o de Terapeuta Naturista.\u00a0 Autor: Senador Telm\u00e1rio Mota;<\/p><p><strong>PLS n\u00ba 00013 de 2016<\/strong>\u00a0<strong>&#8211;\u00a0<\/strong>Regulamenta o exerc\u00edcio da profiss\u00e3o de Massoterapeuta.\u00a0 Autor: Senador Randolfe Rodrigues.\u00a0\u00a0\u00a0<\/p><p><strong>PROJETOS DE LEIS NA C\u00c2MARA FEDERAL\u00a0<\/strong>&gt;\u00a0<strong>PL-03804\/2012<\/strong><strong>\u00a0&#8211; Regulamenta a profiss\u00e3o de Natur\u00f3logo.<\/strong><strong>\u00a0\u00a0<\/strong>Autor: Deputado Giovani Cherini;\u00a0<strong>\u00a0<\/strong><\/p><p><strong>PL-01549\/2003<\/strong>\u00a0<strong>&#8211; Disciplina o exerc\u00edcio profissional de Acupuntura e determina outras provid\u00eancias.<\/strong><strong>\u00a0<\/strong>Autor: Deputado Celso Russomanno<strong>;<\/strong><\/p><p><strong>PL-06959\/2010<\/strong><strong>\u00a0&#8211;\u00a0<\/strong>Disp\u00f5e sobre a regulamenta\u00e7\u00e3o da profiss\u00e3o de Terapeuta Naturista. Autor: CLP &#8211; Comiss\u00e3o de Participa\u00e7\u00e3o Legislativa;\u00a0<strong>\u00a0<\/strong><\/p><p><strong>PL-04282\/2016<\/strong><strong>\u00a0&#8211;\u00a0<\/strong>Regulamenta o exerc\u00edcio da atividade de Ioga.\u00a0\u00a0 Autor: Deputado Carlos Bezerra;\u00a0<\/p><p><strong>Projeto de Lei N\u00ba 4087\/2015 &#8211;\u00a0<\/strong>Regulamenta a Profiss\u00e3o de Terapeuta Naturalista e outros e d\u00e1 outras provid\u00eancias Autor: Deputado Marcelo \u00c1lvaro Ant\u00f4nio;\u00a0<strong>\u00a0<\/strong><\/p><p><strong>Projeto de Lei N\u00ba 114 de 2015<\/strong>\u00a0&#8211; Regulamenta a Profiss\u00e3o de Quiropraxista. Autor: Deputado Alceu Moreira;\u00a0<\/p><p align=\"center\"><strong>AO ASSOCIAR-SE NO SINATEN, VOC\u00ca RECEBER\u00c1<\/strong>:<\/p><table cellspacing=\"0\" cellpadding=\"0\"><tbody><tr><td><div><p align=\"center\"><strong>I \u2013 A CARTEIRA de IDENTIFICA\u00c7\u00c3O do TERAPEUTA<\/strong>\u00ae<strong>;<\/strong><\/p><p align=\"center\"><strong>II \u2013 O<\/strong>\u00a0<strong>CERTIFICADO<\/strong>\u00a0<strong>de FILIA\u00c7\u00c3O<\/strong>\u00ae\u00a0<strong>com as especialidades\/<\/strong>\u00a0<strong>T\u00e9cnicas<\/strong><\/p><p align=\"center\"><strong>III \u2013 O C\u00d3DIGO de \u00c9TICA,<\/strong>\u00a0\u00ae<strong>\u00a0com Validade em todo o BRASIL.<\/strong><\/p><p align=\"center\">E-mail:\u00a0<a href=\"mailto:sinaten@sinaten.com.br\">sinaten@sinaten.com.br<\/a>\u00a0\u00a0 Site: www.sinaten.com.br\u00a0\u00a0<\/p><p align=\"center\">\u00a0<\/p><\/div><\/td><\/tr><\/tbody><\/table><div><p align=\"center\"><strong>SINATEN &#8211; Sindicato Nacional dos Terapeutas Naturistas.<\/strong><\/p><p align=\"center\"><strong>Rua: Dr. Neto de Ara\u00fajo, 397 A conj. 1A\u2013Vila Mariana \u2013S\u00e3o Paulo \u2013SP.<\/strong><\/p><p align=\"center\"><strong>CEP: 04111-001\u2013 Tel\/Fax<em>: (011) 5575-5431\u00a0&#8211;\u00a0 CNPJ:01.267.220\/0001-49<\/em><\/strong><\/p><p align=\"center\">E-mail:\u00a0<a href=\"mailto:sinaten@sinaten.com.br\">sinaten@sinaten.com.br<\/a>\u00a0\u00a0\u00a0\u00a0 Site: www.sinaten.com.b<\/p><\/div><\/div>\n\t\t\t\t\t\t\t<\/div>\n\t\t<\/div>\n\t\t\t\t\t\t<\/div>\n\t\t\t\t<\/div>\n\t\t\t\t\t<\/div>\n\t\t<\/div>\n\t\t\t\t\t<\/div>\n\t\t<\/section>\n\t\t\t\t<\/div>\n\t\t","protected":false},"excerpt":{"rendered":"<p>Sindicato Nacional dos Terapeutas Naturistas Boletim 41 Boletim 40 Boletim 39 Boletim 37 Boletim 36 Boletim 41 \u00a0 O TERAPEUTA\u00ae BOLETIM N\u00ba 41 \/2026 O INFORMATIVO DO SINATEN SINDICATO NACIONAL DOS TERAPEUTAS NATURISTAS. A FILIA\u00c7\u00c3O no SINATEN \u00e9 volunt\u00e1ria e espont\u00e2nea pode ser feita no Telefone: (11) 5575-5431 e WhatsApp: (11) 99473-0570 E-mail: sinaten@sinaten.com.br ou [&hellip;]<\/p>\n","protected":false},"author":1,"featured_media":0,"parent":0,"menu_order":0,"comment_status":"closed","ping_status":"closed","template":"elementor_canvas","meta":{"footnotes":""},"class_list":["post-115","page","type-page","status-publish","hentry"],"_links":{"self":[{"href":"https:\/\/sinaten.com.br\/index.php\/wp-json\/wp\/v2\/pages\/115","targetHints":{"allow":["GET"]}}],"collection":[{"href":"https:\/\/sinaten.com.br\/index.php\/wp-json\/wp\/v2\/pages"}],"about":[{"href":"https:\/\/sinaten.com.br\/index.php\/wp-json\/wp\/v2\/types\/page"}],"author":[{"embeddable":true,"href":"https:\/\/sinaten.com.br\/index.php\/wp-json\/wp\/v2\/users\/1"}],"replies":[{"embeddable":true,"href":"https:\/\/sinaten.com.br\/index.php\/wp-json\/wp\/v2\/comments?post=115"}],"version-history":[{"count":27,"href":"https:\/\/sinaten.com.br\/index.php\/wp-json\/wp\/v2\/pages\/115\/revisions"}],"predecessor-version":[{"id":330,"href":"https:\/\/sinaten.com.br\/index.php\/wp-json\/wp\/v2\/pages\/115\/revisions\/330"}],"wp:attachment":[{"href":"https:\/\/sinaten.com.br\/index.php\/wp-json\/wp\/v2\/media?parent=115"}],"curies":[{"name":"wp","href":"https:\/\/api.w.org\/{rel}","templated":true}]}}